{"id":9738,"date":"2022-03-03T16:54:35","date_gmt":"2022-03-03T14:54:35","guid":{"rendered":"https:\/\/inkubaator.tallinn.ee\/?post_type=events&#038;p=9738"},"modified":"2022-04-04T11:10:30","modified_gmt":"2022-04-04T09:10:30","slug":"melt-2022","status":"publish","type":"events","link":"https:\/\/inkubaator.tallinn.ee\/en\/events\/melt-2022\/","title":{"rendered":"MELT 2022"},"content":{"rendered":"<div class=\"kvgmc6g5 cxmmr5t8 oygrvhab hcukyx3x c1et5uql\">\n<p><strong>MELT innovatsioonifoorum \u2013 koosloome on innovatsiooni v\u00f5ti<\/strong><\/p>\n<p>12. aprillil toimub Tallinna Kultuurikatlas igakevadine tulevikku vaatav innovatsioonifoorum, kus t\u00e4navu keskendutakse ettev\u00f5tete arengut toetava koost\u00f6\u00f6 ja koosloome erinevatele tahkudele.\u00a0<\/p>\n<figure class=\"wp-block-table is-style-regular\">\n<table style=\"width: 100%;\">\n<tbody>\n<tr>\n<td style=\"width: 5.9322%;\">9.20<\/td>\n<td style=\"width: 93.6826%;\"><strong>Avashow ja Tallinna abilinnapea Joosep Vimmi tervitus<\/strong><\/td>\n<\/tr>\n<tr>\n<td style=\"width: 5.9322%;\">9.30-10.20<\/td>\n<td style=\"width: 93.6826%;\"><strong>Peaesineja:\u00a0<a href=\"https:\/\/melt.ee\/antoni-lacinai-rootsi\/\">Antoni Lacinai<\/a>\/ Rootsi\u00a0<em>(inglise keeles)<\/em><\/strong><\/td>\n<\/tr>\n<tr>\n<td style=\"width: 5.9322%;\">10.20-11.00<\/td>\n<td style=\"width: 93.6826%;\"><strong>Paneel\u00a0 \u2013\u00a0 \u00a0Modereerib Johannes Tralla\u00a0<em>(eesti keeles)<\/em>\u00a0Koosloome on innovatsiooni v\u00f5ti<br \/>\n<\/strong><br \/>\n<em><a href=\"https:\/\/melt.ee\/luukas-kristjan-ilves\/\">Luukas Kristjan Ilves<\/a>, Majandus- ja Kommunikatsiooniministeeriumi digiarengu asekantsler<br \/>\n<a href=\"https:\/\/melt.ee\/indrek-orav\/\">Indrek Orav<\/a>, Teadus- ja \u00e4rilinnak Tehnopol tegevjuht<\/em><br \/>\n<em><a href=\"https:\/\/melt.ee\/anu-ruul\/\">Anu Ruul<\/a>, innovatsiooniprotsessi konsultant ja lektor<br \/>\n<a href=\"https:\/\/melt.ee\/alar-kuusik\/\">Alar Kuusik<\/a>, Tehisintellekti- ja robootikakeskuse AIRE ekspert, Taltech vanemteadur<br \/>\n<\/em><\/td>\n<\/tr>\n<tr>\n<td style=\"width: 5.9322%;\">11.15-12.00<\/td>\n<td style=\"width: 93.6826%;\"><strong>Tallinna Loomeinkubaator esitleb: Kellega peab loovettev\u00f5tja koost\u00f6\u00f6d tegema, et homme edukas olla? Modereerib Anna Pihl<\/strong><em><br \/>\n<a href=\"https:\/\/melt.ee\/siim-karro\/\">Siim Karro<\/a>\u00a0, Myceen kaasasutaja<br \/>\n<a href=\"https:\/\/melt.ee\/piret-puppart\/\">Piret Puppart<\/a>, Cervo Volante kaasasutaja, EKA moeosakonna juhataja<br \/>\n<a href=\"https:\/\/melt.ee\/astrid-laupmaa\/\">Astrid Laupmaa<\/a>, kanvas.ai kaasasutaja ja CEO<\/em><\/td>\n<\/tr>\n<tr>\n<td style=\"width: 5.9322%;\">12.00-12.45<\/td>\n<td style=\"width: 93.6826%;\"><strong>Tallinna Loomeinkubaator esitleb: Kuidas luua edukas ringne teenus? Modereerib Anna Pihl<\/strong><br \/>\n<em><a href=\"https:\/\/melt.ee\/katariina-papp\/\">Katarina Papp<\/a>, Ringkarp asutaja<br \/>\n<a href=\"https:\/\/melt.ee\/indrek-adler\/\">Indrek Adler<\/a>, Foxway m\u00fc\u00fcgidirektor<br \/>\n<a href=\"https:\/\/melt.ee\/agnes-jurison\/\">Agnes J\u00fcrison<\/a>, Materjalivoog, kliendikogemus ja turundus<\/em><\/td>\n<\/tr>\n<tr>\n<td style=\"width: 5.9322%;\">12.45-13.45<\/td>\n<td style=\"width: 93.6826%;\">L\u00f5unapaus ja expoala k\u00fclastus<\/td>\n<\/tr>\n<tr>\n<td style=\"width: 5.9322%;\">13.45-14.30<\/td>\n<td style=\"width: 93.6826%;\"><strong>Tallinna ettev\u00f5tluskeskus esitleb: K\u00f5ik ei ole kuld, mis hiilgab. Millal j\u014duda \u00f5ige \u00e4ratundmiseni? Modereerib Johannes Tralla<\/strong><br \/>\n<em><a href=\"https:\/\/melt.ee\/markus-haal\/\">Markus H\u00e4\u00e4l<\/a>, Wolfscape asutaja ja tegevjuht<br \/>\n<a href=\"https:\/\/melt.ee\/taavi-kotka\/\">Taavi Kotka<\/a>, insener, investor ja iduettev\u00f5tte Koos asutaja<br \/>\n<a href=\"https:\/\/melt.ee\/ander-soorumaa\/\">Ander S\u00f5\u00f5rumaa<\/a>, Occo asutaja ja tegevjuht<\/em><\/td>\n<\/tr>\n<tr>\n<td style=\"width: 5.9322%;\">14.30-15.15<\/td>\n<td style=\"width: 93.6826%;\"><strong>Tallinna ettev\u00f5tluskeskus esitleb: Kas koost\u00f6\u00f6 on Eestis v\u00f5imatu? Faktid v\u00e4idavad vastupidist. Modereerib Johannes Tralla<\/strong><br \/>\n<em><a href=\"https:\/\/melt.ee\/aleks-koha\/\">Aleks Koha<\/a>, Promoty asutaja<br \/>\n<a href=\"https:\/\/melt.ee\/jane-kaljulaid\/\">Jane Kaljulaid<\/a>, Jane Kaerajook asutaja<br \/>\n<a href=\"https:\/\/melt.ee\/rudolf-gustav-hanni\/\">Rudolf-Gustav Hanni<\/a>, Pagerr asutaja<\/em><\/td>\n<\/tr>\n<tr>\n<td style=\"width: 5.9322%;\">15.30-16.15<\/td>\n<td style=\"width: 93.6826%;\"><strong>Teadus- ja \u00e4rilinnak Tehnopol esitleb: KRATT tehnoloogiad: kuidas teha tooteid tulevikukindlaks? Modereerib Johannes Tralla<br \/>\n<\/strong><br \/>\n<em><a href=\"https:\/\/melt.ee\/jaan-kraav\/\">Jaan Kraav<\/a>, Tarmeko Spoon tootmisdirektor<br \/>\n<a href=\"https:\/\/melt.ee\/egon-leego\/\">Egon Leego<\/a>, CompuAccess tootejuht<br \/>\n<a href=\"https:\/\/melt.ee\/lauri-antalainen\/\">Lauri Antalainen<\/a>, Digiwise tegevjuht<br \/>\n<a href=\"https:\/\/melt.ee\/martin-gorosko\/\">Martin Goro\u0161ko<\/a>, Teadus- ja \u00e4rilinnak Tehnopol \u00e4riarendusjuht<\/em><\/td>\n<\/tr>\n<tr>\n<td style=\"width: 5.9322%;\">16.15-17.00<\/td>\n<td style=\"width: 93.6826%;\"><strong>Teadus- ja \u00e4rilinnak Tehnopol esitleb: Kuidas riskantseid turge riskantsetes oludes taask\u00e4ivitada? Modereerib Johannes Tralla<br \/>\n<\/strong><em><br \/>\n<a href=\"https:\/\/melt.ee\/katrin-liivat\/\">Katrin Liivat<\/a>, Fooddocs asutaja<br \/>\n<a href=\"https:\/\/melt.ee\/andi-hektor\/\">Andi Hektor<\/a>, Gscan asutaja ja juhatuse liige<br \/>\n<a href=\"https:\/\/melt.ee\/baldur-kubo\/\">Baldur Kubo<\/a>, Cybernetica projektijuht<\/em><\/td>\n<\/tr>\n<tr>\n<td style=\"width: 5.9322%;\">17.00-19.00<\/td>\n<td style=\"width: 93.6826%;\"><strong><a href=\"https:\/\/melt.ee\/afterworks-ja-networking\/\">Afterworks ja networking<\/a><\/strong><br \/>\n<em>MELTi tiheda programmi l\u00f5petab afterworks suures katelde saalis. M\u00f5nusas atmosf\u00e4\u00e4ris saab vahetada muljeid konverentsil kuuldust ja n\u00e4htust, suhelda ettev\u00f5tjatega ning esinejatega ja tutvuda l\u00e4hemalt ekspoala osalejatega.\u00a0<br \/>\nMeeleolu hoiab \u00fcleval DJ Tom Lilienthal, kerged suupisted. P\u00e4eva v\u00f5tab meeleolukalt kokku Jan Uusp\u00f5ld.\u00a0 Tule ja saa teiste osalejatega l\u00e4hemalt tuttavaks!<br \/>\n\u00a0<br \/>\nKohtume 12. aprillil Tallinna Kultuurikatlas!<\/em><\/td>\n<\/tr>\n<\/tbody>\n<\/table>\n<\/figure>\n<\/div>\n<div>\u00a0<\/div>\n<div class=\"cxmmr5t8 oygrvhab hcukyx3x c1et5uql o9v6fnle\">T\u00e4navune MELT innovatsioonifoorum valmib Tallinna ettev\u00f5tluskeskuse poolt koost\u00f6\u00f6s Tallinna Loomeinkubaatori ning Tallinna teadus- ja \u00e4rilinnakuga Tehnopol.<\/div>\n<div class=\"cxmmr5t8 oygrvhab hcukyx3x c1et5uql o9v6fnle\">Programm ja registreerumine\u00a0 <a class=\"oajrlxb2 g5ia77u1 qu0x051f esr5mh6w e9989ue4 r7d6kgcz rq0escxv nhd2j8a9 nc684nl6 p7hjln8o kvgmc6g5 cxmmr5t8 oygrvhab hcukyx3x jb3vyjys rz4wbd8a qt6c0cv9 a8nywdso i1ao9s8h esuyzwwr f1sip0of lzcic4wl gpro0wi8 py34i1dx\" tabindex=\"0\" role=\"link\" href=\"http:\/\/www.melt.ee\/?fbclid=IwAR33m3InH2UmH0z2w1-YZj56XbT02j8RzMfB-jF_R4VQtm83gSpaEKeJjk0\" target=\"_blank\" rel=\"nofollow noopener\">www.melt.ee<\/a><\/div>\n","protected":false},"featured_media":9785,"template":"","meta":{"_acf_changed":false},"event-category":[],"class_list":["post-9738","events","type-events","status-publish","has-post-thumbnail","hentry"],"acf":[],"yoast_head":"<!-- This site is optimized with the Yoast SEO plugin v27.4 - https:\/\/yoast.com\/product\/yoast-seo-wordpress\/ -->\n<title>MELT 2022 - Tallinna Ettev\u00f5tlusinkubaator<\/title>\n<meta name=\"robots\" content=\"index, follow, max-snippet:-1, max-image-preview:large, max-video-preview:-1\" \/>\n<link rel=\"canonical\" href=\"https:\/\/inkubaator.tallinn.ee\/sundmused\/melt-2022\/\" \/>\n<meta property=\"og:locale\" content=\"en_US\" \/>\n<meta property=\"og:type\" content=\"article\" \/>\n<meta property=\"og:title\" content=\"MELT 2022 - Tallinna Ettev\u00f5tlusinkubaator\" \/>\n<meta property=\"og:description\" content=\"MELT innovatsioonifoorum \u2013 koosloome on innovatsiooni v\u00f5ti 12. aprillil toimub Tallinna Kultuurikatlas igakevadine tulevikku vaatav innovatsioonifoorum, kus t\u00e4navu keskendutakse ettev\u00f5tete arengut toetava koost\u00f6\u00f6 ja koosloome erinevatele tahkudele.\u00a0 9.20 Avashow ja Tallinna abilinnapea Joosep Vimmi tervitus 9.30-10.20 Peaesineja:\u00a0Antoni Lacinai\/ Rootsi\u00a0(inglise keeles) 10.20-11.00 Paneel\u00a0 \u2013\u00a0 \u00a0Modereerib Johannes Tralla\u00a0(eesti keeles)\u00a0Koosloome on innovatsiooni v\u00f5ti Luukas Kristjan Ilves, Majandus- ja Kommunikatsiooniministeeriumi digiarengu asekantsler Indrek Orav, Teadus- ja \u00e4rilinnak Tehnopol tegevjuht Anu Ruul, innovatsiooniprotsessi konsultant ja lektor Alar Kuusik, Tehisintellekti- ja robootikakeskuse AIRE ekspert, Taltech vanemteadur 11.15-12.00 Tallinna Loomeinkubaator esitleb: Kellega peab loovettev\u00f5tja koost\u00f6\u00f6d tegema, et homme edukas olla? Modereerib Anna Pihl Siim Karro\u00a0, Myceen kaasasutaja\u2026\" \/>\n<meta property=\"og:url\" content=\"https:\/\/inkubaator.tallinn.ee\/sundmused\/melt-2022\/\" \/>\n<meta property=\"og:site_name\" content=\"Tallinna Ettev\u00f5tlusinkubaator\" \/>\n<meta property=\"article:modified_time\" content=\"2022-04-04T09:10:30+00:00\" \/>\n<meta property=\"og:image\" content=\"https:\/\/inkubaator.tallinn.ee\/wp-content\/uploads\/2022\/03\/275459024_1298573170621846_7059701042093253916_n.jpeg\" \/>\n\t<meta property=\"og:image:width\" content=\"2048\" \/>\n\t<meta property=\"og:image:height\" content=\"1072\" \/>\n\t<meta property=\"og:image:type\" content=\"image\/jpeg\" \/>\n<meta name=\"twitter:card\" content=\"summary_large_image\" \/>\n<meta name=\"twitter:label1\" content=\"Est. reading time\" \/>\n\t<meta name=\"twitter:data1\" content=\"2 minutes\" \/>\n<script type=\"application\/ld+json\" class=\"yoast-schema-graph\">{\"@context\":\"https:\\\/\\\/schema.org\",\"@graph\":[{\"@type\":\"WebPage\",\"@id\":\"https:\\\/\\\/inkubaator.tallinn.ee\\\/sundmused\\\/melt-2022\\\/\",\"url\":\"https:\\\/\\\/inkubaator.tallinn.ee\\\/sundmused\\\/melt-2022\\\/\",\"name\":\"MELT 2022 - Tallinna Ettev\u00f5tlusinkubaator\",\"isPartOf\":{\"@id\":\"https:\\\/\\\/inkubaator.tallinn.ee\\\/#website\"},\"primaryImageOfPage\":{\"@id\":\"https:\\\/\\\/inkubaator.tallinn.ee\\\/sundmused\\\/melt-2022\\\/#primaryimage\"},\"image\":{\"@id\":\"https:\\\/\\\/inkubaator.tallinn.ee\\\/sundmused\\\/melt-2022\\\/#primaryimage\"},\"thumbnailUrl\":\"https:\\\/\\\/inkubaator.tallinn.ee\\\/wp-content\\\/uploads\\\/2022\\\/03\\\/275459024_1298573170621846_7059701042093253916_n.jpeg\",\"datePublished\":\"2022-03-03T14:54:35+00:00\",\"dateModified\":\"2022-04-04T09:10:30+00:00\",\"breadcrumb\":{\"@id\":\"https:\\\/\\\/inkubaator.tallinn.ee\\\/sundmused\\\/melt-2022\\\/#breadcrumb\"},\"inLanguage\":\"en-US\",\"potentialAction\":[{\"@type\":\"ReadAction\",\"target\":[\"https:\\\/\\\/inkubaator.tallinn.ee\\\/sundmused\\\/melt-2022\\\/\"]}]},{\"@type\":\"ImageObject\",\"inLanguage\":\"en-US\",\"@id\":\"https:\\\/\\\/inkubaator.tallinn.ee\\\/sundmused\\\/melt-2022\\\/#primaryimage\",\"url\":\"https:\\\/\\\/inkubaator.tallinn.ee\\\/wp-content\\\/uploads\\\/2022\\\/03\\\/275459024_1298573170621846_7059701042093253916_n.jpeg\",\"contentUrl\":\"https:\\\/\\\/inkubaator.tallinn.ee\\\/wp-content\\\/uploads\\\/2022\\\/03\\\/275459024_1298573170621846_7059701042093253916_n.jpeg\",\"width\":2048,\"height\":1072},{\"@type\":\"BreadcrumbList\",\"@id\":\"https:\\\/\\\/inkubaator.tallinn.ee\\\/sundmused\\\/melt-2022\\\/#breadcrumb\",\"itemListElement\":[{\"@type\":\"ListItem\",\"position\":1,\"name\":\"Home\",\"item\":\"https:\\\/\\\/inkubaator.tallinn.ee\\\/\"},{\"@type\":\"ListItem\",\"position\":2,\"name\":\"MELT 2022\"}]},{\"@type\":\"WebSite\",\"@id\":\"https:\\\/\\\/inkubaator.tallinn.ee\\\/#website\",\"url\":\"https:\\\/\\\/inkubaator.tallinn.ee\\\/\",\"name\":\"Tallinna Ettev\u00f5tlusinkubaator\",\"description\":\"Loo enda edulugu\",\"publisher\":{\"@id\":\"https:\\\/\\\/inkubaator.tallinn.ee\\\/#organization\"},\"potentialAction\":[{\"@type\":\"SearchAction\",\"target\":{\"@type\":\"EntryPoint\",\"urlTemplate\":\"https:\\\/\\\/inkubaator.tallinn.ee\\\/?s={search_term_string}\"},\"query-input\":{\"@type\":\"PropertyValueSpecification\",\"valueRequired\":true,\"valueName\":\"search_term_string\"}}],\"inLanguage\":\"en-US\"},{\"@type\":\"Organization\",\"@id\":\"https:\\\/\\\/inkubaator.tallinn.ee\\\/#organization\",\"name\":\"Tallinna Ettev\u00f5tlusinkubaator\",\"url\":\"https:\\\/\\\/inkubaator.tallinn.ee\\\/\",\"logo\":{\"@type\":\"ImageObject\",\"inLanguage\":\"en-US\",\"@id\":\"https:\\\/\\\/inkubaator.tallinn.ee\\\/#\\\/schema\\\/logo\\\/image\\\/\",\"url\":\"https:\\\/\\\/inkubaator.tallinn.ee\\\/wp-content\\\/uploads\\\/2024\\\/08\\\/favicon.webp\",\"contentUrl\":\"https:\\\/\\\/inkubaator.tallinn.ee\\\/wp-content\\\/uploads\\\/2024\\\/08\\\/favicon.webp\",\"width\":512,\"height\":512,\"caption\":\"Tallinna Ettev\u00f5tlusinkubaator\"},\"image\":{\"@id\":\"https:\\\/\\\/inkubaator.tallinn.ee\\\/#\\\/schema\\\/logo\\\/image\\\/\"}}]}<\/script>\n<!-- \/ Yoast SEO plugin. -->","yoast_head_json":{"title":"MELT 2022 - Tallinna Ettev\u00f5tlusinkubaator","robots":{"index":"index","follow":"follow","max-snippet":"max-snippet:-1","max-image-preview":"max-image-preview:large","max-video-preview":"max-video-preview:-1"},"canonical":"https:\/\/inkubaator.tallinn.ee\/sundmused\/melt-2022\/","og_locale":"en_US","og_type":"article","og_title":"MELT 2022 - Tallinna Ettev\u00f5tlusinkubaator","og_description":"MELT innovatsioonifoorum \u2013 koosloome on innovatsiooni v\u00f5ti 12. aprillil toimub Tallinna Kultuurikatlas igakevadine tulevikku vaatav innovatsioonifoorum, kus t\u00e4navu keskendutakse ettev\u00f5tete arengut toetava koost\u00f6\u00f6 ja koosloome erinevatele tahkudele.\u00a0 9.20 Avashow ja Tallinna abilinnapea Joosep Vimmi tervitus 9.30-10.20 Peaesineja:\u00a0Antoni Lacinai\/ Rootsi\u00a0(inglise keeles) 10.20-11.00 Paneel\u00a0 \u2013\u00a0 \u00a0Modereerib Johannes Tralla\u00a0(eesti keeles)\u00a0Koosloome on innovatsiooni v\u00f5ti Luukas Kristjan Ilves, Majandus- ja Kommunikatsiooniministeeriumi digiarengu asekantsler Indrek Orav, Teadus- ja \u00e4rilinnak Tehnopol tegevjuht Anu Ruul, innovatsiooniprotsessi konsultant ja lektor Alar Kuusik, Tehisintellekti- ja robootikakeskuse AIRE ekspert, Taltech vanemteadur 11.15-12.00 Tallinna Loomeinkubaator esitleb: Kellega peab loovettev\u00f5tja koost\u00f6\u00f6d tegema, et homme edukas olla? Modereerib Anna Pihl Siim Karro\u00a0, Myceen kaasasutaja\u2026","og_url":"https:\/\/inkubaator.tallinn.ee\/sundmused\/melt-2022\/","og_site_name":"Tallinna Ettev\u00f5tlusinkubaator","article_modified_time":"2022-04-04T09:10:30+00:00","og_image":[{"width":2048,"height":1072,"url":"https:\/\/inkubaator.tallinn.ee\/wp-content\/uploads\/2022\/03\/275459024_1298573170621846_7059701042093253916_n.jpeg","type":"image\/jpeg"}],"twitter_card":"summary_large_image","twitter_misc":{"Est. reading time":"2 minutes"},"schema":{"@context":"https:\/\/schema.org","@graph":[{"@type":"WebPage","@id":"https:\/\/inkubaator.tallinn.ee\/sundmused\/melt-2022\/","url":"https:\/\/inkubaator.tallinn.ee\/sundmused\/melt-2022\/","name":"MELT 2022 - Tallinna Ettev\u00f5tlusinkubaator","isPartOf":{"@id":"https:\/\/inkubaator.tallinn.ee\/#website"},"primaryImageOfPage":{"@id":"https:\/\/inkubaator.tallinn.ee\/sundmused\/melt-2022\/#primaryimage"},"image":{"@id":"https:\/\/inkubaator.tallinn.ee\/sundmused\/melt-2022\/#primaryimage"},"thumbnailUrl":"https:\/\/inkubaator.tallinn.ee\/wp-content\/uploads\/2022\/03\/275459024_1298573170621846_7059701042093253916_n.jpeg","datePublished":"2022-03-03T14:54:35+00:00","dateModified":"2022-04-04T09:10:30+00:00","breadcrumb":{"@id":"https:\/\/inkubaator.tallinn.ee\/sundmused\/melt-2022\/#breadcrumb"},"inLanguage":"en-US","potentialAction":[{"@type":"ReadAction","target":["https:\/\/inkubaator.tallinn.ee\/sundmused\/melt-2022\/"]}]},{"@type":"ImageObject","inLanguage":"en-US","@id":"https:\/\/inkubaator.tallinn.ee\/sundmused\/melt-2022\/#primaryimage","url":"https:\/\/inkubaator.tallinn.ee\/wp-content\/uploads\/2022\/03\/275459024_1298573170621846_7059701042093253916_n.jpeg","contentUrl":"https:\/\/inkubaator.tallinn.ee\/wp-content\/uploads\/2022\/03\/275459024_1298573170621846_7059701042093253916_n.jpeg","width":2048,"height":1072},{"@type":"BreadcrumbList","@id":"https:\/\/inkubaator.tallinn.ee\/sundmused\/melt-2022\/#breadcrumb","itemListElement":[{"@type":"ListItem","position":1,"name":"Home","item":"https:\/\/inkubaator.tallinn.ee\/"},{"@type":"ListItem","position":2,"name":"MELT 2022"}]},{"@type":"WebSite","@id":"https:\/\/inkubaator.tallinn.ee\/#website","url":"https:\/\/inkubaator.tallinn.ee\/","name":"Tallinna Ettev\u00f5tlusinkubaator","description":"Loo enda edulugu","publisher":{"@id":"https:\/\/inkubaator.tallinn.ee\/#organization"},"potentialAction":[{"@type":"SearchAction","target":{"@type":"EntryPoint","urlTemplate":"https:\/\/inkubaator.tallinn.ee\/?s={search_term_string}"},"query-input":{"@type":"PropertyValueSpecification","valueRequired":true,"valueName":"search_term_string"}}],"inLanguage":"en-US"},{"@type":"Organization","@id":"https:\/\/inkubaator.tallinn.ee\/#organization","name":"Tallinna Ettev\u00f5tlusinkubaator","url":"https:\/\/inkubaator.tallinn.ee\/","logo":{"@type":"ImageObject","inLanguage":"en-US","@id":"https:\/\/inkubaator.tallinn.ee\/#\/schema\/logo\/image\/","url":"https:\/\/inkubaator.tallinn.ee\/wp-content\/uploads\/2024\/08\/favicon.webp","contentUrl":"https:\/\/inkubaator.tallinn.ee\/wp-content\/uploads\/2024\/08\/favicon.webp","width":512,"height":512,"caption":"Tallinna Ettev\u00f5tlusinkubaator"},"image":{"@id":"https:\/\/inkubaator.tallinn.ee\/#\/schema\/logo\/image\/"}}]}},"_links":{"self":[{"href":"https:\/\/inkubaator.tallinn.ee\/en\/wp-json\/wp\/v2\/events\/9738","targetHints":{"allow":["GET"]}}],"collection":[{"href":"https:\/\/inkubaator.tallinn.ee\/en\/wp-json\/wp\/v2\/events"}],"about":[{"href":"https:\/\/inkubaator.tallinn.ee\/en\/wp-json\/wp\/v2\/types\/events"}],"wp:featuredmedia":[{"embeddable":true,"href":"https:\/\/inkubaator.tallinn.ee\/en\/wp-json\/wp\/v2\/media\/9785"}],"wp:attachment":[{"href":"https:\/\/inkubaator.tallinn.ee\/en\/wp-json\/wp\/v2\/media?parent=9738"}],"wp:term":[{"taxonomy":"event-category","embeddable":true,"href":"https:\/\/inkubaator.tallinn.ee\/en\/wp-json\/wp\/v2\/event-category?post=9738"}],"curies":[{"name":"wp","href":"https:\/\/api.w.org\/{rel}","templated":true}]}}