{"id":3326,"date":"2019-12-19T11:35:16","date_gmt":"2019-12-19T09:35:16","guid":{"rendered":"https:\/\/inkubaator.tallinn.ee\/?post_type=events&#038;p=3326"},"modified":"2020-04-17T15:36:01","modified_gmt":"2020-04-17T13:36:01","slug":"tootuba-vaateakna-ning-valjapaneku-disain","status":"publish","type":"events","link":"https:\/\/inkubaator.tallinn.ee\/en\/events\/tootuba-vaateakna-ning-valjapaneku-disain\/","title":{"rendered":"T\u00f6\u00f6tuba: Vaateakna ning v\u00e4ljapaneku disain"},"content":{"rendered":"<p>Kuidas luua pilkup\u00fc\u00fcdev visuaalne v\u00e4ljapanek poe vaateaknal v\u00f5i interj\u00f6\u00f6ris? Milliseid pidepunkte tuleks j\u00e4lgida ning kust saada inspiratsiooni? T\u00f6\u00f6toas anname \u00fclevaate, kuidas v\u00e4ljapanekuid luua ning milline roll on koost\u00f6\u00f6l teiste br\u00e4ndidega, et tekiks terviklik v\u00e4ljapanek.<\/p>\n<p>L\u00e4biviija: Loomeinkubaatori konsultant\/ projektijuht Kadri V\u00f5su.<\/p>\n<p>Osalejate piirarv: 15.<\/p>\n<p>K\u00e4esolev t\u00f6\u00f6tuba on toetatud projekti \u201cLoomemajanduse ettev\u00f5tete konkurentsiv\u00f5ime, j\u00e4tkusuutlikkuse, ekspordiv\u00f5imekuse ja teiste majandussektoritega koost\u00f6\u00f6 arendamine 2020-2021\u201d (EU53522) raames.<\/p>\n<p>T\u00f6\u00f6toas osalemine on osalevatele ettev\u00f5tetele k\u00e4sitletav v\u00e4hese t\u00e4htsusega abi saamisena.<\/p>\n","protected":false},"featured_media":3327,"template":"","meta":{"_acf_changed":false},"event-category":[],"class_list":["post-3326","events","type-events","status-publish","has-post-thumbnail","hentry"],"acf":[],"yoast_head":"<!-- This site is optimized with the Yoast SEO plugin v27.4 - https:\/\/yoast.com\/product\/yoast-seo-wordpress\/ -->\n<title>T\u00f6\u00f6tuba: Vaateakna ning v\u00e4ljapaneku disain - Tallinna Ettev\u00f5tlusinkubaator<\/title>\n<meta name=\"robots\" content=\"index, follow, max-snippet:-1, max-image-preview:large, max-video-preview:-1\" \/>\n<link rel=\"canonical\" href=\"https:\/\/inkubaator.tallinn.ee\/sundmused\/tootuba-vaateakna-ning-valjapaneku-disain\/\" \/>\n<meta property=\"og:locale\" content=\"en_US\" \/>\n<meta property=\"og:type\" content=\"article\" \/>\n<meta property=\"og:title\" content=\"T\u00f6\u00f6tuba: Vaateakna ning v\u00e4ljapaneku disain - Tallinna Ettev\u00f5tlusinkubaator\" \/>\n<meta property=\"og:description\" content=\"Kuidas luua pilkup\u00fc\u00fcdev visuaalne v\u00e4ljapanek poe vaateaknal v\u00f5i interj\u00f6\u00f6ris? Milliseid pidepunkte tuleks j\u00e4lgida ning kust saada inspiratsiooni? T\u00f6\u00f6toas anname \u00fclevaate, kuidas v\u00e4ljapanekuid luua ning milline roll on koost\u00f6\u00f6l teiste br\u00e4ndidega, et tekiks terviklik v\u00e4ljapanek. L\u00e4biviija: Loomeinkubaatori konsultant\/ projektijuht Kadri V\u00f5su. Osalejate piirarv: 15. K\u00e4esolev t\u00f6\u00f6tuba on toetatud projekti \u201cLoomemajanduse ettev\u00f5tete konkurentsiv\u00f5ime, j\u00e4tkusuutlikkuse, ekspordiv\u00f5imekuse ja teiste majandussektoritega koost\u00f6\u00f6 arendamine 2020-2021\u201d (EU53522) raames. T\u00f6\u00f6toas osalemine on osalevatele ettev\u00f5tetele k\u00e4sitletav v\u00e4hese t\u00e4htsusega abi saamisena.\" \/>\n<meta property=\"og:url\" content=\"https:\/\/inkubaator.tallinn.ee\/sundmused\/tootuba-vaateakna-ning-valjapaneku-disain\/\" \/>\n<meta property=\"og:site_name\" content=\"Tallinna Ettev\u00f5tlusinkubaator\" \/>\n<meta property=\"article:modified_time\" content=\"2020-04-17T13:36:01+00:00\" \/>\n<meta property=\"og:image\" content=\"https:\/\/inkubaator.tallinn.ee\/wp-content\/uploads\/2019\/12\/51555058_1518822768251772_5274519658270031872_o.jpg\" \/>\n\t<meta property=\"og:image:width\" content=\"1200\" \/>\n\t<meta property=\"og:image:height\" content=\"800\" \/>\n\t<meta property=\"og:image:type\" content=\"image\/jpeg\" \/>\n<meta name=\"twitter:card\" content=\"summary_large_image\" \/>\n<script type=\"application\/ld+json\" class=\"yoast-schema-graph\">{\"@context\":\"https:\\\/\\\/schema.org\",\"@graph\":[{\"@type\":\"WebPage\",\"@id\":\"https:\\\/\\\/inkubaator.tallinn.ee\\\/sundmused\\\/tootuba-vaateakna-ning-valjapaneku-disain\\\/\",\"url\":\"https:\\\/\\\/inkubaator.tallinn.ee\\\/sundmused\\\/tootuba-vaateakna-ning-valjapaneku-disain\\\/\",\"name\":\"T\u00f6\u00f6tuba: Vaateakna ning v\u00e4ljapaneku disain - Tallinna Ettev\u00f5tlusinkubaator\",\"isPartOf\":{\"@id\":\"https:\\\/\\\/inkubaator.tallinn.ee\\\/#website\"},\"primaryImageOfPage\":{\"@id\":\"https:\\\/\\\/inkubaator.tallinn.ee\\\/sundmused\\\/tootuba-vaateakna-ning-valjapaneku-disain\\\/#primaryimage\"},\"image\":{\"@id\":\"https:\\\/\\\/inkubaator.tallinn.ee\\\/sundmused\\\/tootuba-vaateakna-ning-valjapaneku-disain\\\/#primaryimage\"},\"thumbnailUrl\":\"https:\\\/\\\/inkubaator.tallinn.ee\\\/wp-content\\\/uploads\\\/2019\\\/12\\\/51555058_1518822768251772_5274519658270031872_o.jpg\",\"datePublished\":\"2019-12-19T09:35:16+00:00\",\"dateModified\":\"2020-04-17T13:36:01+00:00\",\"breadcrumb\":{\"@id\":\"https:\\\/\\\/inkubaator.tallinn.ee\\\/sundmused\\\/tootuba-vaateakna-ning-valjapaneku-disain\\\/#breadcrumb\"},\"inLanguage\":\"en-US\",\"potentialAction\":[{\"@type\":\"ReadAction\",\"target\":[\"https:\\\/\\\/inkubaator.tallinn.ee\\\/sundmused\\\/tootuba-vaateakna-ning-valjapaneku-disain\\\/\"]}]},{\"@type\":\"ImageObject\",\"inLanguage\":\"en-US\",\"@id\":\"https:\\\/\\\/inkubaator.tallinn.ee\\\/sundmused\\\/tootuba-vaateakna-ning-valjapaneku-disain\\\/#primaryimage\",\"url\":\"https:\\\/\\\/inkubaator.tallinn.ee\\\/wp-content\\\/uploads\\\/2019\\\/12\\\/51555058_1518822768251772_5274519658270031872_o.jpg\",\"contentUrl\":\"https:\\\/\\\/inkubaator.tallinn.ee\\\/wp-content\\\/uploads\\\/2019\\\/12\\\/51555058_1518822768251772_5274519658270031872_o.jpg\",\"width\":1200,\"height\":800},{\"@type\":\"BreadcrumbList\",\"@id\":\"https:\\\/\\\/inkubaator.tallinn.ee\\\/sundmused\\\/tootuba-vaateakna-ning-valjapaneku-disain\\\/#breadcrumb\",\"itemListElement\":[{\"@type\":\"ListItem\",\"position\":1,\"name\":\"Home\",\"item\":\"https:\\\/\\\/inkubaator.tallinn.ee\\\/\"},{\"@type\":\"ListItem\",\"position\":2,\"name\":\"T\u00f6\u00f6tuba: Vaateakna ning v\u00e4ljapaneku disain\"}]},{\"@type\":\"WebSite\",\"@id\":\"https:\\\/\\\/inkubaator.tallinn.ee\\\/#website\",\"url\":\"https:\\\/\\\/inkubaator.tallinn.ee\\\/\",\"name\":\"Tallinna Ettev\u00f5tlusinkubaator\",\"description\":\"Loo enda edulugu\",\"publisher\":{\"@id\":\"https:\\\/\\\/inkubaator.tallinn.ee\\\/#organization\"},\"potentialAction\":[{\"@type\":\"SearchAction\",\"target\":{\"@type\":\"EntryPoint\",\"urlTemplate\":\"https:\\\/\\\/inkubaator.tallinn.ee\\\/?s={search_term_string}\"},\"query-input\":{\"@type\":\"PropertyValueSpecification\",\"valueRequired\":true,\"valueName\":\"search_term_string\"}}],\"inLanguage\":\"en-US\"},{\"@type\":\"Organization\",\"@id\":\"https:\\\/\\\/inkubaator.tallinn.ee\\\/#organization\",\"name\":\"Tallinna Ettev\u00f5tlusinkubaator\",\"url\":\"https:\\\/\\\/inkubaator.tallinn.ee\\\/\",\"logo\":{\"@type\":\"ImageObject\",\"inLanguage\":\"en-US\",\"@id\":\"https:\\\/\\\/inkubaator.tallinn.ee\\\/#\\\/schema\\\/logo\\\/image\\\/\",\"url\":\"https:\\\/\\\/inkubaator.tallinn.ee\\\/wp-content\\\/uploads\\\/2024\\\/08\\\/favicon.webp\",\"contentUrl\":\"https:\\\/\\\/inkubaator.tallinn.ee\\\/wp-content\\\/uploads\\\/2024\\\/08\\\/favicon.webp\",\"width\":512,\"height\":512,\"caption\":\"Tallinna Ettev\u00f5tlusinkubaator\"},\"image\":{\"@id\":\"https:\\\/\\\/inkubaator.tallinn.ee\\\/#\\\/schema\\\/logo\\\/image\\\/\"}}]}<\/script>\n<!-- \/ Yoast SEO plugin. -->","yoast_head_json":{"title":"T\u00f6\u00f6tuba: Vaateakna ning v\u00e4ljapaneku disain - Tallinna Ettev\u00f5tlusinkubaator","robots":{"index":"index","follow":"follow","max-snippet":"max-snippet:-1","max-image-preview":"max-image-preview:large","max-video-preview":"max-video-preview:-1"},"canonical":"https:\/\/inkubaator.tallinn.ee\/sundmused\/tootuba-vaateakna-ning-valjapaneku-disain\/","og_locale":"en_US","og_type":"article","og_title":"T\u00f6\u00f6tuba: Vaateakna ning v\u00e4ljapaneku disain - Tallinna Ettev\u00f5tlusinkubaator","og_description":"Kuidas luua pilkup\u00fc\u00fcdev visuaalne v\u00e4ljapanek poe vaateaknal v\u00f5i interj\u00f6\u00f6ris? Milliseid pidepunkte tuleks j\u00e4lgida ning kust saada inspiratsiooni? T\u00f6\u00f6toas anname \u00fclevaate, kuidas v\u00e4ljapanekuid luua ning milline roll on koost\u00f6\u00f6l teiste br\u00e4ndidega, et tekiks terviklik v\u00e4ljapanek. L\u00e4biviija: Loomeinkubaatori konsultant\/ projektijuht Kadri V\u00f5su. Osalejate piirarv: 15. K\u00e4esolev t\u00f6\u00f6tuba on toetatud projekti \u201cLoomemajanduse ettev\u00f5tete konkurentsiv\u00f5ime, j\u00e4tkusuutlikkuse, ekspordiv\u00f5imekuse ja teiste majandussektoritega koost\u00f6\u00f6 arendamine 2020-2021\u201d (EU53522) raames. T\u00f6\u00f6toas osalemine on osalevatele ettev\u00f5tetele k\u00e4sitletav v\u00e4hese t\u00e4htsusega abi saamisena.","og_url":"https:\/\/inkubaator.tallinn.ee\/sundmused\/tootuba-vaateakna-ning-valjapaneku-disain\/","og_site_name":"Tallinna Ettev\u00f5tlusinkubaator","article_modified_time":"2020-04-17T13:36:01+00:00","og_image":[{"width":1200,"height":800,"url":"https:\/\/inkubaator.tallinn.ee\/wp-content\/uploads\/2019\/12\/51555058_1518822768251772_5274519658270031872_o.jpg","type":"image\/jpeg"}],"twitter_card":"summary_large_image","schema":{"@context":"https:\/\/schema.org","@graph":[{"@type":"WebPage","@id":"https:\/\/inkubaator.tallinn.ee\/sundmused\/tootuba-vaateakna-ning-valjapaneku-disain\/","url":"https:\/\/inkubaator.tallinn.ee\/sundmused\/tootuba-vaateakna-ning-valjapaneku-disain\/","name":"T\u00f6\u00f6tuba: Vaateakna ning v\u00e4ljapaneku disain - Tallinna Ettev\u00f5tlusinkubaator","isPartOf":{"@id":"https:\/\/inkubaator.tallinn.ee\/#website"},"primaryImageOfPage":{"@id":"https:\/\/inkubaator.tallinn.ee\/sundmused\/tootuba-vaateakna-ning-valjapaneku-disain\/#primaryimage"},"image":{"@id":"https:\/\/inkubaator.tallinn.ee\/sundmused\/tootuba-vaateakna-ning-valjapaneku-disain\/#primaryimage"},"thumbnailUrl":"https:\/\/inkubaator.tallinn.ee\/wp-content\/uploads\/2019\/12\/51555058_1518822768251772_5274519658270031872_o.jpg","datePublished":"2019-12-19T09:35:16+00:00","dateModified":"2020-04-17T13:36:01+00:00","breadcrumb":{"@id":"https:\/\/inkubaator.tallinn.ee\/sundmused\/tootuba-vaateakna-ning-valjapaneku-disain\/#breadcrumb"},"inLanguage":"en-US","potentialAction":[{"@type":"ReadAction","target":["https:\/\/inkubaator.tallinn.ee\/sundmused\/tootuba-vaateakna-ning-valjapaneku-disain\/"]}]},{"@type":"ImageObject","inLanguage":"en-US","@id":"https:\/\/inkubaator.tallinn.ee\/sundmused\/tootuba-vaateakna-ning-valjapaneku-disain\/#primaryimage","url":"https:\/\/inkubaator.tallinn.ee\/wp-content\/uploads\/2019\/12\/51555058_1518822768251772_5274519658270031872_o.jpg","contentUrl":"https:\/\/inkubaator.tallinn.ee\/wp-content\/uploads\/2019\/12\/51555058_1518822768251772_5274519658270031872_o.jpg","width":1200,"height":800},{"@type":"BreadcrumbList","@id":"https:\/\/inkubaator.tallinn.ee\/sundmused\/tootuba-vaateakna-ning-valjapaneku-disain\/#breadcrumb","itemListElement":[{"@type":"ListItem","position":1,"name":"Home","item":"https:\/\/inkubaator.tallinn.ee\/"},{"@type":"ListItem","position":2,"name":"T\u00f6\u00f6tuba: Vaateakna ning v\u00e4ljapaneku disain"}]},{"@type":"WebSite","@id":"https:\/\/inkubaator.tallinn.ee\/#website","url":"https:\/\/inkubaator.tallinn.ee\/","name":"Tallinna Ettev\u00f5tlusinkubaator","description":"Loo enda edulugu","publisher":{"@id":"https:\/\/inkubaator.tallinn.ee\/#organization"},"potentialAction":[{"@type":"SearchAction","target":{"@type":"EntryPoint","urlTemplate":"https:\/\/inkubaator.tallinn.ee\/?s={search_term_string}"},"query-input":{"@type":"PropertyValueSpecification","valueRequired":true,"valueName":"search_term_string"}}],"inLanguage":"en-US"},{"@type":"Organization","@id":"https:\/\/inkubaator.tallinn.ee\/#organization","name":"Tallinna Ettev\u00f5tlusinkubaator","url":"https:\/\/inkubaator.tallinn.ee\/","logo":{"@type":"ImageObject","inLanguage":"en-US","@id":"https:\/\/inkubaator.tallinn.ee\/#\/schema\/logo\/image\/","url":"https:\/\/inkubaator.tallinn.ee\/wp-content\/uploads\/2024\/08\/favicon.webp","contentUrl":"https:\/\/inkubaator.tallinn.ee\/wp-content\/uploads\/2024\/08\/favicon.webp","width":512,"height":512,"caption":"Tallinna Ettev\u00f5tlusinkubaator"},"image":{"@id":"https:\/\/inkubaator.tallinn.ee\/#\/schema\/logo\/image\/"}}]}},"_links":{"self":[{"href":"https:\/\/inkubaator.tallinn.ee\/en\/wp-json\/wp\/v2\/events\/3326","targetHints":{"allow":["GET"]}}],"collection":[{"href":"https:\/\/inkubaator.tallinn.ee\/en\/wp-json\/wp\/v2\/events"}],"about":[{"href":"https:\/\/inkubaator.tallinn.ee\/en\/wp-json\/wp\/v2\/types\/events"}],"wp:featuredmedia":[{"embeddable":true,"href":"https:\/\/inkubaator.tallinn.ee\/en\/wp-json\/wp\/v2\/media\/3327"}],"wp:attachment":[{"href":"https:\/\/inkubaator.tallinn.ee\/en\/wp-json\/wp\/v2\/media?parent=3326"}],"wp:term":[{"taxonomy":"event-category","embeddable":true,"href":"https:\/\/inkubaator.tallinn.ee\/en\/wp-json\/wp\/v2\/event-category?post=3326"}],"curies":[{"name":"wp","href":"https:\/\/api.w.org\/{rel}","templated":true}]}}