{"id":2739,"date":"2019-10-03T15:03:12","date_gmt":"2019-10-03T13:03:12","guid":{"rendered":"https:\/\/inkubaator.tallinn.ee\/events\/tule-ja-saa-inspiratsiooni-tallinna-ettevotluspaeval\/"},"modified":"2019-10-28T13:27:05","modified_gmt":"2019-10-28T11:27:05","slug":"tule-ja-saa-inspiratsiooni-tallinna-ettevotluspaeval","status":"publish","type":"events","link":"https:\/\/inkubaator.tallinn.ee\/en\/events\/tule-ja-saa-inspiratsiooni-tallinna-ettevotluspaeval\/","title":{"rendered":"Tule ja saa inspiratsiooni Tallinna Ettev\u00f5tlusp\u00e4eval"},"content":{"rendered":"<p>Loomeinkubaator on v\u00e4ljas Tallinna Ettev\u00f5tlusp\u00e4eval. 8.10 toimub Hotell Viru Konverentsikeskuses Ettev\u00f5tlusp\u00e4ev, mille peateemaks on seekord \u201eJulge m\u00f5elda, julged teha\u201c. Toimumas on palju p\u00f5nevaid seminare, vt l\u00e4hemalt ja registreeru siin: <a href=\"http:\/\/www.ettevotluspaev.tallinn.ee\/programm\/\">http:\/\/www.ettevotluspaev.tallinn.ee\/programm\/<\/a><\/p>\n<p>Loomeinkubaator on v\u00e4ljas infostendiga ning oma ettev\u00f5tluskogemust jagab Loomeinkubaatori vilistlane Maile M\u00f6lder seminaril \u201eKas puhas \u00e4ri v\u00f5i s\u00fcdamest s\u00fcndinud ettev\u00f5te \u2013 Pengu KIDS lastebr\u00e4ndi n\u00e4itel\u201c.<\/p>\n","protected":false},"featured_media":2575,"template":"","meta":{"_acf_changed":false},"event-category":[],"class_list":["post-2739","events","type-events","status-publish","has-post-thumbnail","hentry"],"acf":[],"yoast_head":"<!-- This site is optimized with the Yoast SEO plugin v27.4 - https:\/\/yoast.com\/product\/yoast-seo-wordpress\/ -->\n<title>Tule ja saa inspiratsiooni Tallinna Ettev\u00f5tlusp\u00e4eval - Tallinna Ettev\u00f5tlusinkubaator<\/title>\n<meta name=\"robots\" content=\"index, follow, max-snippet:-1, max-image-preview:large, max-video-preview:-1\" \/>\n<link rel=\"canonical\" href=\"https:\/\/inkubaator.tallinn.ee\/en\/events\/tule-ja-saa-inspiratsiooni-tallinna-ettevotluspaeval\/\" \/>\n<meta property=\"og:locale\" content=\"en_US\" \/>\n<meta property=\"og:type\" content=\"article\" \/>\n<meta property=\"og:title\" content=\"Tule ja saa inspiratsiooni Tallinna Ettev\u00f5tlusp\u00e4eval - Tallinna Ettev\u00f5tlusinkubaator\" \/>\n<meta property=\"og:description\" content=\"Loomeinkubaator on v\u00e4ljas Tallinna Ettev\u00f5tlusp\u00e4eval. 8.10 toimub Hotell Viru Konverentsikeskuses Ettev\u00f5tlusp\u00e4ev, mille peateemaks on seekord \u201eJulge m\u00f5elda, julged teha\u201c. Toimumas on palju p\u00f5nevaid seminare, vt l\u00e4hemalt ja registreeru siin: http:\/\/www.ettevotluspaev.tallinn.ee\/programm\/ Loomeinkubaator on v\u00e4ljas infostendiga ning oma ettev\u00f5tluskogemust jagab Loomeinkubaatori vilistlane Maile M\u00f6lder seminaril \u201eKas puhas \u00e4ri v\u00f5i s\u00fcdamest s\u00fcndinud ettev\u00f5te \u2013 Pengu KIDS lastebr\u00e4ndi n\u00e4itel\u201c.\" \/>\n<meta property=\"og:url\" content=\"https:\/\/inkubaator.tallinn.ee\/en\/events\/tule-ja-saa-inspiratsiooni-tallinna-ettevotluspaeval\/\" \/>\n<meta property=\"og:site_name\" content=\"Tallinna Ettev\u00f5tlusinkubaator\" \/>\n<meta property=\"article:modified_time\" content=\"2019-10-28T11:27:05+00:00\" \/>\n<meta property=\"og:image\" content=\"https:\/\/inkubaator.tallinn.ee\/wp-content\/uploads\/2019\/10\/tallinna-ettev\u00f5tlusp\u00e4ev-2019.jpg\" \/>\n\t<meta property=\"og:image:width\" content=\"2048\" \/>\n\t<meta property=\"og:image:height\" content=\"1152\" \/>\n\t<meta property=\"og:image:type\" content=\"image\/jpeg\" \/>\n<meta name=\"twitter:card\" content=\"summary_large_image\" \/>\n<script type=\"application\/ld+json\" class=\"yoast-schema-graph\">{\"@context\":\"https:\\\/\\\/schema.org\",\"@graph\":[{\"@type\":\"WebPage\",\"@id\":\"https:\\\/\\\/inkubaator.tallinn.ee\\\/en\\\/events\\\/tule-ja-saa-inspiratsiooni-tallinna-ettevotluspaeval\\\/\",\"url\":\"https:\\\/\\\/inkubaator.tallinn.ee\\\/en\\\/events\\\/tule-ja-saa-inspiratsiooni-tallinna-ettevotluspaeval\\\/\",\"name\":\"Tule ja saa inspiratsiooni Tallinna Ettev\u00f5tlusp\u00e4eval - Tallinna Ettev\u00f5tlusinkubaator\",\"isPartOf\":{\"@id\":\"https:\\\/\\\/inkubaator.tallinn.ee\\\/#website\"},\"primaryImageOfPage\":{\"@id\":\"https:\\\/\\\/inkubaator.tallinn.ee\\\/en\\\/events\\\/tule-ja-saa-inspiratsiooni-tallinna-ettevotluspaeval\\\/#primaryimage\"},\"image\":{\"@id\":\"https:\\\/\\\/inkubaator.tallinn.ee\\\/en\\\/events\\\/tule-ja-saa-inspiratsiooni-tallinna-ettevotluspaeval\\\/#primaryimage\"},\"thumbnailUrl\":\"https:\\\/\\\/inkubaator.tallinn.ee\\\/wp-content\\\/uploads\\\/2019\\\/10\\\/tallinna-ettev\u00f5tlusp\u00e4ev-2019.jpg\",\"datePublished\":\"2019-10-03T13:03:12+00:00\",\"dateModified\":\"2019-10-28T11:27:05+00:00\",\"breadcrumb\":{\"@id\":\"https:\\\/\\\/inkubaator.tallinn.ee\\\/en\\\/events\\\/tule-ja-saa-inspiratsiooni-tallinna-ettevotluspaeval\\\/#breadcrumb\"},\"inLanguage\":\"en-US\",\"potentialAction\":[{\"@type\":\"ReadAction\",\"target\":[\"https:\\\/\\\/inkubaator.tallinn.ee\\\/en\\\/events\\\/tule-ja-saa-inspiratsiooni-tallinna-ettevotluspaeval\\\/\"]}]},{\"@type\":\"ImageObject\",\"inLanguage\":\"en-US\",\"@id\":\"https:\\\/\\\/inkubaator.tallinn.ee\\\/en\\\/events\\\/tule-ja-saa-inspiratsiooni-tallinna-ettevotluspaeval\\\/#primaryimage\",\"url\":\"https:\\\/\\\/inkubaator.tallinn.ee\\\/wp-content\\\/uploads\\\/2019\\\/10\\\/tallinna-ettev\u00f5tlusp\u00e4ev-2019.jpg\",\"contentUrl\":\"https:\\\/\\\/inkubaator.tallinn.ee\\\/wp-content\\\/uploads\\\/2019\\\/10\\\/tallinna-ettev\u00f5tlusp\u00e4ev-2019.jpg\",\"width\":2048,\"height\":1152},{\"@type\":\"BreadcrumbList\",\"@id\":\"https:\\\/\\\/inkubaator.tallinn.ee\\\/en\\\/events\\\/tule-ja-saa-inspiratsiooni-tallinna-ettevotluspaeval\\\/#breadcrumb\",\"itemListElement\":[{\"@type\":\"ListItem\",\"position\":1,\"name\":\"Home\",\"item\":\"https:\\\/\\\/inkubaator.tallinn.ee\\\/\"},{\"@type\":\"ListItem\",\"position\":2,\"name\":\"Tule ja saa inspiratsiooni Tallinna Ettev\u00f5tlusp\u00e4eval\"}]},{\"@type\":\"WebSite\",\"@id\":\"https:\\\/\\\/inkubaator.tallinn.ee\\\/#website\",\"url\":\"https:\\\/\\\/inkubaator.tallinn.ee\\\/\",\"name\":\"Tallinna Ettev\u00f5tlusinkubaator\",\"description\":\"Loo enda edulugu\",\"publisher\":{\"@id\":\"https:\\\/\\\/inkubaator.tallinn.ee\\\/#organization\"},\"potentialAction\":[{\"@type\":\"SearchAction\",\"target\":{\"@type\":\"EntryPoint\",\"urlTemplate\":\"https:\\\/\\\/inkubaator.tallinn.ee\\\/?s={search_term_string}\"},\"query-input\":{\"@type\":\"PropertyValueSpecification\",\"valueRequired\":true,\"valueName\":\"search_term_string\"}}],\"inLanguage\":\"en-US\"},{\"@type\":\"Organization\",\"@id\":\"https:\\\/\\\/inkubaator.tallinn.ee\\\/#organization\",\"name\":\"Tallinna Ettev\u00f5tlusinkubaator\",\"url\":\"https:\\\/\\\/inkubaator.tallinn.ee\\\/\",\"logo\":{\"@type\":\"ImageObject\",\"inLanguage\":\"en-US\",\"@id\":\"https:\\\/\\\/inkubaator.tallinn.ee\\\/#\\\/schema\\\/logo\\\/image\\\/\",\"url\":\"https:\\\/\\\/inkubaator.tallinn.ee\\\/wp-content\\\/uploads\\\/2024\\\/08\\\/favicon.webp\",\"contentUrl\":\"https:\\\/\\\/inkubaator.tallinn.ee\\\/wp-content\\\/uploads\\\/2024\\\/08\\\/favicon.webp\",\"width\":512,\"height\":512,\"caption\":\"Tallinna Ettev\u00f5tlusinkubaator\"},\"image\":{\"@id\":\"https:\\\/\\\/inkubaator.tallinn.ee\\\/#\\\/schema\\\/logo\\\/image\\\/\"}}]}<\/script>\n<!-- \/ Yoast SEO plugin. -->","yoast_head_json":{"title":"Tule ja saa inspiratsiooni Tallinna Ettev\u00f5tlusp\u00e4eval - Tallinna Ettev\u00f5tlusinkubaator","robots":{"index":"index","follow":"follow","max-snippet":"max-snippet:-1","max-image-preview":"max-image-preview:large","max-video-preview":"max-video-preview:-1"},"canonical":"https:\/\/inkubaator.tallinn.ee\/en\/events\/tule-ja-saa-inspiratsiooni-tallinna-ettevotluspaeval\/","og_locale":"en_US","og_type":"article","og_title":"Tule ja saa inspiratsiooni Tallinna Ettev\u00f5tlusp\u00e4eval - Tallinna Ettev\u00f5tlusinkubaator","og_description":"Loomeinkubaator on v\u00e4ljas Tallinna Ettev\u00f5tlusp\u00e4eval. 8.10 toimub Hotell Viru Konverentsikeskuses Ettev\u00f5tlusp\u00e4ev, mille peateemaks on seekord \u201eJulge m\u00f5elda, julged teha\u201c. Toimumas on palju p\u00f5nevaid seminare, vt l\u00e4hemalt ja registreeru siin: http:\/\/www.ettevotluspaev.tallinn.ee\/programm\/ Loomeinkubaator on v\u00e4ljas infostendiga ning oma ettev\u00f5tluskogemust jagab Loomeinkubaatori vilistlane Maile M\u00f6lder seminaril \u201eKas puhas \u00e4ri v\u00f5i s\u00fcdamest s\u00fcndinud ettev\u00f5te \u2013 Pengu KIDS lastebr\u00e4ndi n\u00e4itel\u201c.","og_url":"https:\/\/inkubaator.tallinn.ee\/en\/events\/tule-ja-saa-inspiratsiooni-tallinna-ettevotluspaeval\/","og_site_name":"Tallinna Ettev\u00f5tlusinkubaator","article_modified_time":"2019-10-28T11:27:05+00:00","og_image":[{"width":2048,"height":1152,"url":"https:\/\/inkubaator.tallinn.ee\/wp-content\/uploads\/2019\/10\/tallinna-ettev\u00f5tlusp\u00e4ev-2019.jpg","type":"image\/jpeg"}],"twitter_card":"summary_large_image","schema":{"@context":"https:\/\/schema.org","@graph":[{"@type":"WebPage","@id":"https:\/\/inkubaator.tallinn.ee\/en\/events\/tule-ja-saa-inspiratsiooni-tallinna-ettevotluspaeval\/","url":"https:\/\/inkubaator.tallinn.ee\/en\/events\/tule-ja-saa-inspiratsiooni-tallinna-ettevotluspaeval\/","name":"Tule ja saa inspiratsiooni Tallinna Ettev\u00f5tlusp\u00e4eval - Tallinna Ettev\u00f5tlusinkubaator","isPartOf":{"@id":"https:\/\/inkubaator.tallinn.ee\/#website"},"primaryImageOfPage":{"@id":"https:\/\/inkubaator.tallinn.ee\/en\/events\/tule-ja-saa-inspiratsiooni-tallinna-ettevotluspaeval\/#primaryimage"},"image":{"@id":"https:\/\/inkubaator.tallinn.ee\/en\/events\/tule-ja-saa-inspiratsiooni-tallinna-ettevotluspaeval\/#primaryimage"},"thumbnailUrl":"https:\/\/inkubaator.tallinn.ee\/wp-content\/uploads\/2019\/10\/tallinna-ettev\u00f5tlusp\u00e4ev-2019.jpg","datePublished":"2019-10-03T13:03:12+00:00","dateModified":"2019-10-28T11:27:05+00:00","breadcrumb":{"@id":"https:\/\/inkubaator.tallinn.ee\/en\/events\/tule-ja-saa-inspiratsiooni-tallinna-ettevotluspaeval\/#breadcrumb"},"inLanguage":"en-US","potentialAction":[{"@type":"ReadAction","target":["https:\/\/inkubaator.tallinn.ee\/en\/events\/tule-ja-saa-inspiratsiooni-tallinna-ettevotluspaeval\/"]}]},{"@type":"ImageObject","inLanguage":"en-US","@id":"https:\/\/inkubaator.tallinn.ee\/en\/events\/tule-ja-saa-inspiratsiooni-tallinna-ettevotluspaeval\/#primaryimage","url":"https:\/\/inkubaator.tallinn.ee\/wp-content\/uploads\/2019\/10\/tallinna-ettev\u00f5tlusp\u00e4ev-2019.jpg","contentUrl":"https:\/\/inkubaator.tallinn.ee\/wp-content\/uploads\/2019\/10\/tallinna-ettev\u00f5tlusp\u00e4ev-2019.jpg","width":2048,"height":1152},{"@type":"BreadcrumbList","@id":"https:\/\/inkubaator.tallinn.ee\/en\/events\/tule-ja-saa-inspiratsiooni-tallinna-ettevotluspaeval\/#breadcrumb","itemListElement":[{"@type":"ListItem","position":1,"name":"Home","item":"https:\/\/inkubaator.tallinn.ee\/"},{"@type":"ListItem","position":2,"name":"Tule ja saa inspiratsiooni Tallinna Ettev\u00f5tlusp\u00e4eval"}]},{"@type":"WebSite","@id":"https:\/\/inkubaator.tallinn.ee\/#website","url":"https:\/\/inkubaator.tallinn.ee\/","name":"Tallinna Ettev\u00f5tlusinkubaator","description":"Loo enda edulugu","publisher":{"@id":"https:\/\/inkubaator.tallinn.ee\/#organization"},"potentialAction":[{"@type":"SearchAction","target":{"@type":"EntryPoint","urlTemplate":"https:\/\/inkubaator.tallinn.ee\/?s={search_term_string}"},"query-input":{"@type":"PropertyValueSpecification","valueRequired":true,"valueName":"search_term_string"}}],"inLanguage":"en-US"},{"@type":"Organization","@id":"https:\/\/inkubaator.tallinn.ee\/#organization","name":"Tallinna Ettev\u00f5tlusinkubaator","url":"https:\/\/inkubaator.tallinn.ee\/","logo":{"@type":"ImageObject","inLanguage":"en-US","@id":"https:\/\/inkubaator.tallinn.ee\/#\/schema\/logo\/image\/","url":"https:\/\/inkubaator.tallinn.ee\/wp-content\/uploads\/2024\/08\/favicon.webp","contentUrl":"https:\/\/inkubaator.tallinn.ee\/wp-content\/uploads\/2024\/08\/favicon.webp","width":512,"height":512,"caption":"Tallinna Ettev\u00f5tlusinkubaator"},"image":{"@id":"https:\/\/inkubaator.tallinn.ee\/#\/schema\/logo\/image\/"}}]}},"_links":{"self":[{"href":"https:\/\/inkubaator.tallinn.ee\/en\/wp-json\/wp\/v2\/events\/2739","targetHints":{"allow":["GET"]}}],"collection":[{"href":"https:\/\/inkubaator.tallinn.ee\/en\/wp-json\/wp\/v2\/events"}],"about":[{"href":"https:\/\/inkubaator.tallinn.ee\/en\/wp-json\/wp\/v2\/types\/events"}],"wp:featuredmedia":[{"embeddable":true,"href":"https:\/\/inkubaator.tallinn.ee\/en\/wp-json\/wp\/v2\/media\/2575"}],"wp:attachment":[{"href":"https:\/\/inkubaator.tallinn.ee\/en\/wp-json\/wp\/v2\/media?parent=2739"}],"wp:term":[{"taxonomy":"event-category","embeddable":true,"href":"https:\/\/inkubaator.tallinn.ee\/en\/wp-json\/wp\/v2\/event-category?post=2739"}],"curies":[{"name":"wp","href":"https:\/\/api.w.org\/{rel}","templated":true}]}}