{"id":22725,"date":"2025-09-15T12:46:58","date_gmt":"2025-09-15T10:46:58","guid":{"rendered":"https:\/\/inkubaator.tallinn.ee\/?post_type=events&#038;p=22725"},"modified":"2025-09-15T12:53:35","modified_gmt":"2025-09-15T10:53:35","slug":"disain-mis-hoolib-kandjast-ja-keskkonnast","status":"publish","type":"events","link":"https:\/\/inkubaator.tallinn.ee\/en\/events\/disain-mis-hoolib-kandjast-ja-keskkonnast\/","title":{"rendered":"Disain, mis hoolib kandjast ja keskkonnast"},"content":{"rendered":"\n<p>Tule kuulama inspireerivat vestluspaneeli, kus kohtuvad Eesti br\u00e4ndid, kelle looming hoolib nii inimestest kui ka keskkonnast meie \u00fcmber. Paneeli fookuses on kudumidisain, j\u00e4tkusuutlikkus ning teadlik r\u00f5ivaste hooldamine ja hoiustamine \u2013 teemad, mis k\u00f5netavad iga\u00fcht, kes v\u00e4\u00e4rtustab kvaliteeti, vastutustundlikku tarbimist ja ajatut stiili.<\/p>\n\n\n\n<p><strong>Vestluses osalevad:<\/strong><\/p>\n\n\n\n<ul class=\"wp-block-list\">\n<li><strong>Alpaka peadisainer Anni Ilves<\/strong>. Alpaka on br\u00e4nd, mis \u00fchendab Andide luksusliku alpakavilla p\u00f5hjamaise minimalistliku disainiga. Alpaka r\u00f5ivad ja aksessuaarid pakuvad ajatut elegantsi ja kestvat stiili. Disain s\u00fcnnib Eestis, tootmine toimub koost\u00f6\u00f6s Peruu meistritega.<\/li>\n\n\n\n<li><strong>\u00c4rni Blum\u2019i asutaja ja disainer Johanna Paiste<\/strong>. Saaremaalt p\u00e4rit kudumibr\u00e4ndi taga peitub armastus k\u00e4sit\u00f6\u00f6, vormi ja tekstuuri vastu. K\u00f5ik tooted valmivad nullj\u00e4\u00e4gi p\u00f5him\u00f5ttel ja tellimusp\u00f5hiselt, kasutades \u00fcksnes naturaalseid, sertifitseeritud l\u00f5ngu. Iga kudum on isikup\u00e4rane ja loodud kestma.<\/li>\n\n\n\n<li><strong>WOH stuudio asutaja ja disainer Margot Vaaderpass.<\/strong> Alates 2013. aastast on WOH loonud koduaksessuaare, mis \u00fchendavad endas p\u00f5hjamaise disaini olemuse ja teadliku tootmise p\u00f5him\u00f5tted. WOH usub, et ilu peitub lihtsuses, mis rikastab igap\u00e4evaelu funktsionaalsete toodetega ja toob esile puhta p\u00f5hjamaise esteetika. P\u00fchendumus teadlikule elustiilile peegeldub igas etapis \u2013 nii disainis kui tootmises.<\/li>\n<\/ul>\n\n\n\n<p>Paneel pakub sisukaid arutelusid, v\u00e4\u00e4rtuslikke praktilisi n\u00f5uandeid ja inspireerivaid vaatenurki neile, kes otsivad moest enamat \u2013 teadlikkust, kestvust ja s\u00fcgavamat t\u00e4hendust.<\/p>\n\n\n\n<p>Oled oodatud kuulama, k\u00fcsima ja kaasa m\u00f5tlema!<\/p>\n\n\n\n<p>S\u00fcndmus on tasuta, vajalik on eelregistreerumine.<\/p>\n\n\n\n<p><img loading=\"lazy\" decoding=\"async\" height=\"16\" width=\"16\" alt=\"\ud83d\udc49\" src=\"https:\/\/static.xx.fbcdn.net\/images\/emoji.php\/v9\/tf0\/2\/16\/1f449.png\">&nbsp;Palun anna enda tulekust teada siin:&nbsp;<a href=\"https:\/\/forms.gle\/S7ZKNpgABJi62kcE8?fbclid=IwZXh0bgNhZW0CMTAAYnJpZBExVHlhbVlGN1BRejVFdXFnWgEeorBPI6lafFSHR5S51PB7FMWPmQNDkcHfbK1exWgUIMmlZS--6QUFt60NVtA_aem_j0MC1H09UbkHIEJKRU_2gg\" rel=\"noreferrer noopener\" target=\"_blank\">https:\/\/forms.gle\/S7ZKNpgABJi62kcE8<\/a><\/p>\n","protected":false},"featured_media":22726,"template":"","meta":{"_acf_changed":true},"event-category":[164,169],"class_list":["post-22725","events","type-events","status-publish","has-post-thumbnail","hentry","event-category-kogemuslugu","event-category-erisundmus"],"acf":[],"yoast_head":"<!-- This site is optimized with the Yoast SEO plugin v27.4 - https:\/\/yoast.com\/product\/yoast-seo-wordpress\/ -->\n<title>Disain, mis hoolib kandjast ja keskkonnast - Tallinna Ettev\u00f5tlusinkubaator<\/title>\n<meta name=\"robots\" content=\"index, follow, max-snippet:-1, max-image-preview:large, max-video-preview:-1\" \/>\n<link rel=\"canonical\" href=\"https:\/\/inkubaator.tallinn.ee\/sundmused\/disain-mis-hoolib-kandjast-ja-keskkonnast\/\" \/>\n<meta property=\"og:locale\" content=\"en_US\" \/>\n<meta property=\"og:type\" content=\"article\" \/>\n<meta property=\"og:title\" content=\"Disain, mis hoolib kandjast ja keskkonnast - Tallinna Ettev\u00f5tlusinkubaator\" \/>\n<meta property=\"og:description\" content=\"Tule kuulama inspireerivat vestluspaneeli, kus kohtuvad Eesti br\u00e4ndid, kelle looming hoolib nii inimestest kui ka keskkonnast meie \u00fcmber. Paneeli fookuses on kudumidisain, j\u00e4tkusuutlikkus ning teadlik r\u00f5ivaste hooldamine ja hoiustamine \u2013 teemad, mis k\u00f5netavad iga\u00fcht, kes v\u00e4\u00e4rtustab kvaliteeti, vastutustundlikku tarbimist ja ajatut stiili. Vestluses osalevad: Paneel pakub sisukaid arutelusid, v\u00e4\u00e4rtuslikke praktilisi n\u00f5uandeid ja inspireerivaid vaatenurki neile, kes otsivad moest enamat \u2013 teadlikkust, kestvust ja s\u00fcgavamat t\u00e4hendust. Oled oodatud kuulama, k\u00fcsima ja kaasa m\u00f5tlema! S\u00fcndmus on tasuta, vajalik on eelregistreerumine. &nbsp;Palun anna enda tulekust teada siin:&nbsp;https:\/\/forms.gle\/S7ZKNpgABJi62kcE8\" \/>\n<meta property=\"og:url\" content=\"https:\/\/inkubaator.tallinn.ee\/sundmused\/disain-mis-hoolib-kandjast-ja-keskkonnast\/\" \/>\n<meta property=\"og:site_name\" content=\"Tallinna Ettev\u00f5tlusinkubaator\" \/>\n<meta property=\"article:modified_time\" content=\"2025-09-15T10:53:35+00:00\" \/>\n<meta property=\"og:image\" content=\"https:\/\/inkubaator.tallinn.ee\/wp-content\/uploads\/2025\/09\/545547705_1262583549215308_2381558593223179542_n.jpg\" \/>\n\t<meta property=\"og:image:width\" content=\"2048\" \/>\n\t<meta property=\"og:image:height\" content=\"1074\" \/>\n\t<meta property=\"og:image:type\" content=\"image\/jpeg\" \/>\n<meta name=\"twitter:card\" content=\"summary_large_image\" \/>\n<meta name=\"twitter:label1\" content=\"Est. reading time\" \/>\n\t<meta name=\"twitter:data1\" content=\"2 minutes\" \/>\n<script type=\"application\/ld+json\" class=\"yoast-schema-graph\">{\"@context\":\"https:\\\/\\\/schema.org\",\"@graph\":[{\"@type\":\"WebPage\",\"@id\":\"https:\\\/\\\/inkubaator.tallinn.ee\\\/sundmused\\\/disain-mis-hoolib-kandjast-ja-keskkonnast\\\/\",\"url\":\"https:\\\/\\\/inkubaator.tallinn.ee\\\/sundmused\\\/disain-mis-hoolib-kandjast-ja-keskkonnast\\\/\",\"name\":\"Disain, mis hoolib kandjast ja keskkonnast - Tallinna Ettev\u00f5tlusinkubaator\",\"isPartOf\":{\"@id\":\"https:\\\/\\\/inkubaator.tallinn.ee\\\/#website\"},\"primaryImageOfPage\":{\"@id\":\"https:\\\/\\\/inkubaator.tallinn.ee\\\/sundmused\\\/disain-mis-hoolib-kandjast-ja-keskkonnast\\\/#primaryimage\"},\"image\":{\"@id\":\"https:\\\/\\\/inkubaator.tallinn.ee\\\/sundmused\\\/disain-mis-hoolib-kandjast-ja-keskkonnast\\\/#primaryimage\"},\"thumbnailUrl\":\"https:\\\/\\\/inkubaator.tallinn.ee\\\/wp-content\\\/uploads\\\/2025\\\/09\\\/545547705_1262583549215308_2381558593223179542_n.jpg\",\"datePublished\":\"2025-09-15T10:46:58+00:00\",\"dateModified\":\"2025-09-15T10:53:35+00:00\",\"breadcrumb\":{\"@id\":\"https:\\\/\\\/inkubaator.tallinn.ee\\\/sundmused\\\/disain-mis-hoolib-kandjast-ja-keskkonnast\\\/#breadcrumb\"},\"inLanguage\":\"en-US\",\"potentialAction\":[{\"@type\":\"ReadAction\",\"target\":[\"https:\\\/\\\/inkubaator.tallinn.ee\\\/sundmused\\\/disain-mis-hoolib-kandjast-ja-keskkonnast\\\/\"]}]},{\"@type\":\"ImageObject\",\"inLanguage\":\"en-US\",\"@id\":\"https:\\\/\\\/inkubaator.tallinn.ee\\\/sundmused\\\/disain-mis-hoolib-kandjast-ja-keskkonnast\\\/#primaryimage\",\"url\":\"https:\\\/\\\/inkubaator.tallinn.ee\\\/wp-content\\\/uploads\\\/2025\\\/09\\\/545547705_1262583549215308_2381558593223179542_n.jpg\",\"contentUrl\":\"https:\\\/\\\/inkubaator.tallinn.ee\\\/wp-content\\\/uploads\\\/2025\\\/09\\\/545547705_1262583549215308_2381558593223179542_n.jpg\",\"width\":2048,\"height\":1074},{\"@type\":\"BreadcrumbList\",\"@id\":\"https:\\\/\\\/inkubaator.tallinn.ee\\\/sundmused\\\/disain-mis-hoolib-kandjast-ja-keskkonnast\\\/#breadcrumb\",\"itemListElement\":[{\"@type\":\"ListItem\",\"position\":1,\"name\":\"Home\",\"item\":\"https:\\\/\\\/inkubaator.tallinn.ee\\\/\"},{\"@type\":\"ListItem\",\"position\":2,\"name\":\"Disain, mis hoolib kandjast ja keskkonnast\"}]},{\"@type\":\"WebSite\",\"@id\":\"https:\\\/\\\/inkubaator.tallinn.ee\\\/#website\",\"url\":\"https:\\\/\\\/inkubaator.tallinn.ee\\\/\",\"name\":\"Tallinna Ettev\u00f5tlusinkubaator\",\"description\":\"Loo enda edulugu\",\"publisher\":{\"@id\":\"https:\\\/\\\/inkubaator.tallinn.ee\\\/#organization\"},\"potentialAction\":[{\"@type\":\"SearchAction\",\"target\":{\"@type\":\"EntryPoint\",\"urlTemplate\":\"https:\\\/\\\/inkubaator.tallinn.ee\\\/?s={search_term_string}\"},\"query-input\":{\"@type\":\"PropertyValueSpecification\",\"valueRequired\":true,\"valueName\":\"search_term_string\"}}],\"inLanguage\":\"en-US\"},{\"@type\":\"Organization\",\"@id\":\"https:\\\/\\\/inkubaator.tallinn.ee\\\/#organization\",\"name\":\"Tallinna Ettev\u00f5tlusinkubaator\",\"url\":\"https:\\\/\\\/inkubaator.tallinn.ee\\\/\",\"logo\":{\"@type\":\"ImageObject\",\"inLanguage\":\"en-US\",\"@id\":\"https:\\\/\\\/inkubaator.tallinn.ee\\\/#\\\/schema\\\/logo\\\/image\\\/\",\"url\":\"https:\\\/\\\/inkubaator.tallinn.ee\\\/wp-content\\\/uploads\\\/2024\\\/08\\\/favicon.webp\",\"contentUrl\":\"https:\\\/\\\/inkubaator.tallinn.ee\\\/wp-content\\\/uploads\\\/2024\\\/08\\\/favicon.webp\",\"width\":512,\"height\":512,\"caption\":\"Tallinna Ettev\u00f5tlusinkubaator\"},\"image\":{\"@id\":\"https:\\\/\\\/inkubaator.tallinn.ee\\\/#\\\/schema\\\/logo\\\/image\\\/\"}}]}<\/script>\n<!-- \/ Yoast SEO plugin. -->","yoast_head_json":{"title":"Disain, mis hoolib kandjast ja keskkonnast - Tallinna Ettev\u00f5tlusinkubaator","robots":{"index":"index","follow":"follow","max-snippet":"max-snippet:-1","max-image-preview":"max-image-preview:large","max-video-preview":"max-video-preview:-1"},"canonical":"https:\/\/inkubaator.tallinn.ee\/sundmused\/disain-mis-hoolib-kandjast-ja-keskkonnast\/","og_locale":"en_US","og_type":"article","og_title":"Disain, mis hoolib kandjast ja keskkonnast - Tallinna Ettev\u00f5tlusinkubaator","og_description":"Tule kuulama inspireerivat vestluspaneeli, kus kohtuvad Eesti br\u00e4ndid, kelle looming hoolib nii inimestest kui ka keskkonnast meie \u00fcmber. Paneeli fookuses on kudumidisain, j\u00e4tkusuutlikkus ning teadlik r\u00f5ivaste hooldamine ja hoiustamine \u2013 teemad, mis k\u00f5netavad iga\u00fcht, kes v\u00e4\u00e4rtustab kvaliteeti, vastutustundlikku tarbimist ja ajatut stiili. Vestluses osalevad: Paneel pakub sisukaid arutelusid, v\u00e4\u00e4rtuslikke praktilisi n\u00f5uandeid ja inspireerivaid vaatenurki neile, kes otsivad moest enamat \u2013 teadlikkust, kestvust ja s\u00fcgavamat t\u00e4hendust. Oled oodatud kuulama, k\u00fcsima ja kaasa m\u00f5tlema! S\u00fcndmus on tasuta, vajalik on eelregistreerumine. &nbsp;Palun anna enda tulekust teada siin:&nbsp;https:\/\/forms.gle\/S7ZKNpgABJi62kcE8","og_url":"https:\/\/inkubaator.tallinn.ee\/sundmused\/disain-mis-hoolib-kandjast-ja-keskkonnast\/","og_site_name":"Tallinna Ettev\u00f5tlusinkubaator","article_modified_time":"2025-09-15T10:53:35+00:00","og_image":[{"width":2048,"height":1074,"url":"https:\/\/inkubaator.tallinn.ee\/wp-content\/uploads\/2025\/09\/545547705_1262583549215308_2381558593223179542_n.jpg","type":"image\/jpeg"}],"twitter_card":"summary_large_image","twitter_misc":{"Est. reading time":"2 minutes"},"schema":{"@context":"https:\/\/schema.org","@graph":[{"@type":"WebPage","@id":"https:\/\/inkubaator.tallinn.ee\/sundmused\/disain-mis-hoolib-kandjast-ja-keskkonnast\/","url":"https:\/\/inkubaator.tallinn.ee\/sundmused\/disain-mis-hoolib-kandjast-ja-keskkonnast\/","name":"Disain, mis hoolib kandjast ja keskkonnast - Tallinna Ettev\u00f5tlusinkubaator","isPartOf":{"@id":"https:\/\/inkubaator.tallinn.ee\/#website"},"primaryImageOfPage":{"@id":"https:\/\/inkubaator.tallinn.ee\/sundmused\/disain-mis-hoolib-kandjast-ja-keskkonnast\/#primaryimage"},"image":{"@id":"https:\/\/inkubaator.tallinn.ee\/sundmused\/disain-mis-hoolib-kandjast-ja-keskkonnast\/#primaryimage"},"thumbnailUrl":"https:\/\/inkubaator.tallinn.ee\/wp-content\/uploads\/2025\/09\/545547705_1262583549215308_2381558593223179542_n.jpg","datePublished":"2025-09-15T10:46:58+00:00","dateModified":"2025-09-15T10:53:35+00:00","breadcrumb":{"@id":"https:\/\/inkubaator.tallinn.ee\/sundmused\/disain-mis-hoolib-kandjast-ja-keskkonnast\/#breadcrumb"},"inLanguage":"en-US","potentialAction":[{"@type":"ReadAction","target":["https:\/\/inkubaator.tallinn.ee\/sundmused\/disain-mis-hoolib-kandjast-ja-keskkonnast\/"]}]},{"@type":"ImageObject","inLanguage":"en-US","@id":"https:\/\/inkubaator.tallinn.ee\/sundmused\/disain-mis-hoolib-kandjast-ja-keskkonnast\/#primaryimage","url":"https:\/\/inkubaator.tallinn.ee\/wp-content\/uploads\/2025\/09\/545547705_1262583549215308_2381558593223179542_n.jpg","contentUrl":"https:\/\/inkubaator.tallinn.ee\/wp-content\/uploads\/2025\/09\/545547705_1262583549215308_2381558593223179542_n.jpg","width":2048,"height":1074},{"@type":"BreadcrumbList","@id":"https:\/\/inkubaator.tallinn.ee\/sundmused\/disain-mis-hoolib-kandjast-ja-keskkonnast\/#breadcrumb","itemListElement":[{"@type":"ListItem","position":1,"name":"Home","item":"https:\/\/inkubaator.tallinn.ee\/"},{"@type":"ListItem","position":2,"name":"Disain, mis hoolib kandjast ja keskkonnast"}]},{"@type":"WebSite","@id":"https:\/\/inkubaator.tallinn.ee\/#website","url":"https:\/\/inkubaator.tallinn.ee\/","name":"Tallinna Ettev\u00f5tlusinkubaator","description":"Loo enda edulugu","publisher":{"@id":"https:\/\/inkubaator.tallinn.ee\/#organization"},"potentialAction":[{"@type":"SearchAction","target":{"@type":"EntryPoint","urlTemplate":"https:\/\/inkubaator.tallinn.ee\/?s={search_term_string}"},"query-input":{"@type":"PropertyValueSpecification","valueRequired":true,"valueName":"search_term_string"}}],"inLanguage":"en-US"},{"@type":"Organization","@id":"https:\/\/inkubaator.tallinn.ee\/#organization","name":"Tallinna Ettev\u00f5tlusinkubaator","url":"https:\/\/inkubaator.tallinn.ee\/","logo":{"@type":"ImageObject","inLanguage":"en-US","@id":"https:\/\/inkubaator.tallinn.ee\/#\/schema\/logo\/image\/","url":"https:\/\/inkubaator.tallinn.ee\/wp-content\/uploads\/2024\/08\/favicon.webp","contentUrl":"https:\/\/inkubaator.tallinn.ee\/wp-content\/uploads\/2024\/08\/favicon.webp","width":512,"height":512,"caption":"Tallinna Ettev\u00f5tlusinkubaator"},"image":{"@id":"https:\/\/inkubaator.tallinn.ee\/#\/schema\/logo\/image\/"}}]}},"_links":{"self":[{"href":"https:\/\/inkubaator.tallinn.ee\/en\/wp-json\/wp\/v2\/events\/22725","targetHints":{"allow":["GET"]}}],"collection":[{"href":"https:\/\/inkubaator.tallinn.ee\/en\/wp-json\/wp\/v2\/events"}],"about":[{"href":"https:\/\/inkubaator.tallinn.ee\/en\/wp-json\/wp\/v2\/types\/events"}],"wp:featuredmedia":[{"embeddable":true,"href":"https:\/\/inkubaator.tallinn.ee\/en\/wp-json\/wp\/v2\/media\/22726"}],"wp:attachment":[{"href":"https:\/\/inkubaator.tallinn.ee\/en\/wp-json\/wp\/v2\/media?parent=22725"}],"wp:term":[{"taxonomy":"event-category","embeddable":true,"href":"https:\/\/inkubaator.tallinn.ee\/en\/wp-json\/wp\/v2\/event-category?post=22725"}],"curies":[{"name":"wp","href":"https:\/\/api.w.org\/{rel}","templated":true}]}}