{"id":22164,"date":"2025-08-14T15:19:54","date_gmt":"2025-08-14T13:19:54","guid":{"rendered":"https:\/\/inkubaator.tallinn.ee\/?post_type=events&#038;p=22164"},"modified":"2025-09-16T15:40:10","modified_gmt":"2025-09-16T13:40:10","slug":"millised-on-tekstiilide-omadused-ja-kasutusvoimalused","status":"publish","type":"events","link":"https:\/\/inkubaator.tallinn.ee\/en\/events\/millised-on-tekstiilide-omadused-ja-kasutusvoimalused\/","title":{"rendered":"Millised on tekstiilide omadused ja kasutusv\u00f5imalused?"},"content":{"rendered":"\n<p>Tekstiilide maailm on kirju \u2013 alates levinumatest looduslikest kiududest kuni uuenduslike s\u00fcnteetiliste lahendusteni. F\u00fc\u00fcsikalised ja keemilised omadused m\u00e4\u00e4ravad \u00e4ra tekstiilide vastupidavuse, hooldusviisid ja kasutusv\u00f5imalused. Erinevate materjalide tundmine aitab teha nii tarbijatel kui ka disaineritel teadlikumaid valikuid, v\u00e4ltida probleeme ning pikendada toodete eluiga.<\/p>\n\n\n\n<p>Materjalide omadusi k\u00e4sitleval seminaril saavad osalejad praktilised teadmised, mida rakendada nii tootearenduses kui ka klientidega suhtlemisel. P\u00e4ev sisaldab laborik\u00fclastust, inspireerivat loengut ja praktilisi arutelusid.<\/p>\n\n\n\n<p><strong>Ajakava<\/strong> &#8211;<mark style=\"background-color:#cf2e2e\" class=\"has-inline-color has-white-color\"> <strong>LABORIK\u00dcLASTUSTE KOHAD ON T\u00c4IS! Seminaril saab osaleda.<\/strong><\/mark><\/p>\n\n\n\n<p><strong>10.45-11.00&nbsp;Kogunemine Tallinna Tehnikak\u00f5rgkooli peamajas<\/strong><\/p>\n\n\n\n<p><strong>11.00-12.00 Tallinna Tehnikak\u00f5rgkooli tekstiilmaterjalide testimise labori ja antropomeetrialabori (3D sk\u00e4nneerimine) k\u00fclastus<\/strong> <strong><mark style=\"background-color:rgba(0, 0, 0, 0)\" class=\"has-inline-color has-vivid-red-color\">KOHAD T\u00c4IS!<\/mark><\/strong><\/p>\n\n\n\n<p><strong>12.00-12.15&nbsp;Sissejuhatus ja Baltic2Hand projekti tutvustus<\/strong> (Tallinna Ettev\u00f5tlusinkubaator)<\/p>\n\n\n\n<p><strong>12.15-13.00 Kuidas r\u00e4\u00e4kida kliendile materjalidest ja nende hooldusest?<\/strong> (Tallinna Ettev\u00f5tlusinkubaator)<\/p>\n\n\n\n<ul class=\"wp-block-list\">\n<li>Esitluses antakse \u00fclevaade erinevatest n\u00e4idetest, kuidas oma kodulehtedel esitada hooldusjuhendeid ja materjalide koostist. Seej\u00e4rel viiakse l\u00e4bi l\u00fchike praktiline osa.<\/li>\n<\/ul>\n\n\n\n<p><strong>13.15-15.00 Materjalide m\u00f5istmine \u2013 v\u00f5tmetee&nbsp;tekstiilide kasutamise uude ajastusse?<\/strong> (Diana Tuulik)<\/p>\n\n\n\n<ul class=\"wp-block-list\">\n<li>Esitluses k\u00e4sitletakse nii traditsioonilisi kui ka innovaatilisi tekstiilmaterjale, nende f\u00fc\u00fcsikalisi ja keemilisi omadusi ning erip\u00e4rasid hoolduses ja kasutuses. Juttu tuleb \u00fcmbert\u00f6\u00f6tlemise ja taaskasutuse v\u00f5imalustest, enamlevinud materjalide v\u00f5rdlusest ning sellest, kuidas materjalide kvaliteet m\u00f5jutab nende eluiga teises ringis. Samuti avatakse looduslike ja m\u00fcrgiste v\u00e4rv- ning viimistlusainete teema ning tutvustatakse olulisemaid sertifikaate.<\/li>\n<\/ul>\n\n\n\n<p><strong>15.00-15.45 <\/strong><strong>Artemise projekti tutvustus ja arutelu: <\/strong><strong>Kuidas koos arendada tekstiilide ringmajandust<\/strong>? (Paula Veske-Lepp)<\/p>\n\n\n\n<ul class=\"wp-block-list\">\n<li>ARTEMIS&nbsp;on Euroopa Liidu rahastatud koost\u00f6\u00f6projekt, mille eesm\u00e4rk on \u00fchendada erinevaid Euroopa piirkondi, \u00fclikoole, kodanikke ja ettev\u00f5tteid, et leida kohalikke lahendusi globaalsetele v\u00e4ljakutsetele.&nbsp;ARTEMIS&nbsp;toetab mobiilsust, teadmiste vahetust ja j\u00e4tkusuutlikkust. Seminaril arutleme, kuidas see haakub tekstiilide ringmajanduse teemaga.<\/li>\n<\/ul>\n\n\n\n<p><strong>15.45-16.45<\/strong> <strong>Tallinna Tehnikak\u00f5rgkooli tekstiilmaterjalide testimise labori ja antropomeetrialabori (3D sk\u00e4nneerimine) k\u00fclastus<\/strong> <strong><mark style=\"background-color:rgba(0, 0, 0, 0)\" class=\"has-inline-color has-vivid-red-color\">KOHAD T\u00c4IS!<\/mark><\/strong><\/p>\n\n\n\n<p><strong>Esinejate tutvustus:<\/strong><\/p>\n\n\n\n<p><strong>Diana Tuulik<\/strong> on Tallinna Tehnikak\u00f5rgkooli tehnoloogia ja ringmajanduse instituudi lektor. Ta on pikaaegse kogemusega materjali\u00f5petuse lektor, koolitaja ja ekspert, kelle kirg tekstiilmaterjalide vastu \u00fchendab teadusp\u00f5hise l\u00e4henemise ja keskkonnateadlikkuse. Tema loengud on hinnatud selguse, praktilisuse ja inspireeriva l\u00e4henemise poolest. Lisaks teadust\u00f6\u00f6le panustab Diana ka koost\u00f6\u00f6sse disainerite, tootjate ja kaubandus spetsialistidega, et suurendada teadlikkust ja edendada vastutustundlike materjalide kasutust.<\/p>\n\n\n\n<p><strong>Osalemine on tasuta, aga vajalik on registreerumine! Seminar toimub kohapeal Tallinna Tehnikak\u00f5rgkoolis.<\/strong><\/p>\n\n\n\n<p>T\u00f6\u00f6tuba toimub projekti Baltic2Hand raames. Projekti rahastab Interreg Kesk-L\u00e4\u00e4nemere programm 2021\u20132027, mida kaasrahastab Euroopa Liit. Projekti partnerid: Tallinna Ettev\u00f5tlusinkubaator, Laurea Rakendusk\u00f5rgkool, L\u00e4ti Kaubandus- ja T\u00f6\u00f6stuskoda, Turu Rakendusk\u00f5rgkool, Sustainability InnoCenter.<\/p>\n","protected":false},"featured_media":22165,"template":"","meta":{"_acf_changed":true},"event-category":[161],"class_list":["post-22164","events","type-events","status-publish","has-post-thumbnail","hentry","event-category-seminar"],"acf":[],"yoast_head":"<!-- This site is optimized with the Yoast SEO plugin v27.4 - https:\/\/yoast.com\/product\/yoast-seo-wordpress\/ -->\n<title>Millised on tekstiilide omadused ja kasutusv\u00f5imalused? - Tallinna Ettev\u00f5tlusinkubaator<\/title>\n<meta name=\"robots\" content=\"index, follow, max-snippet:-1, max-image-preview:large, max-video-preview:-1\" \/>\n<link rel=\"canonical\" href=\"https:\/\/inkubaator.tallinn.ee\/sundmused\/millised-on-tekstiilide-omadused-ja-kasutusvoimalused\/\" \/>\n<meta property=\"og:locale\" content=\"en_US\" \/>\n<meta property=\"og:type\" content=\"article\" \/>\n<meta property=\"og:title\" content=\"Millised on tekstiilide omadused ja kasutusv\u00f5imalused? - Tallinna Ettev\u00f5tlusinkubaator\" \/>\n<meta property=\"og:description\" content=\"Tekstiilide maailm on kirju \u2013 alates levinumatest looduslikest kiududest kuni uuenduslike s\u00fcnteetiliste lahendusteni. F\u00fc\u00fcsikalised ja keemilised omadused m\u00e4\u00e4ravad \u00e4ra tekstiilide vastupidavuse, hooldusviisid ja kasutusv\u00f5imalused. Erinevate materjalide tundmine aitab teha nii tarbijatel kui ka disaineritel teadlikumaid valikuid, v\u00e4ltida probleeme ning pikendada toodete eluiga. Materjalide omadusi k\u00e4sitleval seminaril saavad osalejad praktilised teadmised, mida rakendada nii tootearenduses kui ka klientidega suhtlemisel. P\u00e4ev sisaldab laborik\u00fclastust, inspireerivat loengut ja praktilisi arutelusid. Ajakava &#8211; LABORIK\u00dcLASTUSTE KOHAD ON T\u00c4IS! Seminaril saab osaleda. 10.45-11.00&nbsp;Kogunemine Tallinna Tehnikak\u00f5rgkooli peamajas 11.00-12.00 Tallinna Tehnikak\u00f5rgkooli tekstiilmaterjalide testimise labori ja antropomeetrialabori (3D sk\u00e4nneerimine) k\u00fclastus KOHAD T\u00c4IS! 12.00-12.15&nbsp;Sissejuhatus ja Baltic2Hand projekti tutvustus (Tallinna Ettev\u00f5tlusinkubaator) 12.15-13.00\u2026\" \/>\n<meta property=\"og:url\" content=\"https:\/\/inkubaator.tallinn.ee\/sundmused\/millised-on-tekstiilide-omadused-ja-kasutusvoimalused\/\" \/>\n<meta property=\"og:site_name\" content=\"Tallinna Ettev\u00f5tlusinkubaator\" \/>\n<meta property=\"article:modified_time\" content=\"2025-09-16T13:40:10+00:00\" \/>\n<meta property=\"og:image\" content=\"https:\/\/inkubaator.tallinn.ee\/wp-content\/uploads\/2025\/08\/B2H-seminar-TKTKs.png\" \/>\n\t<meta property=\"og:image:width\" content=\"1200\" \/>\n\t<meta property=\"og:image:height\" content=\"628\" \/>\n\t<meta property=\"og:image:type\" content=\"image\/png\" \/>\n<meta name=\"twitter:card\" content=\"summary_large_image\" \/>\n<meta name=\"twitter:label1\" content=\"Est. reading time\" \/>\n\t<meta name=\"twitter:data1\" content=\"3 minutes\" \/>\n<script type=\"application\/ld+json\" class=\"yoast-schema-graph\">{\"@context\":\"https:\\\/\\\/schema.org\",\"@graph\":[{\"@type\":\"WebPage\",\"@id\":\"https:\\\/\\\/inkubaator.tallinn.ee\\\/sundmused\\\/millised-on-tekstiilide-omadused-ja-kasutusvoimalused\\\/\",\"url\":\"https:\\\/\\\/inkubaator.tallinn.ee\\\/sundmused\\\/millised-on-tekstiilide-omadused-ja-kasutusvoimalused\\\/\",\"name\":\"Millised on tekstiilide omadused ja kasutusv\u00f5imalused? - Tallinna Ettev\u00f5tlusinkubaator\",\"isPartOf\":{\"@id\":\"https:\\\/\\\/inkubaator.tallinn.ee\\\/#website\"},\"primaryImageOfPage\":{\"@id\":\"https:\\\/\\\/inkubaator.tallinn.ee\\\/sundmused\\\/millised-on-tekstiilide-omadused-ja-kasutusvoimalused\\\/#primaryimage\"},\"image\":{\"@id\":\"https:\\\/\\\/inkubaator.tallinn.ee\\\/sundmused\\\/millised-on-tekstiilide-omadused-ja-kasutusvoimalused\\\/#primaryimage\"},\"thumbnailUrl\":\"https:\\\/\\\/inkubaator.tallinn.ee\\\/wp-content\\\/uploads\\\/2025\\\/08\\\/B2H-seminar-TKTKs.png\",\"datePublished\":\"2025-08-14T13:19:54+00:00\",\"dateModified\":\"2025-09-16T13:40:10+00:00\",\"breadcrumb\":{\"@id\":\"https:\\\/\\\/inkubaator.tallinn.ee\\\/sundmused\\\/millised-on-tekstiilide-omadused-ja-kasutusvoimalused\\\/#breadcrumb\"},\"inLanguage\":\"en-US\",\"potentialAction\":[{\"@type\":\"ReadAction\",\"target\":[\"https:\\\/\\\/inkubaator.tallinn.ee\\\/sundmused\\\/millised-on-tekstiilide-omadused-ja-kasutusvoimalused\\\/\"]}]},{\"@type\":\"ImageObject\",\"inLanguage\":\"en-US\",\"@id\":\"https:\\\/\\\/inkubaator.tallinn.ee\\\/sundmused\\\/millised-on-tekstiilide-omadused-ja-kasutusvoimalused\\\/#primaryimage\",\"url\":\"https:\\\/\\\/inkubaator.tallinn.ee\\\/wp-content\\\/uploads\\\/2025\\\/08\\\/B2H-seminar-TKTKs.png\",\"contentUrl\":\"https:\\\/\\\/inkubaator.tallinn.ee\\\/wp-content\\\/uploads\\\/2025\\\/08\\\/B2H-seminar-TKTKs.png\",\"width\":1200,\"height\":628},{\"@type\":\"BreadcrumbList\",\"@id\":\"https:\\\/\\\/inkubaator.tallinn.ee\\\/sundmused\\\/millised-on-tekstiilide-omadused-ja-kasutusvoimalused\\\/#breadcrumb\",\"itemListElement\":[{\"@type\":\"ListItem\",\"position\":1,\"name\":\"Home\",\"item\":\"https:\\\/\\\/inkubaator.tallinn.ee\\\/\"},{\"@type\":\"ListItem\",\"position\":2,\"name\":\"Millised on tekstiilide omadused ja kasutusv\u00f5imalused?\"}]},{\"@type\":\"WebSite\",\"@id\":\"https:\\\/\\\/inkubaator.tallinn.ee\\\/#website\",\"url\":\"https:\\\/\\\/inkubaator.tallinn.ee\\\/\",\"name\":\"Tallinna Ettev\u00f5tlusinkubaator\",\"description\":\"Loo enda edulugu\",\"publisher\":{\"@id\":\"https:\\\/\\\/inkubaator.tallinn.ee\\\/#organization\"},\"potentialAction\":[{\"@type\":\"SearchAction\",\"target\":{\"@type\":\"EntryPoint\",\"urlTemplate\":\"https:\\\/\\\/inkubaator.tallinn.ee\\\/?s={search_term_string}\"},\"query-input\":{\"@type\":\"PropertyValueSpecification\",\"valueRequired\":true,\"valueName\":\"search_term_string\"}}],\"inLanguage\":\"en-US\"},{\"@type\":\"Organization\",\"@id\":\"https:\\\/\\\/inkubaator.tallinn.ee\\\/#organization\",\"name\":\"Tallinna Ettev\u00f5tlusinkubaator\",\"url\":\"https:\\\/\\\/inkubaator.tallinn.ee\\\/\",\"logo\":{\"@type\":\"ImageObject\",\"inLanguage\":\"en-US\",\"@id\":\"https:\\\/\\\/inkubaator.tallinn.ee\\\/#\\\/schema\\\/logo\\\/image\\\/\",\"url\":\"https:\\\/\\\/inkubaator.tallinn.ee\\\/wp-content\\\/uploads\\\/2024\\\/08\\\/favicon.webp\",\"contentUrl\":\"https:\\\/\\\/inkubaator.tallinn.ee\\\/wp-content\\\/uploads\\\/2024\\\/08\\\/favicon.webp\",\"width\":512,\"height\":512,\"caption\":\"Tallinna Ettev\u00f5tlusinkubaator\"},\"image\":{\"@id\":\"https:\\\/\\\/inkubaator.tallinn.ee\\\/#\\\/schema\\\/logo\\\/image\\\/\"}}]}<\/script>\n<!-- \/ Yoast SEO plugin. -->","yoast_head_json":{"title":"Millised on tekstiilide omadused ja kasutusv\u00f5imalused? - Tallinna Ettev\u00f5tlusinkubaator","robots":{"index":"index","follow":"follow","max-snippet":"max-snippet:-1","max-image-preview":"max-image-preview:large","max-video-preview":"max-video-preview:-1"},"canonical":"https:\/\/inkubaator.tallinn.ee\/sundmused\/millised-on-tekstiilide-omadused-ja-kasutusvoimalused\/","og_locale":"en_US","og_type":"article","og_title":"Millised on tekstiilide omadused ja kasutusv\u00f5imalused? - Tallinna Ettev\u00f5tlusinkubaator","og_description":"Tekstiilide maailm on kirju \u2013 alates levinumatest looduslikest kiududest kuni uuenduslike s\u00fcnteetiliste lahendusteni. F\u00fc\u00fcsikalised ja keemilised omadused m\u00e4\u00e4ravad \u00e4ra tekstiilide vastupidavuse, hooldusviisid ja kasutusv\u00f5imalused. Erinevate materjalide tundmine aitab teha nii tarbijatel kui ka disaineritel teadlikumaid valikuid, v\u00e4ltida probleeme ning pikendada toodete eluiga. Materjalide omadusi k\u00e4sitleval seminaril saavad osalejad praktilised teadmised, mida rakendada nii tootearenduses kui ka klientidega suhtlemisel. P\u00e4ev sisaldab laborik\u00fclastust, inspireerivat loengut ja praktilisi arutelusid. Ajakava &#8211; LABORIK\u00dcLASTUSTE KOHAD ON T\u00c4IS! Seminaril saab osaleda. 10.45-11.00&nbsp;Kogunemine Tallinna Tehnikak\u00f5rgkooli peamajas 11.00-12.00 Tallinna Tehnikak\u00f5rgkooli tekstiilmaterjalide testimise labori ja antropomeetrialabori (3D sk\u00e4nneerimine) k\u00fclastus KOHAD T\u00c4IS! 12.00-12.15&nbsp;Sissejuhatus ja Baltic2Hand projekti tutvustus (Tallinna Ettev\u00f5tlusinkubaator) 12.15-13.00\u2026","og_url":"https:\/\/inkubaator.tallinn.ee\/sundmused\/millised-on-tekstiilide-omadused-ja-kasutusvoimalused\/","og_site_name":"Tallinna Ettev\u00f5tlusinkubaator","article_modified_time":"2025-09-16T13:40:10+00:00","og_image":[{"width":1200,"height":628,"url":"https:\/\/inkubaator.tallinn.ee\/wp-content\/uploads\/2025\/08\/B2H-seminar-TKTKs.png","type":"image\/png"}],"twitter_card":"summary_large_image","twitter_misc":{"Est. reading time":"3 minutes"},"schema":{"@context":"https:\/\/schema.org","@graph":[{"@type":"WebPage","@id":"https:\/\/inkubaator.tallinn.ee\/sundmused\/millised-on-tekstiilide-omadused-ja-kasutusvoimalused\/","url":"https:\/\/inkubaator.tallinn.ee\/sundmused\/millised-on-tekstiilide-omadused-ja-kasutusvoimalused\/","name":"Millised on tekstiilide omadused ja kasutusv\u00f5imalused? - Tallinna Ettev\u00f5tlusinkubaator","isPartOf":{"@id":"https:\/\/inkubaator.tallinn.ee\/#website"},"primaryImageOfPage":{"@id":"https:\/\/inkubaator.tallinn.ee\/sundmused\/millised-on-tekstiilide-omadused-ja-kasutusvoimalused\/#primaryimage"},"image":{"@id":"https:\/\/inkubaator.tallinn.ee\/sundmused\/millised-on-tekstiilide-omadused-ja-kasutusvoimalused\/#primaryimage"},"thumbnailUrl":"https:\/\/inkubaator.tallinn.ee\/wp-content\/uploads\/2025\/08\/B2H-seminar-TKTKs.png","datePublished":"2025-08-14T13:19:54+00:00","dateModified":"2025-09-16T13:40:10+00:00","breadcrumb":{"@id":"https:\/\/inkubaator.tallinn.ee\/sundmused\/millised-on-tekstiilide-omadused-ja-kasutusvoimalused\/#breadcrumb"},"inLanguage":"en-US","potentialAction":[{"@type":"ReadAction","target":["https:\/\/inkubaator.tallinn.ee\/sundmused\/millised-on-tekstiilide-omadused-ja-kasutusvoimalused\/"]}]},{"@type":"ImageObject","inLanguage":"en-US","@id":"https:\/\/inkubaator.tallinn.ee\/sundmused\/millised-on-tekstiilide-omadused-ja-kasutusvoimalused\/#primaryimage","url":"https:\/\/inkubaator.tallinn.ee\/wp-content\/uploads\/2025\/08\/B2H-seminar-TKTKs.png","contentUrl":"https:\/\/inkubaator.tallinn.ee\/wp-content\/uploads\/2025\/08\/B2H-seminar-TKTKs.png","width":1200,"height":628},{"@type":"BreadcrumbList","@id":"https:\/\/inkubaator.tallinn.ee\/sundmused\/millised-on-tekstiilide-omadused-ja-kasutusvoimalused\/#breadcrumb","itemListElement":[{"@type":"ListItem","position":1,"name":"Home","item":"https:\/\/inkubaator.tallinn.ee\/"},{"@type":"ListItem","position":2,"name":"Millised on tekstiilide omadused ja kasutusv\u00f5imalused?"}]},{"@type":"WebSite","@id":"https:\/\/inkubaator.tallinn.ee\/#website","url":"https:\/\/inkubaator.tallinn.ee\/","name":"Tallinna Ettev\u00f5tlusinkubaator","description":"Loo enda edulugu","publisher":{"@id":"https:\/\/inkubaator.tallinn.ee\/#organization"},"potentialAction":[{"@type":"SearchAction","target":{"@type":"EntryPoint","urlTemplate":"https:\/\/inkubaator.tallinn.ee\/?s={search_term_string}"},"query-input":{"@type":"PropertyValueSpecification","valueRequired":true,"valueName":"search_term_string"}}],"inLanguage":"en-US"},{"@type":"Organization","@id":"https:\/\/inkubaator.tallinn.ee\/#organization","name":"Tallinna Ettev\u00f5tlusinkubaator","url":"https:\/\/inkubaator.tallinn.ee\/","logo":{"@type":"ImageObject","inLanguage":"en-US","@id":"https:\/\/inkubaator.tallinn.ee\/#\/schema\/logo\/image\/","url":"https:\/\/inkubaator.tallinn.ee\/wp-content\/uploads\/2024\/08\/favicon.webp","contentUrl":"https:\/\/inkubaator.tallinn.ee\/wp-content\/uploads\/2024\/08\/favicon.webp","width":512,"height":512,"caption":"Tallinna Ettev\u00f5tlusinkubaator"},"image":{"@id":"https:\/\/inkubaator.tallinn.ee\/#\/schema\/logo\/image\/"}}]}},"_links":{"self":[{"href":"https:\/\/inkubaator.tallinn.ee\/en\/wp-json\/wp\/v2\/events\/22164","targetHints":{"allow":["GET"]}}],"collection":[{"href":"https:\/\/inkubaator.tallinn.ee\/en\/wp-json\/wp\/v2\/events"}],"about":[{"href":"https:\/\/inkubaator.tallinn.ee\/en\/wp-json\/wp\/v2\/types\/events"}],"wp:featuredmedia":[{"embeddable":true,"href":"https:\/\/inkubaator.tallinn.ee\/en\/wp-json\/wp\/v2\/media\/22165"}],"wp:attachment":[{"href":"https:\/\/inkubaator.tallinn.ee\/en\/wp-json\/wp\/v2\/media?parent=22164"}],"wp:term":[{"taxonomy":"event-category","embeddable":true,"href":"https:\/\/inkubaator.tallinn.ee\/en\/wp-json\/wp\/v2\/event-category?post=22164"}],"curies":[{"name":"wp","href":"https:\/\/api.w.org\/{rel}","templated":true}]}}