{"id":19836,"date":"2025-03-14T15:49:49","date_gmt":"2025-03-14T13:49:49","guid":{"rendered":"https:\/\/inkubaator.tallinn.ee\/?post_type=events&#038;p=19836"},"modified":"2025-03-14T15:55:53","modified_gmt":"2025-03-14T13:55:53","slug":"tactical-foodpack-lugu-toidutootjana-valisturgudel","status":"publish","type":"events","link":"https:\/\/inkubaator.tallinn.ee\/en\/events\/tactical-foodpack-lugu-toidutootjana-valisturgudel\/","title":{"rendered":"Tactical Foodpack lugu: Toidutootjana v\u00e4listurgudel"},"content":{"rendered":"\n<p>Ettev\u00f5te alustas tegevust aastal 2016, mil nad alustasid uuendusliku k\u00fclmkuivatamise tehnoloogia abil valmistoitude tootmist. T\u00e4naseks on tootevalik m\u00e4rkimisv\u00e4\u00e4rselt laienenud, h\u00f5lmates mitmek\u00fclgseid eineid, sealhulgas hommikus\u00f6\u00f6ke, pearoogasid ja suupisteid, mis on suunatud aktiivsetele inimestele nagu matkajad, seiklussportlased, jahimehed ja purjetajad.<\/p>\n\n\n\n<p>Aastate jooksul on Tactical Foodpack n\u00e4idanud muljetavaldavat kasvu. Lisaks sihikindlale t\u00f6\u00f6le on ettev\u00f5tte kasvu m\u00f5jutanud ka globaalsed s\u00fcndmused nagu COVID-19 pandeemia kui ka geopoliitilised muutused. Ettev\u00f5tte on algusest peale olnud ekspordile suunatud ja t\u00e4naseks on nende tooted saadaval 37 riigis \u00fcle maailma. Klientide hulka kuuluvad nii edasim\u00fc\u00fcjad, matkapoodid kui ka kaitset\u00f6\u00f6stus.<\/p>\n\n\n\n<p>2023 aastal viis ettev\u00f5te oma tootmise Saksamaale, kuna seal on tootmiseks paremad tingimused ja lihtsustab sisenemist USA turule.&nbsp;<\/p>\n\n\n\n<p><strong>S\u00fcndmusel r\u00e4\u00e4gime sellest, kuidas Tactical Foodpack alguse sai, milliseid tooteid nad pakuvad, kuidas nad uutele turgudele sisenesid, millal ja miks otsustati avada tootmine Saksamaal ning kuidas seal praegu l\u00e4heb. Arutleme ka selle \u00fcle, millised on peamised erinevused tootmises ja \u00e4ritegevuses v\u00f5rreldes Eestiga.<\/strong><\/p>\n\n\n\n<p><strong>Seminaril jagab kogemuslugu ettev\u00f5tte asutaja ja tegevjuht Sverre Puustusmaa.<\/strong><\/p>\n\n\n\n<p>S\u00fcndmus toimub Kultuurikatlas (Kursi tn 3) ja on TASUTA, aga vajalik on registreerumine.<\/p>\n\n\n\n<p><\/p>\n","protected":false},"featured_media":19837,"template":"","meta":{"_acf_changed":true},"event-category":[164],"class_list":["post-19836","events","type-events","status-publish","has-post-thumbnail","hentry","event-category-kogemuslugu"],"acf":[],"yoast_head":"<!-- This site is optimized with the Yoast SEO plugin v27.4 - https:\/\/yoast.com\/product\/yoast-seo-wordpress\/ -->\n<title>Tactical Foodpack lugu: Toidutootjana v\u00e4listurgudel - Tallinna Ettev\u00f5tlusinkubaator<\/title>\n<meta name=\"robots\" content=\"index, follow, max-snippet:-1, max-image-preview:large, max-video-preview:-1\" \/>\n<link rel=\"canonical\" href=\"https:\/\/inkubaator.tallinn.ee\/sundmused\/tactical-foodpack-lugu-toidutootjana-valisturgudel\/\" \/>\n<meta property=\"og:locale\" content=\"en_US\" \/>\n<meta property=\"og:type\" content=\"article\" \/>\n<meta property=\"og:title\" content=\"Tactical Foodpack lugu: Toidutootjana v\u00e4listurgudel - Tallinna Ettev\u00f5tlusinkubaator\" \/>\n<meta property=\"og:description\" content=\"Ettev\u00f5te alustas tegevust aastal 2016, mil nad alustasid uuendusliku k\u00fclmkuivatamise tehnoloogia abil valmistoitude tootmist. T\u00e4naseks on tootevalik m\u00e4rkimisv\u00e4\u00e4rselt laienenud, h\u00f5lmates mitmek\u00fclgseid eineid, sealhulgas hommikus\u00f6\u00f6ke, pearoogasid ja suupisteid, mis on suunatud aktiivsetele inimestele nagu matkajad, seiklussportlased, jahimehed ja purjetajad. Aastate jooksul on Tactical Foodpack n\u00e4idanud muljetavaldavat kasvu. Lisaks sihikindlale t\u00f6\u00f6le on ettev\u00f5tte kasvu m\u00f5jutanud ka globaalsed s\u00fcndmused nagu COVID-19 pandeemia kui ka geopoliitilised muutused. Ettev\u00f5tte on algusest peale olnud ekspordile suunatud ja t\u00e4naseks on nende tooted saadaval 37 riigis \u00fcle maailma. Klientide hulka kuuluvad nii edasim\u00fc\u00fcjad, matkapoodid kui ka kaitset\u00f6\u00f6stus. 2023 aastal viis ettev\u00f5te oma tootmise Saksamaale, kuna seal on tootmiseks\u2026\" \/>\n<meta property=\"og:url\" content=\"https:\/\/inkubaator.tallinn.ee\/sundmused\/tactical-foodpack-lugu-toidutootjana-valisturgudel\/\" \/>\n<meta property=\"og:site_name\" content=\"Tallinna Ettev\u00f5tlusinkubaator\" \/>\n<meta property=\"article:modified_time\" content=\"2025-03-14T13:55:53+00:00\" \/>\n<meta property=\"og:image\" content=\"https:\/\/inkubaator.tallinn.ee\/wp-content\/uploads\/2025\/03\/Tactical-Foodback.png\" \/>\n\t<meta property=\"og:image:width\" content=\"1049\" \/>\n\t<meta property=\"og:image:height\" content=\"587\" \/>\n\t<meta property=\"og:image:type\" content=\"image\/png\" \/>\n<meta name=\"twitter:card\" content=\"summary_large_image\" \/>\n<meta name=\"twitter:label1\" content=\"Est. reading time\" \/>\n\t<meta name=\"twitter:data1\" content=\"2 minutes\" \/>\n<script type=\"application\/ld+json\" class=\"yoast-schema-graph\">{\"@context\":\"https:\\\/\\\/schema.org\",\"@graph\":[{\"@type\":\"WebPage\",\"@id\":\"https:\\\/\\\/inkubaator.tallinn.ee\\\/sundmused\\\/tactical-foodpack-lugu-toidutootjana-valisturgudel\\\/\",\"url\":\"https:\\\/\\\/inkubaator.tallinn.ee\\\/sundmused\\\/tactical-foodpack-lugu-toidutootjana-valisturgudel\\\/\",\"name\":\"Tactical Foodpack lugu: Toidutootjana v\u00e4listurgudel - Tallinna Ettev\u00f5tlusinkubaator\",\"isPartOf\":{\"@id\":\"https:\\\/\\\/inkubaator.tallinn.ee\\\/#website\"},\"primaryImageOfPage\":{\"@id\":\"https:\\\/\\\/inkubaator.tallinn.ee\\\/sundmused\\\/tactical-foodpack-lugu-toidutootjana-valisturgudel\\\/#primaryimage\"},\"image\":{\"@id\":\"https:\\\/\\\/inkubaator.tallinn.ee\\\/sundmused\\\/tactical-foodpack-lugu-toidutootjana-valisturgudel\\\/#primaryimage\"},\"thumbnailUrl\":\"https:\\\/\\\/inkubaator.tallinn.ee\\\/wp-content\\\/uploads\\\/2025\\\/03\\\/Tactical-Foodback.png\",\"datePublished\":\"2025-03-14T13:49:49+00:00\",\"dateModified\":\"2025-03-14T13:55:53+00:00\",\"breadcrumb\":{\"@id\":\"https:\\\/\\\/inkubaator.tallinn.ee\\\/sundmused\\\/tactical-foodpack-lugu-toidutootjana-valisturgudel\\\/#breadcrumb\"},\"inLanguage\":\"en-US\",\"potentialAction\":[{\"@type\":\"ReadAction\",\"target\":[\"https:\\\/\\\/inkubaator.tallinn.ee\\\/sundmused\\\/tactical-foodpack-lugu-toidutootjana-valisturgudel\\\/\"]}]},{\"@type\":\"ImageObject\",\"inLanguage\":\"en-US\",\"@id\":\"https:\\\/\\\/inkubaator.tallinn.ee\\\/sundmused\\\/tactical-foodpack-lugu-toidutootjana-valisturgudel\\\/#primaryimage\",\"url\":\"https:\\\/\\\/inkubaator.tallinn.ee\\\/wp-content\\\/uploads\\\/2025\\\/03\\\/Tactical-Foodback.png\",\"contentUrl\":\"https:\\\/\\\/inkubaator.tallinn.ee\\\/wp-content\\\/uploads\\\/2025\\\/03\\\/Tactical-Foodback.png\",\"width\":1049,\"height\":587},{\"@type\":\"BreadcrumbList\",\"@id\":\"https:\\\/\\\/inkubaator.tallinn.ee\\\/sundmused\\\/tactical-foodpack-lugu-toidutootjana-valisturgudel\\\/#breadcrumb\",\"itemListElement\":[{\"@type\":\"ListItem\",\"position\":1,\"name\":\"Home\",\"item\":\"https:\\\/\\\/inkubaator.tallinn.ee\\\/\"},{\"@type\":\"ListItem\",\"position\":2,\"name\":\"Tactical Foodpack lugu: Toidutootjana v\u00e4listurgudel\"}]},{\"@type\":\"WebSite\",\"@id\":\"https:\\\/\\\/inkubaator.tallinn.ee\\\/#website\",\"url\":\"https:\\\/\\\/inkubaator.tallinn.ee\\\/\",\"name\":\"Tallinna Ettev\u00f5tlusinkubaator\",\"description\":\"Loo enda edulugu\",\"publisher\":{\"@id\":\"https:\\\/\\\/inkubaator.tallinn.ee\\\/#organization\"},\"potentialAction\":[{\"@type\":\"SearchAction\",\"target\":{\"@type\":\"EntryPoint\",\"urlTemplate\":\"https:\\\/\\\/inkubaator.tallinn.ee\\\/?s={search_term_string}\"},\"query-input\":{\"@type\":\"PropertyValueSpecification\",\"valueRequired\":true,\"valueName\":\"search_term_string\"}}],\"inLanguage\":\"en-US\"},{\"@type\":\"Organization\",\"@id\":\"https:\\\/\\\/inkubaator.tallinn.ee\\\/#organization\",\"name\":\"Tallinna Ettev\u00f5tlusinkubaator\",\"url\":\"https:\\\/\\\/inkubaator.tallinn.ee\\\/\",\"logo\":{\"@type\":\"ImageObject\",\"inLanguage\":\"en-US\",\"@id\":\"https:\\\/\\\/inkubaator.tallinn.ee\\\/#\\\/schema\\\/logo\\\/image\\\/\",\"url\":\"https:\\\/\\\/inkubaator.tallinn.ee\\\/wp-content\\\/uploads\\\/2024\\\/08\\\/favicon.webp\",\"contentUrl\":\"https:\\\/\\\/inkubaator.tallinn.ee\\\/wp-content\\\/uploads\\\/2024\\\/08\\\/favicon.webp\",\"width\":512,\"height\":512,\"caption\":\"Tallinna Ettev\u00f5tlusinkubaator\"},\"image\":{\"@id\":\"https:\\\/\\\/inkubaator.tallinn.ee\\\/#\\\/schema\\\/logo\\\/image\\\/\"}}]}<\/script>\n<!-- \/ Yoast SEO plugin. -->","yoast_head_json":{"title":"Tactical Foodpack lugu: Toidutootjana v\u00e4listurgudel - Tallinna Ettev\u00f5tlusinkubaator","robots":{"index":"index","follow":"follow","max-snippet":"max-snippet:-1","max-image-preview":"max-image-preview:large","max-video-preview":"max-video-preview:-1"},"canonical":"https:\/\/inkubaator.tallinn.ee\/sundmused\/tactical-foodpack-lugu-toidutootjana-valisturgudel\/","og_locale":"en_US","og_type":"article","og_title":"Tactical Foodpack lugu: Toidutootjana v\u00e4listurgudel - Tallinna Ettev\u00f5tlusinkubaator","og_description":"Ettev\u00f5te alustas tegevust aastal 2016, mil nad alustasid uuendusliku k\u00fclmkuivatamise tehnoloogia abil valmistoitude tootmist. T\u00e4naseks on tootevalik m\u00e4rkimisv\u00e4\u00e4rselt laienenud, h\u00f5lmates mitmek\u00fclgseid eineid, sealhulgas hommikus\u00f6\u00f6ke, pearoogasid ja suupisteid, mis on suunatud aktiivsetele inimestele nagu matkajad, seiklussportlased, jahimehed ja purjetajad. Aastate jooksul on Tactical Foodpack n\u00e4idanud muljetavaldavat kasvu. Lisaks sihikindlale t\u00f6\u00f6le on ettev\u00f5tte kasvu m\u00f5jutanud ka globaalsed s\u00fcndmused nagu COVID-19 pandeemia kui ka geopoliitilised muutused. Ettev\u00f5tte on algusest peale olnud ekspordile suunatud ja t\u00e4naseks on nende tooted saadaval 37 riigis \u00fcle maailma. Klientide hulka kuuluvad nii edasim\u00fc\u00fcjad, matkapoodid kui ka kaitset\u00f6\u00f6stus. 2023 aastal viis ettev\u00f5te oma tootmise Saksamaale, kuna seal on tootmiseks\u2026","og_url":"https:\/\/inkubaator.tallinn.ee\/sundmused\/tactical-foodpack-lugu-toidutootjana-valisturgudel\/","og_site_name":"Tallinna Ettev\u00f5tlusinkubaator","article_modified_time":"2025-03-14T13:55:53+00:00","og_image":[{"width":1049,"height":587,"url":"https:\/\/inkubaator.tallinn.ee\/wp-content\/uploads\/2025\/03\/Tactical-Foodback.png","type":"image\/png"}],"twitter_card":"summary_large_image","twitter_misc":{"Est. reading time":"2 minutes"},"schema":{"@context":"https:\/\/schema.org","@graph":[{"@type":"WebPage","@id":"https:\/\/inkubaator.tallinn.ee\/sundmused\/tactical-foodpack-lugu-toidutootjana-valisturgudel\/","url":"https:\/\/inkubaator.tallinn.ee\/sundmused\/tactical-foodpack-lugu-toidutootjana-valisturgudel\/","name":"Tactical Foodpack lugu: Toidutootjana v\u00e4listurgudel - Tallinna Ettev\u00f5tlusinkubaator","isPartOf":{"@id":"https:\/\/inkubaator.tallinn.ee\/#website"},"primaryImageOfPage":{"@id":"https:\/\/inkubaator.tallinn.ee\/sundmused\/tactical-foodpack-lugu-toidutootjana-valisturgudel\/#primaryimage"},"image":{"@id":"https:\/\/inkubaator.tallinn.ee\/sundmused\/tactical-foodpack-lugu-toidutootjana-valisturgudel\/#primaryimage"},"thumbnailUrl":"https:\/\/inkubaator.tallinn.ee\/wp-content\/uploads\/2025\/03\/Tactical-Foodback.png","datePublished":"2025-03-14T13:49:49+00:00","dateModified":"2025-03-14T13:55:53+00:00","breadcrumb":{"@id":"https:\/\/inkubaator.tallinn.ee\/sundmused\/tactical-foodpack-lugu-toidutootjana-valisturgudel\/#breadcrumb"},"inLanguage":"en-US","potentialAction":[{"@type":"ReadAction","target":["https:\/\/inkubaator.tallinn.ee\/sundmused\/tactical-foodpack-lugu-toidutootjana-valisturgudel\/"]}]},{"@type":"ImageObject","inLanguage":"en-US","@id":"https:\/\/inkubaator.tallinn.ee\/sundmused\/tactical-foodpack-lugu-toidutootjana-valisturgudel\/#primaryimage","url":"https:\/\/inkubaator.tallinn.ee\/wp-content\/uploads\/2025\/03\/Tactical-Foodback.png","contentUrl":"https:\/\/inkubaator.tallinn.ee\/wp-content\/uploads\/2025\/03\/Tactical-Foodback.png","width":1049,"height":587},{"@type":"BreadcrumbList","@id":"https:\/\/inkubaator.tallinn.ee\/sundmused\/tactical-foodpack-lugu-toidutootjana-valisturgudel\/#breadcrumb","itemListElement":[{"@type":"ListItem","position":1,"name":"Home","item":"https:\/\/inkubaator.tallinn.ee\/"},{"@type":"ListItem","position":2,"name":"Tactical Foodpack lugu: Toidutootjana v\u00e4listurgudel"}]},{"@type":"WebSite","@id":"https:\/\/inkubaator.tallinn.ee\/#website","url":"https:\/\/inkubaator.tallinn.ee\/","name":"Tallinna Ettev\u00f5tlusinkubaator","description":"Loo enda edulugu","publisher":{"@id":"https:\/\/inkubaator.tallinn.ee\/#organization"},"potentialAction":[{"@type":"SearchAction","target":{"@type":"EntryPoint","urlTemplate":"https:\/\/inkubaator.tallinn.ee\/?s={search_term_string}"},"query-input":{"@type":"PropertyValueSpecification","valueRequired":true,"valueName":"search_term_string"}}],"inLanguage":"en-US"},{"@type":"Organization","@id":"https:\/\/inkubaator.tallinn.ee\/#organization","name":"Tallinna Ettev\u00f5tlusinkubaator","url":"https:\/\/inkubaator.tallinn.ee\/","logo":{"@type":"ImageObject","inLanguage":"en-US","@id":"https:\/\/inkubaator.tallinn.ee\/#\/schema\/logo\/image\/","url":"https:\/\/inkubaator.tallinn.ee\/wp-content\/uploads\/2024\/08\/favicon.webp","contentUrl":"https:\/\/inkubaator.tallinn.ee\/wp-content\/uploads\/2024\/08\/favicon.webp","width":512,"height":512,"caption":"Tallinna Ettev\u00f5tlusinkubaator"},"image":{"@id":"https:\/\/inkubaator.tallinn.ee\/#\/schema\/logo\/image\/"}}]}},"_links":{"self":[{"href":"https:\/\/inkubaator.tallinn.ee\/en\/wp-json\/wp\/v2\/events\/19836","targetHints":{"allow":["GET"]}}],"collection":[{"href":"https:\/\/inkubaator.tallinn.ee\/en\/wp-json\/wp\/v2\/events"}],"about":[{"href":"https:\/\/inkubaator.tallinn.ee\/en\/wp-json\/wp\/v2\/types\/events"}],"wp:featuredmedia":[{"embeddable":true,"href":"https:\/\/inkubaator.tallinn.ee\/en\/wp-json\/wp\/v2\/media\/19837"}],"wp:attachment":[{"href":"https:\/\/inkubaator.tallinn.ee\/en\/wp-json\/wp\/v2\/media?parent=19836"}],"wp:term":[{"taxonomy":"event-category","embeddable":true,"href":"https:\/\/inkubaator.tallinn.ee\/en\/wp-json\/wp\/v2\/event-category?post=19836"}],"curies":[{"name":"wp","href":"https:\/\/api.w.org\/{rel}","templated":true}]}}