{"id":18331,"date":"2024-11-25T11:40:00","date_gmt":"2024-11-25T09:40:00","guid":{"rendered":"https:\/\/inkubaator.tallinn.ee\/?post_type=events&#038;p=18331"},"modified":"2025-02-18T15:56:41","modified_gmt":"2025-02-18T13:56:41","slug":"disain-kohtub-disainiga-tonis-vellama-teekond-disainerina","status":"publish","type":"events","link":"https:\/\/inkubaator.tallinn.ee\/en\/events\/disain-kohtub-disainiga-tonis-vellama-teekond-disainerina\/","title":{"rendered":"Disain kohtub Disainiga: T\u00f5nis Vellama teekond disainerina"},"content":{"rendered":"\n<p>T\u00f5nis Vellama on valgustite disainile p\u00fchendunud alates Kunstiakadeemia l\u00f5put\u00f6\u00f6st \u2013 v\u00e4lisvalgusti sari, millest teostatud osa oli Rahvusraamatukogu peasissek\u00e4igutee valgustid.<\/p>\n\n\n\n<p>Enne oma ettev\u00f5tte asutamist on T\u00f5nis t\u00f6\u00f6tanud viis aastat Taani disainib\u00fcroos Jacob Jensen Design ja viis aastat Norra valgustitootja Glamox Eesti tehase disainerina. Ta on SEOS Valgustuse autorikollektsiooni looja ja paljude \u00fchiskondlike ruumide originaalvalgustite autor, mille hulgas on kontserdisaale, hotelle, saatkondi.<\/p>\n\n\n\n<p>T\u00f5nise \u00fcheks stiilin\u00e4iteks on moodsad l\u00fchtrid, kus on kombineeritud klassikaliste l\u00fchtrite vorm uusimate valgustehniliste v\u00f5imalustega. Tema k\u00e4ekirja v\u00f5iks tinglikult nimetada terminiga romantiline minimalism. SEOS valgustid on osalenud paljude Eesti disaini tutvustavate n\u00e4ituste v\u00e4ljapanekutes \u00fcle maailma.<\/p>\n\n\n\n<p><strong>Kogemuslool kuuleme: <\/strong><\/p>\n\n\n\n<ul class=\"wp-block-list\">\n<li>Millal tekkis huvi disaini ja t\u00e4psemalt valgustite vastu? Millised olid esimesed katsetused? <\/li>\n\n\n\n<li>Millised on olnud arenguh\u00fcpped disainerina? <\/li>\n\n\n\n<li>Millal sai alguse br\u00e4nd SEOS Valgustus? Milline on olnud firma areng l\u00e4bi aastate? <\/li>\n\n\n\n<li>Millised on olnud suuremad kasvuh\u00fcpped ja planeeritud kasvustrateegia? <\/li>\n\n\n\n<li>Milline osa on ekspordil?<\/li>\n\n\n\n<li> Milline on visioon j\u00e4rgmiseks viieks aastaks?&nbsp;<\/li>\n<\/ul>\n\n\n\n<p>\u00dcritus toimub SEOS Valgustuse stuudios Liimi 6\/2.<\/p>\n\n\n\n<p>\u00dcritus on TASUTA, aga vajalik on registreerimine.<\/p>\n\n\n\n<p><em>K\u00e4esolev s\u00fcndmus toimub projekti \u201cTallinna Loomeinkubaatori tugiteenused loomeettev\u00f5tjatele j\u00e4tkusuutlikuks arenguks ja ekspordiv\u00f5imekuse kasvuks\u201d raames ning see on kaasrahastatatud Euroopa Liidu poolt.<\/em><\/p>\n\n\n\n<p><\/p>\n","protected":false},"featured_media":18332,"template":"","meta":{"_acf_changed":true},"event-category":[164],"class_list":["post-18331","events","type-events","status-publish","has-post-thumbnail","hentry","event-category-kogemuslugu"],"acf":[],"yoast_head":"<!-- This site is optimized with the Yoast SEO plugin v27.4 - https:\/\/yoast.com\/product\/yoast-seo-wordpress\/ -->\n<title>Disain kohtub Disainiga: T\u00f5nis Vellama teekond disainerina - Tallinna Ettev\u00f5tlusinkubaator<\/title>\n<meta name=\"robots\" content=\"index, follow, max-snippet:-1, max-image-preview:large, max-video-preview:-1\" \/>\n<link rel=\"canonical\" href=\"https:\/\/inkubaator.tallinn.ee\/sundmused\/disain-kohtub-disainiga-tonis-vellama-teekond-disainerina\/\" \/>\n<meta property=\"og:locale\" content=\"en_US\" \/>\n<meta property=\"og:type\" content=\"article\" \/>\n<meta property=\"og:title\" content=\"Disain kohtub Disainiga: T\u00f5nis Vellama teekond disainerina - Tallinna Ettev\u00f5tlusinkubaator\" \/>\n<meta property=\"og:description\" content=\"T\u00f5nis Vellama on valgustite disainile p\u00fchendunud alates Kunstiakadeemia l\u00f5put\u00f6\u00f6st \u2013 v\u00e4lisvalgusti sari, millest teostatud osa oli Rahvusraamatukogu peasissek\u00e4igutee valgustid. Enne oma ettev\u00f5tte asutamist on T\u00f5nis t\u00f6\u00f6tanud viis aastat Taani disainib\u00fcroos Jacob Jensen Design ja viis aastat Norra valgustitootja Glamox Eesti tehase disainerina. Ta on SEOS Valgustuse autorikollektsiooni looja ja paljude \u00fchiskondlike ruumide originaalvalgustite autor, mille hulgas on kontserdisaale, hotelle, saatkondi. T\u00f5nise \u00fcheks stiilin\u00e4iteks on moodsad l\u00fchtrid, kus on kombineeritud klassikaliste l\u00fchtrite vorm uusimate valgustehniliste v\u00f5imalustega. Tema k\u00e4ekirja v\u00f5iks tinglikult nimetada terminiga romantiline minimalism. SEOS valgustid on osalenud paljude Eesti disaini tutvustavate n\u00e4ituste v\u00e4ljapanekutes \u00fcle maailma. Kogemuslool kuuleme: \u00dcritus toimub SEOS\u2026\" \/>\n<meta property=\"og:url\" content=\"https:\/\/inkubaator.tallinn.ee\/sundmused\/disain-kohtub-disainiga-tonis-vellama-teekond-disainerina\/\" \/>\n<meta property=\"og:site_name\" content=\"Tallinna Ettev\u00f5tlusinkubaator\" \/>\n<meta property=\"article:modified_time\" content=\"2025-02-18T13:56:41+00:00\" \/>\n<meta property=\"og:image\" content=\"https:\/\/inkubaator.tallinn.ee\/wp-content\/uploads\/2024\/11\/Instagram-post-1080x1080px-12.png\" \/>\n\t<meta property=\"og:image:width\" content=\"1049\" \/>\n\t<meta property=\"og:image:height\" content=\"586\" \/>\n\t<meta property=\"og:image:type\" content=\"image\/png\" \/>\n<meta name=\"twitter:card\" content=\"summary_large_image\" \/>\n<meta name=\"twitter:label1\" content=\"Est. reading time\" \/>\n\t<meta name=\"twitter:data1\" content=\"2 minutes\" \/>\n<script type=\"application\/ld+json\" class=\"yoast-schema-graph\">{\"@context\":\"https:\\\/\\\/schema.org\",\"@graph\":[{\"@type\":\"WebPage\",\"@id\":\"https:\\\/\\\/inkubaator.tallinn.ee\\\/sundmused\\\/disain-kohtub-disainiga-tonis-vellama-teekond-disainerina\\\/\",\"url\":\"https:\\\/\\\/inkubaator.tallinn.ee\\\/sundmused\\\/disain-kohtub-disainiga-tonis-vellama-teekond-disainerina\\\/\",\"name\":\"Disain kohtub Disainiga: T\u00f5nis Vellama teekond disainerina - Tallinna Ettev\u00f5tlusinkubaator\",\"isPartOf\":{\"@id\":\"https:\\\/\\\/inkubaator.tallinn.ee\\\/#website\"},\"primaryImageOfPage\":{\"@id\":\"https:\\\/\\\/inkubaator.tallinn.ee\\\/sundmused\\\/disain-kohtub-disainiga-tonis-vellama-teekond-disainerina\\\/#primaryimage\"},\"image\":{\"@id\":\"https:\\\/\\\/inkubaator.tallinn.ee\\\/sundmused\\\/disain-kohtub-disainiga-tonis-vellama-teekond-disainerina\\\/#primaryimage\"},\"thumbnailUrl\":\"https:\\\/\\\/inkubaator.tallinn.ee\\\/wp-content\\\/uploads\\\/2024\\\/11\\\/Instagram-post-1080x1080px-12.png\",\"datePublished\":\"2024-11-25T09:40:00+00:00\",\"dateModified\":\"2025-02-18T13:56:41+00:00\",\"breadcrumb\":{\"@id\":\"https:\\\/\\\/inkubaator.tallinn.ee\\\/sundmused\\\/disain-kohtub-disainiga-tonis-vellama-teekond-disainerina\\\/#breadcrumb\"},\"inLanguage\":\"en-US\",\"potentialAction\":[{\"@type\":\"ReadAction\",\"target\":[\"https:\\\/\\\/inkubaator.tallinn.ee\\\/sundmused\\\/disain-kohtub-disainiga-tonis-vellama-teekond-disainerina\\\/\"]}]},{\"@type\":\"ImageObject\",\"inLanguage\":\"en-US\",\"@id\":\"https:\\\/\\\/inkubaator.tallinn.ee\\\/sundmused\\\/disain-kohtub-disainiga-tonis-vellama-teekond-disainerina\\\/#primaryimage\",\"url\":\"https:\\\/\\\/inkubaator.tallinn.ee\\\/wp-content\\\/uploads\\\/2024\\\/11\\\/Instagram-post-1080x1080px-12.png\",\"contentUrl\":\"https:\\\/\\\/inkubaator.tallinn.ee\\\/wp-content\\\/uploads\\\/2024\\\/11\\\/Instagram-post-1080x1080px-12.png\",\"width\":1049,\"height\":586},{\"@type\":\"BreadcrumbList\",\"@id\":\"https:\\\/\\\/inkubaator.tallinn.ee\\\/sundmused\\\/disain-kohtub-disainiga-tonis-vellama-teekond-disainerina\\\/#breadcrumb\",\"itemListElement\":[{\"@type\":\"ListItem\",\"position\":1,\"name\":\"Home\",\"item\":\"https:\\\/\\\/inkubaator.tallinn.ee\\\/\"},{\"@type\":\"ListItem\",\"position\":2,\"name\":\"Disain kohtub Disainiga: T\u00f5nis Vellama teekond disainerina\"}]},{\"@type\":\"WebSite\",\"@id\":\"https:\\\/\\\/inkubaator.tallinn.ee\\\/#website\",\"url\":\"https:\\\/\\\/inkubaator.tallinn.ee\\\/\",\"name\":\"Tallinna Ettev\u00f5tlusinkubaator\",\"description\":\"Loo enda edulugu\",\"publisher\":{\"@id\":\"https:\\\/\\\/inkubaator.tallinn.ee\\\/#organization\"},\"potentialAction\":[{\"@type\":\"SearchAction\",\"target\":{\"@type\":\"EntryPoint\",\"urlTemplate\":\"https:\\\/\\\/inkubaator.tallinn.ee\\\/?s={search_term_string}\"},\"query-input\":{\"@type\":\"PropertyValueSpecification\",\"valueRequired\":true,\"valueName\":\"search_term_string\"}}],\"inLanguage\":\"en-US\"},{\"@type\":\"Organization\",\"@id\":\"https:\\\/\\\/inkubaator.tallinn.ee\\\/#organization\",\"name\":\"Tallinna Ettev\u00f5tlusinkubaator\",\"url\":\"https:\\\/\\\/inkubaator.tallinn.ee\\\/\",\"logo\":{\"@type\":\"ImageObject\",\"inLanguage\":\"en-US\",\"@id\":\"https:\\\/\\\/inkubaator.tallinn.ee\\\/#\\\/schema\\\/logo\\\/image\\\/\",\"url\":\"https:\\\/\\\/inkubaator.tallinn.ee\\\/wp-content\\\/uploads\\\/2024\\\/08\\\/favicon.webp\",\"contentUrl\":\"https:\\\/\\\/inkubaator.tallinn.ee\\\/wp-content\\\/uploads\\\/2024\\\/08\\\/favicon.webp\",\"width\":512,\"height\":512,\"caption\":\"Tallinna Ettev\u00f5tlusinkubaator\"},\"image\":{\"@id\":\"https:\\\/\\\/inkubaator.tallinn.ee\\\/#\\\/schema\\\/logo\\\/image\\\/\"}}]}<\/script>\n<!-- \/ Yoast SEO plugin. -->","yoast_head_json":{"title":"Disain kohtub Disainiga: T\u00f5nis Vellama teekond disainerina - Tallinna Ettev\u00f5tlusinkubaator","robots":{"index":"index","follow":"follow","max-snippet":"max-snippet:-1","max-image-preview":"max-image-preview:large","max-video-preview":"max-video-preview:-1"},"canonical":"https:\/\/inkubaator.tallinn.ee\/sundmused\/disain-kohtub-disainiga-tonis-vellama-teekond-disainerina\/","og_locale":"en_US","og_type":"article","og_title":"Disain kohtub Disainiga: T\u00f5nis Vellama teekond disainerina - Tallinna Ettev\u00f5tlusinkubaator","og_description":"T\u00f5nis Vellama on valgustite disainile p\u00fchendunud alates Kunstiakadeemia l\u00f5put\u00f6\u00f6st \u2013 v\u00e4lisvalgusti sari, millest teostatud osa oli Rahvusraamatukogu peasissek\u00e4igutee valgustid. Enne oma ettev\u00f5tte asutamist on T\u00f5nis t\u00f6\u00f6tanud viis aastat Taani disainib\u00fcroos Jacob Jensen Design ja viis aastat Norra valgustitootja Glamox Eesti tehase disainerina. Ta on SEOS Valgustuse autorikollektsiooni looja ja paljude \u00fchiskondlike ruumide originaalvalgustite autor, mille hulgas on kontserdisaale, hotelle, saatkondi. T\u00f5nise \u00fcheks stiilin\u00e4iteks on moodsad l\u00fchtrid, kus on kombineeritud klassikaliste l\u00fchtrite vorm uusimate valgustehniliste v\u00f5imalustega. Tema k\u00e4ekirja v\u00f5iks tinglikult nimetada terminiga romantiline minimalism. SEOS valgustid on osalenud paljude Eesti disaini tutvustavate n\u00e4ituste v\u00e4ljapanekutes \u00fcle maailma. Kogemuslool kuuleme: \u00dcritus toimub SEOS\u2026","og_url":"https:\/\/inkubaator.tallinn.ee\/sundmused\/disain-kohtub-disainiga-tonis-vellama-teekond-disainerina\/","og_site_name":"Tallinna Ettev\u00f5tlusinkubaator","article_modified_time":"2025-02-18T13:56:41+00:00","og_image":[{"width":1049,"height":586,"url":"https:\/\/inkubaator.tallinn.ee\/wp-content\/uploads\/2024\/11\/Instagram-post-1080x1080px-12.png","type":"image\/png"}],"twitter_card":"summary_large_image","twitter_misc":{"Est. reading time":"2 minutes"},"schema":{"@context":"https:\/\/schema.org","@graph":[{"@type":"WebPage","@id":"https:\/\/inkubaator.tallinn.ee\/sundmused\/disain-kohtub-disainiga-tonis-vellama-teekond-disainerina\/","url":"https:\/\/inkubaator.tallinn.ee\/sundmused\/disain-kohtub-disainiga-tonis-vellama-teekond-disainerina\/","name":"Disain kohtub Disainiga: T\u00f5nis Vellama teekond disainerina - Tallinna Ettev\u00f5tlusinkubaator","isPartOf":{"@id":"https:\/\/inkubaator.tallinn.ee\/#website"},"primaryImageOfPage":{"@id":"https:\/\/inkubaator.tallinn.ee\/sundmused\/disain-kohtub-disainiga-tonis-vellama-teekond-disainerina\/#primaryimage"},"image":{"@id":"https:\/\/inkubaator.tallinn.ee\/sundmused\/disain-kohtub-disainiga-tonis-vellama-teekond-disainerina\/#primaryimage"},"thumbnailUrl":"https:\/\/inkubaator.tallinn.ee\/wp-content\/uploads\/2024\/11\/Instagram-post-1080x1080px-12.png","datePublished":"2024-11-25T09:40:00+00:00","dateModified":"2025-02-18T13:56:41+00:00","breadcrumb":{"@id":"https:\/\/inkubaator.tallinn.ee\/sundmused\/disain-kohtub-disainiga-tonis-vellama-teekond-disainerina\/#breadcrumb"},"inLanguage":"en-US","potentialAction":[{"@type":"ReadAction","target":["https:\/\/inkubaator.tallinn.ee\/sundmused\/disain-kohtub-disainiga-tonis-vellama-teekond-disainerina\/"]}]},{"@type":"ImageObject","inLanguage":"en-US","@id":"https:\/\/inkubaator.tallinn.ee\/sundmused\/disain-kohtub-disainiga-tonis-vellama-teekond-disainerina\/#primaryimage","url":"https:\/\/inkubaator.tallinn.ee\/wp-content\/uploads\/2024\/11\/Instagram-post-1080x1080px-12.png","contentUrl":"https:\/\/inkubaator.tallinn.ee\/wp-content\/uploads\/2024\/11\/Instagram-post-1080x1080px-12.png","width":1049,"height":586},{"@type":"BreadcrumbList","@id":"https:\/\/inkubaator.tallinn.ee\/sundmused\/disain-kohtub-disainiga-tonis-vellama-teekond-disainerina\/#breadcrumb","itemListElement":[{"@type":"ListItem","position":1,"name":"Home","item":"https:\/\/inkubaator.tallinn.ee\/"},{"@type":"ListItem","position":2,"name":"Disain kohtub Disainiga: T\u00f5nis Vellama teekond disainerina"}]},{"@type":"WebSite","@id":"https:\/\/inkubaator.tallinn.ee\/#website","url":"https:\/\/inkubaator.tallinn.ee\/","name":"Tallinna Ettev\u00f5tlusinkubaator","description":"Loo enda edulugu","publisher":{"@id":"https:\/\/inkubaator.tallinn.ee\/#organization"},"potentialAction":[{"@type":"SearchAction","target":{"@type":"EntryPoint","urlTemplate":"https:\/\/inkubaator.tallinn.ee\/?s={search_term_string}"},"query-input":{"@type":"PropertyValueSpecification","valueRequired":true,"valueName":"search_term_string"}}],"inLanguage":"en-US"},{"@type":"Organization","@id":"https:\/\/inkubaator.tallinn.ee\/#organization","name":"Tallinna Ettev\u00f5tlusinkubaator","url":"https:\/\/inkubaator.tallinn.ee\/","logo":{"@type":"ImageObject","inLanguage":"en-US","@id":"https:\/\/inkubaator.tallinn.ee\/#\/schema\/logo\/image\/","url":"https:\/\/inkubaator.tallinn.ee\/wp-content\/uploads\/2024\/08\/favicon.webp","contentUrl":"https:\/\/inkubaator.tallinn.ee\/wp-content\/uploads\/2024\/08\/favicon.webp","width":512,"height":512,"caption":"Tallinna Ettev\u00f5tlusinkubaator"},"image":{"@id":"https:\/\/inkubaator.tallinn.ee\/#\/schema\/logo\/image\/"}}]}},"_links":{"self":[{"href":"https:\/\/inkubaator.tallinn.ee\/en\/wp-json\/wp\/v2\/events\/18331","targetHints":{"allow":["GET"]}}],"collection":[{"href":"https:\/\/inkubaator.tallinn.ee\/en\/wp-json\/wp\/v2\/events"}],"about":[{"href":"https:\/\/inkubaator.tallinn.ee\/en\/wp-json\/wp\/v2\/types\/events"}],"wp:featuredmedia":[{"embeddable":true,"href":"https:\/\/inkubaator.tallinn.ee\/en\/wp-json\/wp\/v2\/media\/18332"}],"wp:attachment":[{"href":"https:\/\/inkubaator.tallinn.ee\/en\/wp-json\/wp\/v2\/media?parent=18331"}],"wp:term":[{"taxonomy":"event-category","embeddable":true,"href":"https:\/\/inkubaator.tallinn.ee\/en\/wp-json\/wp\/v2\/event-category?post=18331"}],"curies":[{"name":"wp","href":"https:\/\/api.w.org\/{rel}","templated":true}]}}