{"id":17914,"date":"2024-10-23T16:04:43","date_gmt":"2024-10-23T14:04:43","guid":{"rendered":"https:\/\/inkubaator.tallinn.ee\/?post_type=events&#038;p=17914"},"modified":"2025-02-18T15:56:41","modified_gmt":"2025-02-18T13:56:41","slug":"kuidas-disainerina-ellu-jaada","status":"publish","type":"events","link":"https:\/\/inkubaator.tallinn.ee\/en\/events\/kuidas-disainerina-ellu-jaada\/","title":{"rendered":"Kuidas disainerina ellu j\u00e4\u00e4da?"},"content":{"rendered":"\n<p>Disainivaldkond on tihedalt seotud \u00fcmbritseva majandus- ja sotsiaalse keskkonnaga. Tarbijate eelistused, trendid ja ostuj\u00f5ud muutuvad vastavalt majanduse olukorrale, mist\u00f5ttu peab disainiettev\u00f5te pidevalt kohanema, et p\u00fcsida konkurentsiv\u00f5imeline. \u00dcmbritseva keskkonna keerukus m\u00f5jutab seda, millised ettev\u00f5tted j\u00e4\u00e4vad p\u00fcsima ja millised peavad tegema raskeid otsuseid oma tegevuse \u00fcmberkorraldamiseks v\u00f5i sulgemiseks.&nbsp;<\/p>\n\n\n\n<p>6. novembril toimuval paneeldiskussioonil vestlevad neli disainiettev\u00f5tjat k\u00fcsimuse \u00fcle, kuidas disainerina ellu j\u00e4\u00e4da ja saavutada j\u00e4tkusuutlik tegevus. Kas hea disain \u00fcksi on piisav? Kui oluline on oskuslik \u00e4rijuhtimine, \u00f5iged strateegiad ja kiire reageerimine muutustele? Millele tuleks disainiettev\u00f5tte juhtimisel erilist t\u00e4helepanu p\u00f6\u00f6rata ning mida v\u00e4ltida? Millal on \u00f5ige aeg teha otsus, kui tundub, et \u00e4ri ei toimi?<\/p>\n\n\n\n<p><strong>Paneeldiskussioonis osalevad<\/strong><\/p>\n\n\n\n<ul class=\"wp-block-list\">\n<li><strong>Marko Ala<\/strong>, OOT-OOT Stuudio asutaja<\/li>\n\n\n\n<li><strong>Rita Assor<\/strong>, Miurio disainistuudio asutaja<\/li>\n\n\n\n<li><strong>Helen Lang<\/strong>, Diana Arno juhatuse liige<\/li>\n\n\n\n<li><strong>Karl Korsar<\/strong>, Karl Korsar ja The Korsars br\u00e4ndide asutaja<\/li>\n<\/ul>\n\n\n\n<p><strong>Marko Ala on OOT-OOT Stuudio kaasasutaja<\/strong>, disainer ja tegevjuht, kelle kirg on hea disain ja meri. Peale Tartu Kunstikooli l\u00f5petamist asutati koos koolivenna Joonas Torimiga OOT-OOT Stuudio, mille s\u00fcnnist m\u00f6\u00f6dub juba 15 aastat. OOT-OOT Stuudio keskendub sellele, et purustada m\u00fc\u00fct &#8211; &#8220;ilus disain ei ole mugav ega praktiline&#8221; Stuudio tootevaliku diivanid, tugitoolid ja voodid on n\u00e4ide sellest, et hea disain saab olla \u00fchteaegu kaunis, mugav ja funktsionaalne. Stuudio esimene diivan COSMO kuulub ka Eesti Disainimuuseumi kollektsiooni.<\/p>\n\n\n\n<p><strong>Rita Assor on Miurio disainistuudio asutaja.<\/strong> MIURIO on Eesti disainistuudio, mis&nbsp;on asutatud 2012. aastal.&nbsp;Miurio stuudio pakub omaloodud mustritest&nbsp;sisustustooteid ning&nbsp;siidi- ja villaseid salle. Miurio missiooniks on tuua inimeste&nbsp;igap\u00e4evaellu&nbsp;luksuslikkust ning erilist h\u00f5ngu&nbsp;l\u00e4bi v\u00e4rvide ja julgete mustrite kasutuse.<\/p>\n\n\n\n<p><strong>Karl Korsar on omanimelise br\u00e4ndi Karl Korsar asutaja<\/strong> ning \u00f5ega on neil ka \u00fchine br\u00e4nd The Korsars. Karl Korsar esmane&nbsp;fookus on luua mustreid, mis ei ole m\u00f5jutatud&nbsp;olemasolevatest&nbsp;trendidest, vaid ajatud kangad, mis annavad aimu Karl Korsari m\u00f5ttemaailmast.<\/p>\n\n\n\n<p><strong>Helen Lang on Diana Arno juhatuse liige.<\/strong> 2022. aastal moeauhinna Kuldn\u00f5el v\u00f5itnud Diana Arno otsustas selle aasta alguses p\u00e4rast 13 tegutsemisaastat uksed sulgeda. <br><br><\/p>\n\n\n\n<p><strong>\u00dcritus toimub Ettev\u00f5tlusinkubaatoris kohapeal (Veerenni 24C). \u00dcritus on TASUTA, aga vajalik on registreerumine.<\/strong><\/p>\n\n\n\n<p><em>K\u00e4esolev s\u00fcndmus toimub projekti \u201cTallinna Loomeinkubaatori tugiteenused loomeettev\u00f5tjatele j\u00e4tkusuutlikuks arenguks ja ekspordiv\u00f5imekuse kasvuks\u201d raames ning see on kaasrahastatatud Euroopa Liidu poolt.<\/em><\/p>\n","protected":false},"featured_media":18108,"template":"","meta":{"_acf_changed":false},"event-category":[164],"class_list":["post-17914","events","type-events","status-publish","has-post-thumbnail","hentry","event-category-kogemuslugu"],"acf":[],"yoast_head":"<!-- This site is optimized with the Yoast SEO plugin v27.4 - https:\/\/yoast.com\/product\/yoast-seo-wordpress\/ -->\n<title>Kuidas disainerina ellu j\u00e4\u00e4da? - Tallinna Ettev\u00f5tlusinkubaator<\/title>\n<meta name=\"robots\" content=\"index, follow, max-snippet:-1, max-image-preview:large, max-video-preview:-1\" \/>\n<link rel=\"canonical\" href=\"https:\/\/inkubaator.tallinn.ee\/sundmused\/kuidas-disainerina-ellu-jaada\/\" \/>\n<meta property=\"og:locale\" content=\"en_US\" \/>\n<meta property=\"og:type\" content=\"article\" \/>\n<meta property=\"og:title\" content=\"Kuidas disainerina ellu j\u00e4\u00e4da? - Tallinna Ettev\u00f5tlusinkubaator\" \/>\n<meta property=\"og:description\" content=\"Disainivaldkond on tihedalt seotud \u00fcmbritseva majandus- ja sotsiaalse keskkonnaga. Tarbijate eelistused, trendid ja ostuj\u00f5ud muutuvad vastavalt majanduse olukorrale, mist\u00f5ttu peab disainiettev\u00f5te pidevalt kohanema, et p\u00fcsida konkurentsiv\u00f5imeline. \u00dcmbritseva keskkonna keerukus m\u00f5jutab seda, millised ettev\u00f5tted j\u00e4\u00e4vad p\u00fcsima ja millised peavad tegema raskeid otsuseid oma tegevuse \u00fcmberkorraldamiseks v\u00f5i sulgemiseks.&nbsp; 6. novembril toimuval paneeldiskussioonil vestlevad neli disainiettev\u00f5tjat k\u00fcsimuse \u00fcle, kuidas disainerina ellu j\u00e4\u00e4da ja saavutada j\u00e4tkusuutlik tegevus. Kas hea disain \u00fcksi on piisav? Kui oluline on oskuslik \u00e4rijuhtimine, \u00f5iged strateegiad ja kiire reageerimine muutustele? Millele tuleks disainiettev\u00f5tte juhtimisel erilist t\u00e4helepanu p\u00f6\u00f6rata ning mida v\u00e4ltida? Millal on \u00f5ige aeg teha otsus, kui tundub, et \u00e4ri\u2026\" \/>\n<meta property=\"og:url\" content=\"https:\/\/inkubaator.tallinn.ee\/sundmused\/kuidas-disainerina-ellu-jaada\/\" \/>\n<meta property=\"og:site_name\" content=\"Tallinna Ettev\u00f5tlusinkubaator\" \/>\n<meta property=\"article:modified_time\" content=\"2025-02-18T13:56:41+00:00\" \/>\n<meta property=\"og:image\" content=\"https:\/\/inkubaator.tallinn.ee\/wp-content\/uploads\/2024\/10\/Disaineri-uritus-kodulehele-2.png\" \/>\n\t<meta property=\"og:image:width\" content=\"1080\" \/>\n\t<meta property=\"og:image:height\" content=\"658\" \/>\n\t<meta property=\"og:image:type\" content=\"image\/png\" \/>\n<meta name=\"twitter:card\" content=\"summary_large_image\" \/>\n<meta name=\"twitter:label1\" content=\"Est. reading time\" \/>\n\t<meta name=\"twitter:data1\" content=\"2 minutes\" \/>\n<script type=\"application\/ld+json\" class=\"yoast-schema-graph\">{\"@context\":\"https:\\\/\\\/schema.org\",\"@graph\":[{\"@type\":\"WebPage\",\"@id\":\"https:\\\/\\\/inkubaator.tallinn.ee\\\/sundmused\\\/kuidas-disainerina-ellu-jaada\\\/\",\"url\":\"https:\\\/\\\/inkubaator.tallinn.ee\\\/sundmused\\\/kuidas-disainerina-ellu-jaada\\\/\",\"name\":\"Kuidas disainerina ellu j\u00e4\u00e4da? - Tallinna Ettev\u00f5tlusinkubaator\",\"isPartOf\":{\"@id\":\"https:\\\/\\\/inkubaator.tallinn.ee\\\/#website\"},\"primaryImageOfPage\":{\"@id\":\"https:\\\/\\\/inkubaator.tallinn.ee\\\/sundmused\\\/kuidas-disainerina-ellu-jaada\\\/#primaryimage\"},\"image\":{\"@id\":\"https:\\\/\\\/inkubaator.tallinn.ee\\\/sundmused\\\/kuidas-disainerina-ellu-jaada\\\/#primaryimage\"},\"thumbnailUrl\":\"https:\\\/\\\/inkubaator.tallinn.ee\\\/wp-content\\\/uploads\\\/2024\\\/10\\\/Disaineri-uritus-kodulehele-2.png\",\"datePublished\":\"2024-10-23T14:04:43+00:00\",\"dateModified\":\"2025-02-18T13:56:41+00:00\",\"breadcrumb\":{\"@id\":\"https:\\\/\\\/inkubaator.tallinn.ee\\\/sundmused\\\/kuidas-disainerina-ellu-jaada\\\/#breadcrumb\"},\"inLanguage\":\"en-US\",\"potentialAction\":[{\"@type\":\"ReadAction\",\"target\":[\"https:\\\/\\\/inkubaator.tallinn.ee\\\/sundmused\\\/kuidas-disainerina-ellu-jaada\\\/\"]}]},{\"@type\":\"ImageObject\",\"inLanguage\":\"en-US\",\"@id\":\"https:\\\/\\\/inkubaator.tallinn.ee\\\/sundmused\\\/kuidas-disainerina-ellu-jaada\\\/#primaryimage\",\"url\":\"https:\\\/\\\/inkubaator.tallinn.ee\\\/wp-content\\\/uploads\\\/2024\\\/10\\\/Disaineri-uritus-kodulehele-2.png\",\"contentUrl\":\"https:\\\/\\\/inkubaator.tallinn.ee\\\/wp-content\\\/uploads\\\/2024\\\/10\\\/Disaineri-uritus-kodulehele-2.png\",\"width\":1080,\"height\":658},{\"@type\":\"BreadcrumbList\",\"@id\":\"https:\\\/\\\/inkubaator.tallinn.ee\\\/sundmused\\\/kuidas-disainerina-ellu-jaada\\\/#breadcrumb\",\"itemListElement\":[{\"@type\":\"ListItem\",\"position\":1,\"name\":\"Home\",\"item\":\"https:\\\/\\\/inkubaator.tallinn.ee\\\/\"},{\"@type\":\"ListItem\",\"position\":2,\"name\":\"Kuidas disainerina ellu j\u00e4\u00e4da?\"}]},{\"@type\":\"WebSite\",\"@id\":\"https:\\\/\\\/inkubaator.tallinn.ee\\\/#website\",\"url\":\"https:\\\/\\\/inkubaator.tallinn.ee\\\/\",\"name\":\"Tallinna Ettev\u00f5tlusinkubaator\",\"description\":\"Loo enda edulugu\",\"publisher\":{\"@id\":\"https:\\\/\\\/inkubaator.tallinn.ee\\\/#organization\"},\"potentialAction\":[{\"@type\":\"SearchAction\",\"target\":{\"@type\":\"EntryPoint\",\"urlTemplate\":\"https:\\\/\\\/inkubaator.tallinn.ee\\\/?s={search_term_string}\"},\"query-input\":{\"@type\":\"PropertyValueSpecification\",\"valueRequired\":true,\"valueName\":\"search_term_string\"}}],\"inLanguage\":\"en-US\"},{\"@type\":\"Organization\",\"@id\":\"https:\\\/\\\/inkubaator.tallinn.ee\\\/#organization\",\"name\":\"Tallinna Ettev\u00f5tlusinkubaator\",\"url\":\"https:\\\/\\\/inkubaator.tallinn.ee\\\/\",\"logo\":{\"@type\":\"ImageObject\",\"inLanguage\":\"en-US\",\"@id\":\"https:\\\/\\\/inkubaator.tallinn.ee\\\/#\\\/schema\\\/logo\\\/image\\\/\",\"url\":\"https:\\\/\\\/inkubaator.tallinn.ee\\\/wp-content\\\/uploads\\\/2024\\\/08\\\/favicon.webp\",\"contentUrl\":\"https:\\\/\\\/inkubaator.tallinn.ee\\\/wp-content\\\/uploads\\\/2024\\\/08\\\/favicon.webp\",\"width\":512,\"height\":512,\"caption\":\"Tallinna Ettev\u00f5tlusinkubaator\"},\"image\":{\"@id\":\"https:\\\/\\\/inkubaator.tallinn.ee\\\/#\\\/schema\\\/logo\\\/image\\\/\"}}]}<\/script>\n<!-- \/ Yoast SEO plugin. -->","yoast_head_json":{"title":"Kuidas disainerina ellu j\u00e4\u00e4da? - Tallinna Ettev\u00f5tlusinkubaator","robots":{"index":"index","follow":"follow","max-snippet":"max-snippet:-1","max-image-preview":"max-image-preview:large","max-video-preview":"max-video-preview:-1"},"canonical":"https:\/\/inkubaator.tallinn.ee\/sundmused\/kuidas-disainerina-ellu-jaada\/","og_locale":"en_US","og_type":"article","og_title":"Kuidas disainerina ellu j\u00e4\u00e4da? - Tallinna Ettev\u00f5tlusinkubaator","og_description":"Disainivaldkond on tihedalt seotud \u00fcmbritseva majandus- ja sotsiaalse keskkonnaga. Tarbijate eelistused, trendid ja ostuj\u00f5ud muutuvad vastavalt majanduse olukorrale, mist\u00f5ttu peab disainiettev\u00f5te pidevalt kohanema, et p\u00fcsida konkurentsiv\u00f5imeline. \u00dcmbritseva keskkonna keerukus m\u00f5jutab seda, millised ettev\u00f5tted j\u00e4\u00e4vad p\u00fcsima ja millised peavad tegema raskeid otsuseid oma tegevuse \u00fcmberkorraldamiseks v\u00f5i sulgemiseks.&nbsp; 6. novembril toimuval paneeldiskussioonil vestlevad neli disainiettev\u00f5tjat k\u00fcsimuse \u00fcle, kuidas disainerina ellu j\u00e4\u00e4da ja saavutada j\u00e4tkusuutlik tegevus. Kas hea disain \u00fcksi on piisav? Kui oluline on oskuslik \u00e4rijuhtimine, \u00f5iged strateegiad ja kiire reageerimine muutustele? Millele tuleks disainiettev\u00f5tte juhtimisel erilist t\u00e4helepanu p\u00f6\u00f6rata ning mida v\u00e4ltida? Millal on \u00f5ige aeg teha otsus, kui tundub, et \u00e4ri\u2026","og_url":"https:\/\/inkubaator.tallinn.ee\/sundmused\/kuidas-disainerina-ellu-jaada\/","og_site_name":"Tallinna Ettev\u00f5tlusinkubaator","article_modified_time":"2025-02-18T13:56:41+00:00","og_image":[{"width":1080,"height":658,"url":"https:\/\/inkubaator.tallinn.ee\/wp-content\/uploads\/2024\/10\/Disaineri-uritus-kodulehele-2.png","type":"image\/png"}],"twitter_card":"summary_large_image","twitter_misc":{"Est. reading time":"2 minutes"},"schema":{"@context":"https:\/\/schema.org","@graph":[{"@type":"WebPage","@id":"https:\/\/inkubaator.tallinn.ee\/sundmused\/kuidas-disainerina-ellu-jaada\/","url":"https:\/\/inkubaator.tallinn.ee\/sundmused\/kuidas-disainerina-ellu-jaada\/","name":"Kuidas disainerina ellu j\u00e4\u00e4da? - Tallinna Ettev\u00f5tlusinkubaator","isPartOf":{"@id":"https:\/\/inkubaator.tallinn.ee\/#website"},"primaryImageOfPage":{"@id":"https:\/\/inkubaator.tallinn.ee\/sundmused\/kuidas-disainerina-ellu-jaada\/#primaryimage"},"image":{"@id":"https:\/\/inkubaator.tallinn.ee\/sundmused\/kuidas-disainerina-ellu-jaada\/#primaryimage"},"thumbnailUrl":"https:\/\/inkubaator.tallinn.ee\/wp-content\/uploads\/2024\/10\/Disaineri-uritus-kodulehele-2.png","datePublished":"2024-10-23T14:04:43+00:00","dateModified":"2025-02-18T13:56:41+00:00","breadcrumb":{"@id":"https:\/\/inkubaator.tallinn.ee\/sundmused\/kuidas-disainerina-ellu-jaada\/#breadcrumb"},"inLanguage":"en-US","potentialAction":[{"@type":"ReadAction","target":["https:\/\/inkubaator.tallinn.ee\/sundmused\/kuidas-disainerina-ellu-jaada\/"]}]},{"@type":"ImageObject","inLanguage":"en-US","@id":"https:\/\/inkubaator.tallinn.ee\/sundmused\/kuidas-disainerina-ellu-jaada\/#primaryimage","url":"https:\/\/inkubaator.tallinn.ee\/wp-content\/uploads\/2024\/10\/Disaineri-uritus-kodulehele-2.png","contentUrl":"https:\/\/inkubaator.tallinn.ee\/wp-content\/uploads\/2024\/10\/Disaineri-uritus-kodulehele-2.png","width":1080,"height":658},{"@type":"BreadcrumbList","@id":"https:\/\/inkubaator.tallinn.ee\/sundmused\/kuidas-disainerina-ellu-jaada\/#breadcrumb","itemListElement":[{"@type":"ListItem","position":1,"name":"Home","item":"https:\/\/inkubaator.tallinn.ee\/"},{"@type":"ListItem","position":2,"name":"Kuidas disainerina ellu j\u00e4\u00e4da?"}]},{"@type":"WebSite","@id":"https:\/\/inkubaator.tallinn.ee\/#website","url":"https:\/\/inkubaator.tallinn.ee\/","name":"Tallinna Ettev\u00f5tlusinkubaator","description":"Loo enda edulugu","publisher":{"@id":"https:\/\/inkubaator.tallinn.ee\/#organization"},"potentialAction":[{"@type":"SearchAction","target":{"@type":"EntryPoint","urlTemplate":"https:\/\/inkubaator.tallinn.ee\/?s={search_term_string}"},"query-input":{"@type":"PropertyValueSpecification","valueRequired":true,"valueName":"search_term_string"}}],"inLanguage":"en-US"},{"@type":"Organization","@id":"https:\/\/inkubaator.tallinn.ee\/#organization","name":"Tallinna Ettev\u00f5tlusinkubaator","url":"https:\/\/inkubaator.tallinn.ee\/","logo":{"@type":"ImageObject","inLanguage":"en-US","@id":"https:\/\/inkubaator.tallinn.ee\/#\/schema\/logo\/image\/","url":"https:\/\/inkubaator.tallinn.ee\/wp-content\/uploads\/2024\/08\/favicon.webp","contentUrl":"https:\/\/inkubaator.tallinn.ee\/wp-content\/uploads\/2024\/08\/favicon.webp","width":512,"height":512,"caption":"Tallinna Ettev\u00f5tlusinkubaator"},"image":{"@id":"https:\/\/inkubaator.tallinn.ee\/#\/schema\/logo\/image\/"}}]}},"_links":{"self":[{"href":"https:\/\/inkubaator.tallinn.ee\/en\/wp-json\/wp\/v2\/events\/17914","targetHints":{"allow":["GET"]}}],"collection":[{"href":"https:\/\/inkubaator.tallinn.ee\/en\/wp-json\/wp\/v2\/events"}],"about":[{"href":"https:\/\/inkubaator.tallinn.ee\/en\/wp-json\/wp\/v2\/types\/events"}],"wp:featuredmedia":[{"embeddable":true,"href":"https:\/\/inkubaator.tallinn.ee\/en\/wp-json\/wp\/v2\/media\/18108"}],"wp:attachment":[{"href":"https:\/\/inkubaator.tallinn.ee\/en\/wp-json\/wp\/v2\/media?parent=17914"}],"wp:term":[{"taxonomy":"event-category","embeddable":true,"href":"https:\/\/inkubaator.tallinn.ee\/en\/wp-json\/wp\/v2\/event-category?post=17914"}],"curies":[{"name":"wp","href":"https:\/\/api.w.org\/{rel}","templated":true}]}}