{"id":15172,"date":"2024-02-28T10:00:34","date_gmt":"2024-02-28T08:00:34","guid":{"rendered":"https:\/\/inkubaator.tallinn.ee\/?post_type=events&#038;p=15172"},"modified":"2024-09-09T22:53:55","modified_gmt":"2024-09-09T20:53:55","slug":"lahenda-oma-ettevotte-arilised-valjakutsed-ai-ga","status":"publish","type":"events","link":"https:\/\/inkubaator.tallinn.ee\/en\/events\/lahenda-oma-ettevotte-arilised-valjakutsed-ai-ga\/","title":{"rendered":"Lahenda ettev\u00f5tte \u00e4rilised v\u00e4ljakutsed AI-ga!"},"content":{"rendered":"<p>2. aprillil toimub Loomeinkubaatoris unikaalne t\u00f6\u00f6tuba, kus rakendame tehisintellekti intensiivselt l\u00fchikese aja jooksul ettev\u00f5tte \u00e4riliste v\u00e4ljakutsete lahendamiseks.<\/p>\n<p>T\u00f6\u00f6toa eesm\u00e4rgiks on dem\u00fcstifitseerida tehisintellekti ja selle praktilisi rakendusi igat t\u00fc\u00fcpi ettev\u00f5tetele \u2013 olgu tegemist tehnikatundliku ettev\u00f5tte v\u00f5i loovdisaineri ja -tootjaga.<\/p>\n<p><b>Formaat<\/b><\/p>\n<p>M\u00f5ne tunni jooksul t\u00f6\u00f6tatakse meeskondades intensiivselt erinevate AI t\u00f6\u00f6riistadega, et tuvastada probleeme, teha ajur\u00fcnnakuid ja panna paika uusi tegevusplaane.<\/p>\n<p>T\u00f6\u00f6toa raames saavad osalised intensiivse k\u00e4ed-k\u00fclge kogemuse tehisintellekti rakendamisest ettev\u00f5tte arendamises. Alustuseks teeme l\u00e4bi juhitud n\u00e4ite, mis annab arusaama tehisintellekti p\u00f5hit\u00f5dedest. Seej\u00e4rel moodustame meeskonnad, et tegeleda tehisintellekti projekti ideedega. Kogu t\u00f6\u00f6toa v\u00e4ltel on osalejatele toeks mentor, kes annab juhiseid ja tagasisidet. Seej\u00e4rel on v\u00f5imalus esitleda oma projekti paneelile ja teistele osalistele ning saada v\u00e4\u00e4rtuslikku tagasisidet. T\u00f6\u00f6tuba pakub ka suurep\u00e4rase v\u00f5imaluse teha koost\u00f6\u00f6d teiste ettev\u00f5tjatega.<\/p>\n<p>T\u00f6\u00f6toa l\u00f5puks on osalejad saavutanud selge arusaama tehisintellekti potentsiaalist ettev\u00f5tte edu saavutamisel ja kuidas seda praktikas rakendada.<\/p>\n<p><strong>Kellele t\u00f6\u00f6tuba on suunatud?<\/strong><\/p>\n<ul>\n<li>Kogenud ettev\u00f5tja, kes kaalub uusi \u00e4risuundi v\u00f5i olemasolevate protsesside optimeerimist tehisintellekti abil.<\/li>\n<li>Alustav ettev\u00f5tja ja innovaator, kes soovib arendada tehisintellekti p\u00f5hiseid tooteid v\u00f5i teenuseid.<\/li>\n<li>Loomeettev\u00f5tja ja tootja, kes on huvitatud tehisintellekti integreerimisest oma disainidesse ja tegevustesse.<\/li>\n<\/ul>\n<p>&nbsp;<\/p>\n<p><strong>T\u00f6\u00f6toa viib l\u00e4bi Otto M\u00e4ttas. <\/strong>Otto on kogenud IT-insener ja arhitekt, kellel on 14 aastat rahvusvahelist kogemust. Viimased neli aastat on ta keskendunud tehisintellektile, sealhulgas masin\u00f5ppele, eksperts\u00fcsteemidele ja inimese ja arvuti vahelisele suhtlusele. Lisaks tehniliste lahenduste v\u00e4ljat\u00f6\u00f6tamisele tunneb Otto suurt huvi protsesside ja tehnoloogiajuhtimise ning tehisintellekti valdkonna eetika ja seadusandluse vastu. Tal on kogemusi v\u00e4\u00e4rtuse loomisel erinevates sektorites, sealhulgas era-, avalikus ja kolmandas sektoris. Praegu on Otto eesm\u00e4rk tutvustada Eesti tehisintellekti- ja robootikalahendusi \u00fclemaailmsel platvormil.<\/p>\n<p>&nbsp;<\/p>\n<p><strong>T\u00f6\u00f6tuba on tasuta, aga vajalik on registreerimine.<\/strong><\/p>\n","protected":false},"featured_media":15390,"template":"","meta":{"_acf_changed":false},"event-category":[162],"class_list":["post-15172","events","type-events","status-publish","has-post-thumbnail","hentry","event-category-tootuba"],"acf":[],"yoast_head":"<!-- This site is optimized with the Yoast SEO plugin v27.4 - https:\/\/yoast.com\/product\/yoast-seo-wordpress\/ -->\n<title>Lahenda ettev\u00f5tte \u00e4rilised v\u00e4ljakutsed AI-ga! - Tallinna Ettev\u00f5tlusinkubaator<\/title>\n<meta name=\"robots\" content=\"index, follow, max-snippet:-1, max-image-preview:large, max-video-preview:-1\" \/>\n<link rel=\"canonical\" href=\"https:\/\/inkubaator.tallinn.ee\/sundmused\/lahenda-oma-ettevotte-arilised-valjakutsed-ai-ga\/\" \/>\n<meta property=\"og:locale\" content=\"en_US\" \/>\n<meta property=\"og:type\" content=\"article\" \/>\n<meta property=\"og:title\" content=\"Lahenda ettev\u00f5tte \u00e4rilised v\u00e4ljakutsed AI-ga! - Tallinna Ettev\u00f5tlusinkubaator\" \/>\n<meta property=\"og:description\" content=\"2. aprillil toimub Loomeinkubaatoris unikaalne t\u00f6\u00f6tuba, kus rakendame tehisintellekti intensiivselt l\u00fchikese aja jooksul ettev\u00f5tte \u00e4riliste v\u00e4ljakutsete lahendamiseks. T\u00f6\u00f6toa eesm\u00e4rgiks on dem\u00fcstifitseerida tehisintellekti ja selle praktilisi rakendusi igat t\u00fc\u00fcpi ettev\u00f5tetele \u2013 olgu tegemist tehnikatundliku ettev\u00f5tte v\u00f5i loovdisaineri ja -tootjaga. Formaat M\u00f5ne tunni jooksul t\u00f6\u00f6tatakse meeskondades intensiivselt erinevate AI t\u00f6\u00f6riistadega, et tuvastada probleeme, teha ajur\u00fcnnakuid ja panna paika uusi tegevusplaane. T\u00f6\u00f6toa raames saavad osalised intensiivse k\u00e4ed-k\u00fclge kogemuse tehisintellekti rakendamisest ettev\u00f5tte arendamises. Alustuseks teeme l\u00e4bi juhitud n\u00e4ite, mis annab arusaama tehisintellekti p\u00f5hit\u00f5dedest. Seej\u00e4rel moodustame meeskonnad, et tegeleda tehisintellekti projekti ideedega. Kogu t\u00f6\u00f6toa v\u00e4ltel on osalejatele toeks mentor, kes annab juhiseid ja tagasisidet. Seej\u00e4rel\u2026\" \/>\n<meta property=\"og:url\" content=\"https:\/\/inkubaator.tallinn.ee\/sundmused\/lahenda-oma-ettevotte-arilised-valjakutsed-ai-ga\/\" \/>\n<meta property=\"og:site_name\" content=\"Tallinna Ettev\u00f5tlusinkubaator\" \/>\n<meta property=\"article:modified_time\" content=\"2024-09-09T20:53:55+00:00\" \/>\n<meta property=\"og:image\" content=\"https:\/\/inkubaator.tallinn.ee\/wp-content\/uploads\/2024\/02\/Koolituste-kujundus-2024-kevad-30.png\" \/>\n\t<meta property=\"og:image:width\" content=\"1200\" \/>\n\t<meta property=\"og:image:height\" content=\"628\" \/>\n\t<meta property=\"og:image:type\" content=\"image\/png\" \/>\n<meta name=\"twitter:card\" content=\"summary_large_image\" \/>\n<meta name=\"twitter:label1\" content=\"Est. reading time\" \/>\n\t<meta name=\"twitter:data1\" content=\"2 minutes\" \/>\n<script type=\"application\/ld+json\" class=\"yoast-schema-graph\">{\"@context\":\"https:\\\/\\\/schema.org\",\"@graph\":[{\"@type\":\"WebPage\",\"@id\":\"https:\\\/\\\/inkubaator.tallinn.ee\\\/sundmused\\\/lahenda-oma-ettevotte-arilised-valjakutsed-ai-ga\\\/\",\"url\":\"https:\\\/\\\/inkubaator.tallinn.ee\\\/sundmused\\\/lahenda-oma-ettevotte-arilised-valjakutsed-ai-ga\\\/\",\"name\":\"Lahenda ettev\u00f5tte \u00e4rilised v\u00e4ljakutsed AI-ga! - Tallinna Ettev\u00f5tlusinkubaator\",\"isPartOf\":{\"@id\":\"https:\\\/\\\/inkubaator.tallinn.ee\\\/#website\"},\"primaryImageOfPage\":{\"@id\":\"https:\\\/\\\/inkubaator.tallinn.ee\\\/sundmused\\\/lahenda-oma-ettevotte-arilised-valjakutsed-ai-ga\\\/#primaryimage\"},\"image\":{\"@id\":\"https:\\\/\\\/inkubaator.tallinn.ee\\\/sundmused\\\/lahenda-oma-ettevotte-arilised-valjakutsed-ai-ga\\\/#primaryimage\"},\"thumbnailUrl\":\"https:\\\/\\\/inkubaator.tallinn.ee\\\/wp-content\\\/uploads\\\/2024\\\/02\\\/Koolituste-kujundus-2024-kevad-30.png\",\"datePublished\":\"2024-02-28T08:00:34+00:00\",\"dateModified\":\"2024-09-09T20:53:55+00:00\",\"breadcrumb\":{\"@id\":\"https:\\\/\\\/inkubaator.tallinn.ee\\\/sundmused\\\/lahenda-oma-ettevotte-arilised-valjakutsed-ai-ga\\\/#breadcrumb\"},\"inLanguage\":\"en-US\",\"potentialAction\":[{\"@type\":\"ReadAction\",\"target\":[\"https:\\\/\\\/inkubaator.tallinn.ee\\\/sundmused\\\/lahenda-oma-ettevotte-arilised-valjakutsed-ai-ga\\\/\"]}]},{\"@type\":\"ImageObject\",\"inLanguage\":\"en-US\",\"@id\":\"https:\\\/\\\/inkubaator.tallinn.ee\\\/sundmused\\\/lahenda-oma-ettevotte-arilised-valjakutsed-ai-ga\\\/#primaryimage\",\"url\":\"https:\\\/\\\/inkubaator.tallinn.ee\\\/wp-content\\\/uploads\\\/2024\\\/02\\\/Koolituste-kujundus-2024-kevad-30.png\",\"contentUrl\":\"https:\\\/\\\/inkubaator.tallinn.ee\\\/wp-content\\\/uploads\\\/2024\\\/02\\\/Koolituste-kujundus-2024-kevad-30.png\",\"width\":1200,\"height\":628},{\"@type\":\"BreadcrumbList\",\"@id\":\"https:\\\/\\\/inkubaator.tallinn.ee\\\/sundmused\\\/lahenda-oma-ettevotte-arilised-valjakutsed-ai-ga\\\/#breadcrumb\",\"itemListElement\":[{\"@type\":\"ListItem\",\"position\":1,\"name\":\"Home\",\"item\":\"https:\\\/\\\/inkubaator.tallinn.ee\\\/\"},{\"@type\":\"ListItem\",\"position\":2,\"name\":\"Lahenda ettev\u00f5tte \u00e4rilised v\u00e4ljakutsed AI-ga!\"}]},{\"@type\":\"WebSite\",\"@id\":\"https:\\\/\\\/inkubaator.tallinn.ee\\\/#website\",\"url\":\"https:\\\/\\\/inkubaator.tallinn.ee\\\/\",\"name\":\"Tallinna Ettev\u00f5tlusinkubaator\",\"description\":\"Loo enda edulugu\",\"publisher\":{\"@id\":\"https:\\\/\\\/inkubaator.tallinn.ee\\\/#organization\"},\"potentialAction\":[{\"@type\":\"SearchAction\",\"target\":{\"@type\":\"EntryPoint\",\"urlTemplate\":\"https:\\\/\\\/inkubaator.tallinn.ee\\\/?s={search_term_string}\"},\"query-input\":{\"@type\":\"PropertyValueSpecification\",\"valueRequired\":true,\"valueName\":\"search_term_string\"}}],\"inLanguage\":\"en-US\"},{\"@type\":\"Organization\",\"@id\":\"https:\\\/\\\/inkubaator.tallinn.ee\\\/#organization\",\"name\":\"Tallinna Ettev\u00f5tlusinkubaator\",\"url\":\"https:\\\/\\\/inkubaator.tallinn.ee\\\/\",\"logo\":{\"@type\":\"ImageObject\",\"inLanguage\":\"en-US\",\"@id\":\"https:\\\/\\\/inkubaator.tallinn.ee\\\/#\\\/schema\\\/logo\\\/image\\\/\",\"url\":\"https:\\\/\\\/inkubaator.tallinn.ee\\\/wp-content\\\/uploads\\\/2024\\\/08\\\/favicon.webp\",\"contentUrl\":\"https:\\\/\\\/inkubaator.tallinn.ee\\\/wp-content\\\/uploads\\\/2024\\\/08\\\/favicon.webp\",\"width\":512,\"height\":512,\"caption\":\"Tallinna Ettev\u00f5tlusinkubaator\"},\"image\":{\"@id\":\"https:\\\/\\\/inkubaator.tallinn.ee\\\/#\\\/schema\\\/logo\\\/image\\\/\"}}]}<\/script>\n<!-- \/ Yoast SEO plugin. -->","yoast_head_json":{"title":"Lahenda ettev\u00f5tte \u00e4rilised v\u00e4ljakutsed AI-ga! - Tallinna Ettev\u00f5tlusinkubaator","robots":{"index":"index","follow":"follow","max-snippet":"max-snippet:-1","max-image-preview":"max-image-preview:large","max-video-preview":"max-video-preview:-1"},"canonical":"https:\/\/inkubaator.tallinn.ee\/sundmused\/lahenda-oma-ettevotte-arilised-valjakutsed-ai-ga\/","og_locale":"en_US","og_type":"article","og_title":"Lahenda ettev\u00f5tte \u00e4rilised v\u00e4ljakutsed AI-ga! - Tallinna Ettev\u00f5tlusinkubaator","og_description":"2. aprillil toimub Loomeinkubaatoris unikaalne t\u00f6\u00f6tuba, kus rakendame tehisintellekti intensiivselt l\u00fchikese aja jooksul ettev\u00f5tte \u00e4riliste v\u00e4ljakutsete lahendamiseks. T\u00f6\u00f6toa eesm\u00e4rgiks on dem\u00fcstifitseerida tehisintellekti ja selle praktilisi rakendusi igat t\u00fc\u00fcpi ettev\u00f5tetele \u2013 olgu tegemist tehnikatundliku ettev\u00f5tte v\u00f5i loovdisaineri ja -tootjaga. Formaat M\u00f5ne tunni jooksul t\u00f6\u00f6tatakse meeskondades intensiivselt erinevate AI t\u00f6\u00f6riistadega, et tuvastada probleeme, teha ajur\u00fcnnakuid ja panna paika uusi tegevusplaane. T\u00f6\u00f6toa raames saavad osalised intensiivse k\u00e4ed-k\u00fclge kogemuse tehisintellekti rakendamisest ettev\u00f5tte arendamises. Alustuseks teeme l\u00e4bi juhitud n\u00e4ite, mis annab arusaama tehisintellekti p\u00f5hit\u00f5dedest. Seej\u00e4rel moodustame meeskonnad, et tegeleda tehisintellekti projekti ideedega. Kogu t\u00f6\u00f6toa v\u00e4ltel on osalejatele toeks mentor, kes annab juhiseid ja tagasisidet. Seej\u00e4rel\u2026","og_url":"https:\/\/inkubaator.tallinn.ee\/sundmused\/lahenda-oma-ettevotte-arilised-valjakutsed-ai-ga\/","og_site_name":"Tallinna Ettev\u00f5tlusinkubaator","article_modified_time":"2024-09-09T20:53:55+00:00","og_image":[{"width":1200,"height":628,"url":"https:\/\/inkubaator.tallinn.ee\/wp-content\/uploads\/2024\/02\/Koolituste-kujundus-2024-kevad-30.png","type":"image\/png"}],"twitter_card":"summary_large_image","twitter_misc":{"Est. reading time":"2 minutes"},"schema":{"@context":"https:\/\/schema.org","@graph":[{"@type":"WebPage","@id":"https:\/\/inkubaator.tallinn.ee\/sundmused\/lahenda-oma-ettevotte-arilised-valjakutsed-ai-ga\/","url":"https:\/\/inkubaator.tallinn.ee\/sundmused\/lahenda-oma-ettevotte-arilised-valjakutsed-ai-ga\/","name":"Lahenda ettev\u00f5tte \u00e4rilised v\u00e4ljakutsed AI-ga! - Tallinna Ettev\u00f5tlusinkubaator","isPartOf":{"@id":"https:\/\/inkubaator.tallinn.ee\/#website"},"primaryImageOfPage":{"@id":"https:\/\/inkubaator.tallinn.ee\/sundmused\/lahenda-oma-ettevotte-arilised-valjakutsed-ai-ga\/#primaryimage"},"image":{"@id":"https:\/\/inkubaator.tallinn.ee\/sundmused\/lahenda-oma-ettevotte-arilised-valjakutsed-ai-ga\/#primaryimage"},"thumbnailUrl":"https:\/\/inkubaator.tallinn.ee\/wp-content\/uploads\/2024\/02\/Koolituste-kujundus-2024-kevad-30.png","datePublished":"2024-02-28T08:00:34+00:00","dateModified":"2024-09-09T20:53:55+00:00","breadcrumb":{"@id":"https:\/\/inkubaator.tallinn.ee\/sundmused\/lahenda-oma-ettevotte-arilised-valjakutsed-ai-ga\/#breadcrumb"},"inLanguage":"en-US","potentialAction":[{"@type":"ReadAction","target":["https:\/\/inkubaator.tallinn.ee\/sundmused\/lahenda-oma-ettevotte-arilised-valjakutsed-ai-ga\/"]}]},{"@type":"ImageObject","inLanguage":"en-US","@id":"https:\/\/inkubaator.tallinn.ee\/sundmused\/lahenda-oma-ettevotte-arilised-valjakutsed-ai-ga\/#primaryimage","url":"https:\/\/inkubaator.tallinn.ee\/wp-content\/uploads\/2024\/02\/Koolituste-kujundus-2024-kevad-30.png","contentUrl":"https:\/\/inkubaator.tallinn.ee\/wp-content\/uploads\/2024\/02\/Koolituste-kujundus-2024-kevad-30.png","width":1200,"height":628},{"@type":"BreadcrumbList","@id":"https:\/\/inkubaator.tallinn.ee\/sundmused\/lahenda-oma-ettevotte-arilised-valjakutsed-ai-ga\/#breadcrumb","itemListElement":[{"@type":"ListItem","position":1,"name":"Home","item":"https:\/\/inkubaator.tallinn.ee\/"},{"@type":"ListItem","position":2,"name":"Lahenda ettev\u00f5tte \u00e4rilised v\u00e4ljakutsed AI-ga!"}]},{"@type":"WebSite","@id":"https:\/\/inkubaator.tallinn.ee\/#website","url":"https:\/\/inkubaator.tallinn.ee\/","name":"Tallinna Ettev\u00f5tlusinkubaator","description":"Loo enda edulugu","publisher":{"@id":"https:\/\/inkubaator.tallinn.ee\/#organization"},"potentialAction":[{"@type":"SearchAction","target":{"@type":"EntryPoint","urlTemplate":"https:\/\/inkubaator.tallinn.ee\/?s={search_term_string}"},"query-input":{"@type":"PropertyValueSpecification","valueRequired":true,"valueName":"search_term_string"}}],"inLanguage":"en-US"},{"@type":"Organization","@id":"https:\/\/inkubaator.tallinn.ee\/#organization","name":"Tallinna Ettev\u00f5tlusinkubaator","url":"https:\/\/inkubaator.tallinn.ee\/","logo":{"@type":"ImageObject","inLanguage":"en-US","@id":"https:\/\/inkubaator.tallinn.ee\/#\/schema\/logo\/image\/","url":"https:\/\/inkubaator.tallinn.ee\/wp-content\/uploads\/2024\/08\/favicon.webp","contentUrl":"https:\/\/inkubaator.tallinn.ee\/wp-content\/uploads\/2024\/08\/favicon.webp","width":512,"height":512,"caption":"Tallinna Ettev\u00f5tlusinkubaator"},"image":{"@id":"https:\/\/inkubaator.tallinn.ee\/#\/schema\/logo\/image\/"}}]}},"_links":{"self":[{"href":"https:\/\/inkubaator.tallinn.ee\/en\/wp-json\/wp\/v2\/events\/15172","targetHints":{"allow":["GET"]}}],"collection":[{"href":"https:\/\/inkubaator.tallinn.ee\/en\/wp-json\/wp\/v2\/events"}],"about":[{"href":"https:\/\/inkubaator.tallinn.ee\/en\/wp-json\/wp\/v2\/types\/events"}],"wp:featuredmedia":[{"embeddable":true,"href":"https:\/\/inkubaator.tallinn.ee\/en\/wp-json\/wp\/v2\/media\/15390"}],"wp:attachment":[{"href":"https:\/\/inkubaator.tallinn.ee\/en\/wp-json\/wp\/v2\/media?parent=15172"}],"wp:term":[{"taxonomy":"event-category","embeddable":true,"href":"https:\/\/inkubaator.tallinn.ee\/en\/wp-json\/wp\/v2\/event-category?post=15172"}],"curies":[{"name":"wp","href":"https:\/\/api.w.org\/{rel}","templated":true}]}}