{"id":14667,"date":"2023-12-11T12:41:40","date_gmt":"2023-12-11T10:41:40","guid":{"rendered":"https:\/\/inkubaator.tallinn.ee\/?post_type=events&#038;p=14667"},"modified":"2024-09-09T23:02:08","modified_gmt":"2024-09-09T21:02:08","slug":"kuidas-persoonibrand-ettevotte-kasuks-toole-panna","status":"publish","type":"events","link":"https:\/\/inkubaator.tallinn.ee\/en\/events\/kuidas-persoonibrand-ettevotte-kasuks-toole-panna\/","title":{"rendered":"Kuidas persoonibr\u00e4nd ettev\u00f5tte kasuks t\u00f6\u00f6le panna?"},"content":{"rendered":"<p>Mis on persoonibr\u00e4nd ja kuidas aitab see kaasa ettev\u00f5tte kasvule? Millistele ettev\u00f5tetele on persoonibr\u00e4nd olulise t\u00e4htusega? 16. jaanuaril toimuval seminaril uurime persoonibr\u00e4ndi rolli ettev\u00f5tte arengus ja saame teada, kuidas ja millal seda luua.<\/p>\n<p>&nbsp;<\/p>\n<p>Lisaks tutvume praktiliste n\u00e4idetega edukatest ettev\u00f5tjatest, kes on suutnud oma persoonibr\u00e4ndi t\u00f5husalt kasutada. Oma kogemuslugu persoonibr\u00e4ndi loomisest tuleb jagama Saaremaa Mahemunad ettev\u00f5tte asutaja Tanel Tang.<\/p>\n<p><strong>M\u00f5ned teemad, mida seminaril k\u00e4sitleme:<\/strong><\/p>\n<ul>\n<li><span lang=\"ET\">Persoonibr\u00e4nd &amp; selle m\u00f5ju<\/span><\/li>\n<li class=\"x_MsoNormal\">Mis t\u00fc\u00fcpi ettev\u00f5tetele on persoonibr\u00e4nd kasulik?<\/li>\n<li class=\"x_MsoListParagraph\"><span lang=\"ET\">Millest persoonibr\u00e4ndi loomist alustada?\u00a0<\/span>Levinumad vead persoonibr\u00e4ndi ehitamisel<\/li>\n<li class=\"x_MsoListParagraph\"><span lang=\"ET\">3 parimat n\u00e4idet ettev\u00f5tjatelt \u2013 kuidas nad on seda teinud?<\/span><\/li>\n<li class=\"x_MsoListParagraph\"><span lang=\"ET\">5 sammu LinkedIn&#8217;is sisu looomiseks<\/span><\/li>\n<\/ul>\n<p class=\"x_MsoNormal\">Seminaril osaleja mitte ainult ei m\u00f5ista persoonibr\u00e4ndi olemust, vaid omandab ka praktilised oskused selle ettev\u00f5tte kasuks t\u00f6\u00f6le panemiseks.<\/p>\n<p><strong>Ajakava:\u00a0<\/strong><\/p>\n<ul>\n<li>14.00 &#8211; 15.00 Ann Hiiemaa ja Lily M\u00e4gi Meta Advisory agentuurist jagavad praktilisi n\u00f5uandeid, kuidas ehitada persoonibr\u00e4ndi.<\/li>\n<li>15.00 &#8211; 16.00 Tanel Tang Saaremaa Mahemunadest jagab oma kogemuslugu persoonibr\u00e4ndi loomisest.<\/li>\n<\/ul>\n<p><strong>Esinejad:<\/strong><\/p>\n<p><b>Ann Hiiemaa:<\/b>\u00a0Ann juhib META Advisory&#8217;i uute ettev\u00f5tete arendamist ja on Eesti enim auhinnatud PR-konsultant. T\u00e4nu arvestatavale kogemusele ajakirjanikuna oskab ta integreeritud kampaaniate loomisel m\u00f5elda nii, et need saavutaksid maksimaalselt laia kandepinna ka \u00fcldmeedias. Just integreeritud kommunikatsioonikampaaniad ja uute ettev\u00f5tete lansseerimine on see, mida Ann k\u00f5ige paremini oskab. Selle t\u00f5estuseks on nii Eesti kui ka mitmete rahvusvaheliste kommunikatsioonikonkursside esikohad, nendest hinnatuim ilmselt PR-Excellence Awards esikoht Kogumisp\u00e4eviku kampaaniaga.<\/p>\n<p><b>Lily M\u00e4gi:<\/b> Lily roll METAs on igak\u00fclgselt toetada turunduskommunikatsiooni tiimi konsultante. K\u00f5rghariduse omandas ta Amsterdami \u00fclikoolis (University of Amsterdam) \u2013 sealne meedia ja kultuuri eriala andis talle p\u00f5hjaliku \u00fclevaate nii erinevate meediakanalite kui ka sotsiaalmeedia anal\u00fc\u00fcsimisest. Kommunikatsiooni-ja turundusvaldkonna puhul paelub Lilyt k\u00f5ige enam tehnoloogia &#8211; kui ka iduettev\u00f5tete kommunikatsioon ning rahvusvaheliste meediakajastuste p\u00fc\u00fcdmine. Lily on ka ise olnud alustava ettev\u00f5tja rollis oma kunstiplatvormiga ja saanud selle kogemuse baasilt hea ning realistliku \u00fclevaate start-upi loomise nii valupunktidest kui ka kitsaskohtadest.<\/p>\n<p>Loomeinkubaatori programmi ettev\u00f5tte, <strong>Saaremaa Mahemunad asutaja, Tanel Tang <\/strong>on ettev\u00f5tte kasvuks viinud l\u00e4bi mitmeid kreatiivseid projekte. \u00dcheks selliseks on Saaremaa Digikana &#8211; NFT projekt, mille k\u00e4igus pandi m\u00fc\u00fcki 650 digitaalset kana. \u00dche kana alghind oli 100 eurot &#8211; kahe n\u00e4dalaga m\u00fc\u00fcdi k\u00f5ik digikanad ning teeniti 65 000 eurot. Eestimaalaste s\u00fcdamed v\u00f5itis ta saates \u201eTanel ja kanad\u201c, mis mahemunade kasvatamise valusid ja v\u00f5lusid tutvustas ning Saaremaa Mahemunade n\u00f5udlust mitu korda t\u00f5stis.<\/p>\n<p>&nbsp;<\/p>\n<p><strong>\u00dcritus on TASUTA, aga vajalik on registreerimine!<\/strong><\/p>\n<p>&nbsp;<\/p>\n<p><strong>Koolitus toimub Loomeinkubaatoris kohapeal (Veerenni 24C) ja v\u00f5imalus on osaleda ka veebi vahendusel.<\/strong><\/p>\n<p>\u00dcritus toimub h\u00fcbriidformaadis, kuid m\u00f5ttevahetustesse on kaasatud vaid kohapealsed osalejad.<\/p>\n","protected":false},"featured_media":14672,"template":"","meta":{"_acf_changed":false},"event-category":[164],"class_list":["post-14667","events","type-events","status-publish","has-post-thumbnail","hentry","event-category-kogemuslugu"],"acf":[],"yoast_head":"<!-- This site is optimized with the Yoast SEO plugin v27.4 - https:\/\/yoast.com\/product\/yoast-seo-wordpress\/ -->\n<title>Kuidas persoonibr\u00e4nd ettev\u00f5tte kasuks t\u00f6\u00f6le panna? - Tallinna Ettev\u00f5tlusinkubaator<\/title>\n<meta name=\"robots\" content=\"index, follow, max-snippet:-1, max-image-preview:large, max-video-preview:-1\" \/>\n<link rel=\"canonical\" href=\"https:\/\/inkubaator.tallinn.ee\/sundmused\/kuidas-persoonibrand-ettevotte-kasuks-toole-panna\/\" \/>\n<meta property=\"og:locale\" content=\"en_US\" \/>\n<meta property=\"og:type\" content=\"article\" \/>\n<meta property=\"og:title\" content=\"Kuidas persoonibr\u00e4nd ettev\u00f5tte kasuks t\u00f6\u00f6le panna? - Tallinna Ettev\u00f5tlusinkubaator\" \/>\n<meta property=\"og:description\" content=\"Mis on persoonibr\u00e4nd ja kuidas aitab see kaasa ettev\u00f5tte kasvule? Millistele ettev\u00f5tetele on persoonibr\u00e4nd olulise t\u00e4htusega? 16. jaanuaril toimuval seminaril uurime persoonibr\u00e4ndi rolli ettev\u00f5tte arengus ja saame teada, kuidas ja millal seda luua. &nbsp; Lisaks tutvume praktiliste n\u00e4idetega edukatest ettev\u00f5tjatest, kes on suutnud oma persoonibr\u00e4ndi t\u00f5husalt kasutada. Oma kogemuslugu persoonibr\u00e4ndi loomisest tuleb jagama Saaremaa Mahemunad ettev\u00f5tte asutaja Tanel Tang. M\u00f5ned teemad, mida seminaril k\u00e4sitleme: Persoonibr\u00e4nd &amp; selle m\u00f5ju Mis t\u00fc\u00fcpi ettev\u00f5tetele on persoonibr\u00e4nd kasulik? Millest persoonibr\u00e4ndi loomist alustada?\u00a0Levinumad vead persoonibr\u00e4ndi ehitamisel 3 parimat n\u00e4idet ettev\u00f5tjatelt \u2013 kuidas nad on seda teinud? 5 sammu LinkedIn&#8217;is sisu looomiseks Seminaril osaleja mitte ainult\u2026\" \/>\n<meta property=\"og:url\" content=\"https:\/\/inkubaator.tallinn.ee\/sundmused\/kuidas-persoonibrand-ettevotte-kasuks-toole-panna\/\" \/>\n<meta property=\"og:site_name\" content=\"Tallinna Ettev\u00f5tlusinkubaator\" \/>\n<meta property=\"article:modified_time\" content=\"2024-09-09T21:02:08+00:00\" \/>\n<meta property=\"og:image\" content=\"https:\/\/inkubaator.tallinn.ee\/wp-content\/uploads\/2023\/12\/Koolituste-kujundus-2023-sugis-41.png\" \/>\n\t<meta property=\"og:image:width\" content=\"2250\" \/>\n\t<meta property=\"og:image:height\" content=\"1177\" \/>\n\t<meta property=\"og:image:type\" content=\"image\/png\" \/>\n<meta name=\"twitter:card\" content=\"summary_large_image\" \/>\n<meta name=\"twitter:label1\" content=\"Est. reading time\" \/>\n\t<meta name=\"twitter:data1\" content=\"3 minutes\" \/>\n<script type=\"application\/ld+json\" class=\"yoast-schema-graph\">{\"@context\":\"https:\\\/\\\/schema.org\",\"@graph\":[{\"@type\":\"WebPage\",\"@id\":\"https:\\\/\\\/inkubaator.tallinn.ee\\\/sundmused\\\/kuidas-persoonibrand-ettevotte-kasuks-toole-panna\\\/\",\"url\":\"https:\\\/\\\/inkubaator.tallinn.ee\\\/sundmused\\\/kuidas-persoonibrand-ettevotte-kasuks-toole-panna\\\/\",\"name\":\"Kuidas persoonibr\u00e4nd ettev\u00f5tte kasuks t\u00f6\u00f6le panna? - Tallinna Ettev\u00f5tlusinkubaator\",\"isPartOf\":{\"@id\":\"https:\\\/\\\/inkubaator.tallinn.ee\\\/#website\"},\"primaryImageOfPage\":{\"@id\":\"https:\\\/\\\/inkubaator.tallinn.ee\\\/sundmused\\\/kuidas-persoonibrand-ettevotte-kasuks-toole-panna\\\/#primaryimage\"},\"image\":{\"@id\":\"https:\\\/\\\/inkubaator.tallinn.ee\\\/sundmused\\\/kuidas-persoonibrand-ettevotte-kasuks-toole-panna\\\/#primaryimage\"},\"thumbnailUrl\":\"https:\\\/\\\/inkubaator.tallinn.ee\\\/wp-content\\\/uploads\\\/2023\\\/12\\\/Koolituste-kujundus-2023-sugis-41.png\",\"datePublished\":\"2023-12-11T10:41:40+00:00\",\"dateModified\":\"2024-09-09T21:02:08+00:00\",\"breadcrumb\":{\"@id\":\"https:\\\/\\\/inkubaator.tallinn.ee\\\/sundmused\\\/kuidas-persoonibrand-ettevotte-kasuks-toole-panna\\\/#breadcrumb\"},\"inLanguage\":\"en-US\",\"potentialAction\":[{\"@type\":\"ReadAction\",\"target\":[\"https:\\\/\\\/inkubaator.tallinn.ee\\\/sundmused\\\/kuidas-persoonibrand-ettevotte-kasuks-toole-panna\\\/\"]}]},{\"@type\":\"ImageObject\",\"inLanguage\":\"en-US\",\"@id\":\"https:\\\/\\\/inkubaator.tallinn.ee\\\/sundmused\\\/kuidas-persoonibrand-ettevotte-kasuks-toole-panna\\\/#primaryimage\",\"url\":\"https:\\\/\\\/inkubaator.tallinn.ee\\\/wp-content\\\/uploads\\\/2023\\\/12\\\/Koolituste-kujundus-2023-sugis-41.png\",\"contentUrl\":\"https:\\\/\\\/inkubaator.tallinn.ee\\\/wp-content\\\/uploads\\\/2023\\\/12\\\/Koolituste-kujundus-2023-sugis-41.png\",\"width\":2250,\"height\":1177},{\"@type\":\"BreadcrumbList\",\"@id\":\"https:\\\/\\\/inkubaator.tallinn.ee\\\/sundmused\\\/kuidas-persoonibrand-ettevotte-kasuks-toole-panna\\\/#breadcrumb\",\"itemListElement\":[{\"@type\":\"ListItem\",\"position\":1,\"name\":\"Home\",\"item\":\"https:\\\/\\\/inkubaator.tallinn.ee\\\/\"},{\"@type\":\"ListItem\",\"position\":2,\"name\":\"Kuidas persoonibr\u00e4nd ettev\u00f5tte kasuks t\u00f6\u00f6le panna?\"}]},{\"@type\":\"WebSite\",\"@id\":\"https:\\\/\\\/inkubaator.tallinn.ee\\\/#website\",\"url\":\"https:\\\/\\\/inkubaator.tallinn.ee\\\/\",\"name\":\"Tallinna Ettev\u00f5tlusinkubaator\",\"description\":\"Loo enda edulugu\",\"publisher\":{\"@id\":\"https:\\\/\\\/inkubaator.tallinn.ee\\\/#organization\"},\"potentialAction\":[{\"@type\":\"SearchAction\",\"target\":{\"@type\":\"EntryPoint\",\"urlTemplate\":\"https:\\\/\\\/inkubaator.tallinn.ee\\\/?s={search_term_string}\"},\"query-input\":{\"@type\":\"PropertyValueSpecification\",\"valueRequired\":true,\"valueName\":\"search_term_string\"}}],\"inLanguage\":\"en-US\"},{\"@type\":\"Organization\",\"@id\":\"https:\\\/\\\/inkubaator.tallinn.ee\\\/#organization\",\"name\":\"Tallinna Ettev\u00f5tlusinkubaator\",\"url\":\"https:\\\/\\\/inkubaator.tallinn.ee\\\/\",\"logo\":{\"@type\":\"ImageObject\",\"inLanguage\":\"en-US\",\"@id\":\"https:\\\/\\\/inkubaator.tallinn.ee\\\/#\\\/schema\\\/logo\\\/image\\\/\",\"url\":\"https:\\\/\\\/inkubaator.tallinn.ee\\\/wp-content\\\/uploads\\\/2024\\\/08\\\/favicon.webp\",\"contentUrl\":\"https:\\\/\\\/inkubaator.tallinn.ee\\\/wp-content\\\/uploads\\\/2024\\\/08\\\/favicon.webp\",\"width\":512,\"height\":512,\"caption\":\"Tallinna Ettev\u00f5tlusinkubaator\"},\"image\":{\"@id\":\"https:\\\/\\\/inkubaator.tallinn.ee\\\/#\\\/schema\\\/logo\\\/image\\\/\"}}]}<\/script>\n<!-- \/ Yoast SEO plugin. -->","yoast_head_json":{"title":"Kuidas persoonibr\u00e4nd ettev\u00f5tte kasuks t\u00f6\u00f6le panna? - Tallinna Ettev\u00f5tlusinkubaator","robots":{"index":"index","follow":"follow","max-snippet":"max-snippet:-1","max-image-preview":"max-image-preview:large","max-video-preview":"max-video-preview:-1"},"canonical":"https:\/\/inkubaator.tallinn.ee\/sundmused\/kuidas-persoonibrand-ettevotte-kasuks-toole-panna\/","og_locale":"en_US","og_type":"article","og_title":"Kuidas persoonibr\u00e4nd ettev\u00f5tte kasuks t\u00f6\u00f6le panna? - Tallinna Ettev\u00f5tlusinkubaator","og_description":"Mis on persoonibr\u00e4nd ja kuidas aitab see kaasa ettev\u00f5tte kasvule? Millistele ettev\u00f5tetele on persoonibr\u00e4nd olulise t\u00e4htusega? 16. jaanuaril toimuval seminaril uurime persoonibr\u00e4ndi rolli ettev\u00f5tte arengus ja saame teada, kuidas ja millal seda luua. &nbsp; Lisaks tutvume praktiliste n\u00e4idetega edukatest ettev\u00f5tjatest, kes on suutnud oma persoonibr\u00e4ndi t\u00f5husalt kasutada. Oma kogemuslugu persoonibr\u00e4ndi loomisest tuleb jagama Saaremaa Mahemunad ettev\u00f5tte asutaja Tanel Tang. M\u00f5ned teemad, mida seminaril k\u00e4sitleme: Persoonibr\u00e4nd &amp; selle m\u00f5ju Mis t\u00fc\u00fcpi ettev\u00f5tetele on persoonibr\u00e4nd kasulik? Millest persoonibr\u00e4ndi loomist alustada?\u00a0Levinumad vead persoonibr\u00e4ndi ehitamisel 3 parimat n\u00e4idet ettev\u00f5tjatelt \u2013 kuidas nad on seda teinud? 5 sammu LinkedIn&#8217;is sisu looomiseks Seminaril osaleja mitte ainult\u2026","og_url":"https:\/\/inkubaator.tallinn.ee\/sundmused\/kuidas-persoonibrand-ettevotte-kasuks-toole-panna\/","og_site_name":"Tallinna Ettev\u00f5tlusinkubaator","article_modified_time":"2024-09-09T21:02:08+00:00","og_image":[{"width":2250,"height":1177,"url":"https:\/\/inkubaator.tallinn.ee\/wp-content\/uploads\/2023\/12\/Koolituste-kujundus-2023-sugis-41.png","type":"image\/png"}],"twitter_card":"summary_large_image","twitter_misc":{"Est. reading time":"3 minutes"},"schema":{"@context":"https:\/\/schema.org","@graph":[{"@type":"WebPage","@id":"https:\/\/inkubaator.tallinn.ee\/sundmused\/kuidas-persoonibrand-ettevotte-kasuks-toole-panna\/","url":"https:\/\/inkubaator.tallinn.ee\/sundmused\/kuidas-persoonibrand-ettevotte-kasuks-toole-panna\/","name":"Kuidas persoonibr\u00e4nd ettev\u00f5tte kasuks t\u00f6\u00f6le panna? - Tallinna Ettev\u00f5tlusinkubaator","isPartOf":{"@id":"https:\/\/inkubaator.tallinn.ee\/#website"},"primaryImageOfPage":{"@id":"https:\/\/inkubaator.tallinn.ee\/sundmused\/kuidas-persoonibrand-ettevotte-kasuks-toole-panna\/#primaryimage"},"image":{"@id":"https:\/\/inkubaator.tallinn.ee\/sundmused\/kuidas-persoonibrand-ettevotte-kasuks-toole-panna\/#primaryimage"},"thumbnailUrl":"https:\/\/inkubaator.tallinn.ee\/wp-content\/uploads\/2023\/12\/Koolituste-kujundus-2023-sugis-41.png","datePublished":"2023-12-11T10:41:40+00:00","dateModified":"2024-09-09T21:02:08+00:00","breadcrumb":{"@id":"https:\/\/inkubaator.tallinn.ee\/sundmused\/kuidas-persoonibrand-ettevotte-kasuks-toole-panna\/#breadcrumb"},"inLanguage":"en-US","potentialAction":[{"@type":"ReadAction","target":["https:\/\/inkubaator.tallinn.ee\/sundmused\/kuidas-persoonibrand-ettevotte-kasuks-toole-panna\/"]}]},{"@type":"ImageObject","inLanguage":"en-US","@id":"https:\/\/inkubaator.tallinn.ee\/sundmused\/kuidas-persoonibrand-ettevotte-kasuks-toole-panna\/#primaryimage","url":"https:\/\/inkubaator.tallinn.ee\/wp-content\/uploads\/2023\/12\/Koolituste-kujundus-2023-sugis-41.png","contentUrl":"https:\/\/inkubaator.tallinn.ee\/wp-content\/uploads\/2023\/12\/Koolituste-kujundus-2023-sugis-41.png","width":2250,"height":1177},{"@type":"BreadcrumbList","@id":"https:\/\/inkubaator.tallinn.ee\/sundmused\/kuidas-persoonibrand-ettevotte-kasuks-toole-panna\/#breadcrumb","itemListElement":[{"@type":"ListItem","position":1,"name":"Home","item":"https:\/\/inkubaator.tallinn.ee\/"},{"@type":"ListItem","position":2,"name":"Kuidas persoonibr\u00e4nd ettev\u00f5tte kasuks t\u00f6\u00f6le panna?"}]},{"@type":"WebSite","@id":"https:\/\/inkubaator.tallinn.ee\/#website","url":"https:\/\/inkubaator.tallinn.ee\/","name":"Tallinna Ettev\u00f5tlusinkubaator","description":"Loo enda edulugu","publisher":{"@id":"https:\/\/inkubaator.tallinn.ee\/#organization"},"potentialAction":[{"@type":"SearchAction","target":{"@type":"EntryPoint","urlTemplate":"https:\/\/inkubaator.tallinn.ee\/?s={search_term_string}"},"query-input":{"@type":"PropertyValueSpecification","valueRequired":true,"valueName":"search_term_string"}}],"inLanguage":"en-US"},{"@type":"Organization","@id":"https:\/\/inkubaator.tallinn.ee\/#organization","name":"Tallinna Ettev\u00f5tlusinkubaator","url":"https:\/\/inkubaator.tallinn.ee\/","logo":{"@type":"ImageObject","inLanguage":"en-US","@id":"https:\/\/inkubaator.tallinn.ee\/#\/schema\/logo\/image\/","url":"https:\/\/inkubaator.tallinn.ee\/wp-content\/uploads\/2024\/08\/favicon.webp","contentUrl":"https:\/\/inkubaator.tallinn.ee\/wp-content\/uploads\/2024\/08\/favicon.webp","width":512,"height":512,"caption":"Tallinna Ettev\u00f5tlusinkubaator"},"image":{"@id":"https:\/\/inkubaator.tallinn.ee\/#\/schema\/logo\/image\/"}}]}},"_links":{"self":[{"href":"https:\/\/inkubaator.tallinn.ee\/en\/wp-json\/wp\/v2\/events\/14667","targetHints":{"allow":["GET"]}}],"collection":[{"href":"https:\/\/inkubaator.tallinn.ee\/en\/wp-json\/wp\/v2\/events"}],"about":[{"href":"https:\/\/inkubaator.tallinn.ee\/en\/wp-json\/wp\/v2\/types\/events"}],"wp:featuredmedia":[{"embeddable":true,"href":"https:\/\/inkubaator.tallinn.ee\/en\/wp-json\/wp\/v2\/media\/14672"}],"wp:attachment":[{"href":"https:\/\/inkubaator.tallinn.ee\/en\/wp-json\/wp\/v2\/media?parent=14667"}],"wp:term":[{"taxonomy":"event-category","embeddable":true,"href":"https:\/\/inkubaator.tallinn.ee\/en\/wp-json\/wp\/v2\/event-category?post=14667"}],"curies":[{"name":"wp","href":"https:\/\/api.w.org\/{rel}","templated":true}]}}