{"id":13981,"date":"2023-09-15T21:41:21","date_gmt":"2023-09-15T19:41:21","guid":{"rendered":"https:\/\/inkubaator.tallinn.ee\/?post_type=events&#038;p=13981"},"modified":"2023-09-15T21:42:13","modified_gmt":"2023-09-15T19:42:13","slug":"kummardus-fotonaituse-avamine-rotermanni-palmigaleriis","status":"publish","type":"events","link":"https:\/\/inkubaator.tallinn.ee\/en\/events\/kummardus-fotonaituse-avamine-rotermanni-palmigaleriis\/","title":{"rendered":"\u201eKummardus\u201c foton\u00e4ituse avamine Rotermanni Palmigaleriis"},"content":{"rendered":"<div class=\"xdj266r x11i5rnm xat24cr x1mh8g0r x1vvkbs\">Tallinn Design House avab Disaini\u00f6\u00f6 \/ Tallinn Design Festival 2023 raames 20. septembril kell 18 Rotermanni kvartali Palmigaleriis foton\u00e4ituse \u201eKummardus.\u201c<\/div>\n<div class=\"x11i5rnm xat24cr x1mh8g0r x1vvkbs xtlvy1s\">\u201eKummardus\u201c on jutustus Eesti disainist, kus kohtuvad autorilooming, loodus ja traditsioonid. S\u00f5na kummardus s\u00fcmboliseerib t\u00e4nuavaldust olemasoleva eest ning l\u00e4bi pildijutustuse tutvustakse Eesti disaini juuri.<\/div>\n<div>\u00a0<\/div>\n<div class=\"x11i5rnm xat24cr x1mh8g0r x1vvkbs xtlvy1s\">Rotermanni kvartali Palmigaleriis (Rotermanni 8 ) avatav n\u00e4itus on austusavaldus meie Maarjamaa kargele s\u00fcgisele ja selle omap\u00e4rasele v\u00e4rvikirevusele, mis ulatub puulatvadest laukasoodeni. Fototeekonnal k\u00fclastame K\u00f5rvemaa suuri p\u00f5lismetsi ja veesilmu ning Kakerdaja raba \u00fcrgset ja salap\u00e4rast loodust. Eesti disainerite loomet saadavad p\u00e4rimuslikud jutustused hiiglastest ja m\u00fcstiliste v\u00f5imetega metsloomadest ning oluline roll on peegeldustel, mis kannavad edasi vanarahva uskumust kihilisest maailmast.<\/div>\n<div>\u00a0<\/div>\n<div class=\"x11i5rnm xat24cr x1mh8g0r x1vvkbs xtlvy1s\">Foton\u00e4itusel on Eesti disaineritest esindatud Aldo J\u00e4rvsoo, Hyrv, Kaia Saarna, Liisa Soolepp, Lumin\u00e9e, Samelin, Studio August, Tanel Veenre, Triinu Pungits.<\/div>\n<div class=\"x11i5rnm xat24cr x1mh8g0r x1vvkbs xtlvy1s\">N\u00e4ituse avamisel tutvustab projekti loovjuht Piret Puppart. Tervitusjooki pakub Rotermann.<\/div>\n<div>\u00a0<\/div>\n<div class=\"x11i5rnm xat24cr x1mh8g0r x1vvkbs xtlvy1s\">Foton\u00e4itus Palmigaleriis j\u00e4\u00e4b avatuks kuni 30. november 2023.<\/div>\n<div>\u00a0<\/div>\n<div class=\"x11i5rnm xat24cr x1mh8g0r x1vvkbs xtlvy1s\">****<\/div>\n<div class=\"x11i5rnm xat24cr x1mh8g0r x1vvkbs xtlvy1s\">Tallinn Design House\u2019i foto- ja videoprojekti Kummardus tulemusena valmis kahe aasta jooksul kokku 150 fotot ja 6 videolugu. M\u00e4rgiliste paikadena on esindatud n\u00e4iteks Muhumaa, Setomaa, Saaremaa, Soomaa, Sibulatee, K\u00f5rvemaa, Matsalu jpt. Kokku l\u00e4biti 26 erinevat asukohta ja esindatud on enam kui 50 disaineri looming. Fotod jagunevad viiest aastaajast l\u00e4htuvasse kollektsiooni, mis lisaks loomingule ja loodusele kasutab terviku moodustamiseks traditsioonidest laenatud motiive, olgu selleks siis vanad paikkondlikud jutustused, s\u00fcmbolid, v\u00e4rvide t\u00e4hendused v\u00f5i read kollektiivm\u00e4lust \u2013 rahvaluulest. \u201eKummardus\u201c esmaesitlus toimus Expo 2020 Dubai maailman\u00e4itusel.<\/div>\n<div>\u00a0<\/div>\n<div><strong>Anna oma tulekust teada: <a href=\"https:\/\/forms.gle\/FJeGc2xyQdyeb1pF9\">https:\/\/forms.gle\/FJeGc2xyQdyeb1pF9<\/a>\u00a0<\/strong><\/div>\n<div>\u00a0<\/div>\n<div><img loading=\"lazy\" decoding=\"async\" class=\"alignnone wp-image-13982\" src=\"https:\/\/inkubaator.tallinn.ee\/wp-content\/uploads\/2023\/09\/371929056_722797089860626_2826242938537946098_n.jpeg\" alt=\"\" width=\"648\" height=\"340\" srcset=\"https:\/\/inkubaator.tallinn.ee\/wp-content\/uploads\/2023\/09\/371929056_722797089860626_2826242938537946098_n.jpeg 2048w, https:\/\/inkubaator.tallinn.ee\/wp-content\/uploads\/2023\/09\/371929056_722797089860626_2826242938537946098_n-250x131.jpeg 250w, https:\/\/inkubaator.tallinn.ee\/wp-content\/uploads\/2023\/09\/371929056_722797089860626_2826242938537946098_n-700x367.jpeg 700w, https:\/\/inkubaator.tallinn.ee\/wp-content\/uploads\/2023\/09\/371929056_722797089860626_2826242938537946098_n-768x403.jpeg 768w, https:\/\/inkubaator.tallinn.ee\/wp-content\/uploads\/2023\/09\/371929056_722797089860626_2826242938537946098_n-1536x806.jpeg 1536w, https:\/\/inkubaator.tallinn.ee\/wp-content\/uploads\/2023\/09\/371929056_722797089860626_2826242938537946098_n-120x63.jpeg 120w\" sizes=\"auto, (max-width: 648px) 100vw, 648px\" \/><\/div>\n","protected":false},"featured_media":0,"template":"","meta":{"_acf_changed":false},"event-category":[],"class_list":["post-13981","events","type-events","status-publish","hentry"],"acf":[],"yoast_head":"<!-- This site is optimized with the Yoast SEO plugin v27.4 - https:\/\/yoast.com\/product\/yoast-seo-wordpress\/ -->\n<title>\u201eKummardus\u201c foton\u00e4ituse avamine Rotermanni Palmigaleriis - Tallinna Ettev\u00f5tlusinkubaator<\/title>\n<meta name=\"robots\" content=\"index, follow, max-snippet:-1, max-image-preview:large, max-video-preview:-1\" \/>\n<link rel=\"canonical\" href=\"https:\/\/inkubaator.tallinn.ee\/sundmused\/kummardus-fotonaituse-avamine-rotermanni-palmigaleriis\/\" \/>\n<meta property=\"og:locale\" content=\"en_US\" \/>\n<meta property=\"og:type\" content=\"article\" \/>\n<meta property=\"og:title\" content=\"\u201eKummardus\u201c foton\u00e4ituse avamine Rotermanni Palmigaleriis - Tallinna Ettev\u00f5tlusinkubaator\" \/>\n<meta property=\"og:description\" content=\"Tallinn Design House avab Disaini\u00f6\u00f6 \/ Tallinn Design Festival 2023 raames 20. septembril kell 18 Rotermanni kvartali Palmigaleriis foton\u00e4ituse \u201eKummardus.\u201c \u201eKummardus\u201c on jutustus Eesti disainist, kus kohtuvad autorilooming, loodus ja traditsioonid. S\u00f5na kummardus s\u00fcmboliseerib t\u00e4nuavaldust olemasoleva eest ning l\u00e4bi pildijutustuse tutvustakse Eesti disaini juuri. \u00a0 Rotermanni kvartali Palmigaleriis (Rotermanni 8 ) avatav n\u00e4itus on austusavaldus meie Maarjamaa kargele s\u00fcgisele ja selle omap\u00e4rasele v\u00e4rvikirevusele, mis ulatub puulatvadest laukasoodeni. Fototeekonnal k\u00fclastame K\u00f5rvemaa suuri p\u00f5lismetsi ja veesilmu ning Kakerdaja raba \u00fcrgset ja salap\u00e4rast loodust. Eesti disainerite loomet saadavad p\u00e4rimuslikud jutustused hiiglastest ja m\u00fcstiliste v\u00f5imetega metsloomadest ning oluline roll on peegeldustel, mis kannavad edasi\u2026\" \/>\n<meta property=\"og:url\" content=\"https:\/\/inkubaator.tallinn.ee\/sundmused\/kummardus-fotonaituse-avamine-rotermanni-palmigaleriis\/\" \/>\n<meta property=\"og:site_name\" content=\"Tallinna Ettev\u00f5tlusinkubaator\" \/>\n<meta property=\"article:modified_time\" content=\"2023-09-15T19:42:13+00:00\" \/>\n<meta property=\"og:image\" content=\"https:\/\/inkubaator.tallinn.ee\/wp-content\/uploads\/2023\/09\/371929056_722797089860626_2826242938537946098_n.jpeg\" \/>\n<meta name=\"twitter:card\" content=\"summary_large_image\" \/>\n<meta name=\"twitter:label1\" content=\"Est. reading time\" \/>\n\t<meta name=\"twitter:data1\" content=\"2 minutes\" \/>\n<script type=\"application\/ld+json\" class=\"yoast-schema-graph\">{\"@context\":\"https:\\\/\\\/schema.org\",\"@graph\":[{\"@type\":\"WebPage\",\"@id\":\"https:\\\/\\\/inkubaator.tallinn.ee\\\/sundmused\\\/kummardus-fotonaituse-avamine-rotermanni-palmigaleriis\\\/\",\"url\":\"https:\\\/\\\/inkubaator.tallinn.ee\\\/sundmused\\\/kummardus-fotonaituse-avamine-rotermanni-palmigaleriis\\\/\",\"name\":\"\u201eKummardus\u201c foton\u00e4ituse avamine Rotermanni Palmigaleriis - Tallinna Ettev\u00f5tlusinkubaator\",\"isPartOf\":{\"@id\":\"https:\\\/\\\/inkubaator.tallinn.ee\\\/#website\"},\"primaryImageOfPage\":{\"@id\":\"https:\\\/\\\/inkubaator.tallinn.ee\\\/sundmused\\\/kummardus-fotonaituse-avamine-rotermanni-palmigaleriis\\\/#primaryimage\"},\"image\":{\"@id\":\"https:\\\/\\\/inkubaator.tallinn.ee\\\/sundmused\\\/kummardus-fotonaituse-avamine-rotermanni-palmigaleriis\\\/#primaryimage\"},\"thumbnailUrl\":\"https:\\\/\\\/inkubaator.tallinn.ee\\\/wp-content\\\/uploads\\\/2023\\\/09\\\/371929056_722797089860626_2826242938537946098_n.jpeg\",\"datePublished\":\"2023-09-15T19:41:21+00:00\",\"dateModified\":\"2023-09-15T19:42:13+00:00\",\"breadcrumb\":{\"@id\":\"https:\\\/\\\/inkubaator.tallinn.ee\\\/sundmused\\\/kummardus-fotonaituse-avamine-rotermanni-palmigaleriis\\\/#breadcrumb\"},\"inLanguage\":\"en-US\",\"potentialAction\":[{\"@type\":\"ReadAction\",\"target\":[\"https:\\\/\\\/inkubaator.tallinn.ee\\\/sundmused\\\/kummardus-fotonaituse-avamine-rotermanni-palmigaleriis\\\/\"]}]},{\"@type\":\"ImageObject\",\"inLanguage\":\"en-US\",\"@id\":\"https:\\\/\\\/inkubaator.tallinn.ee\\\/sundmused\\\/kummardus-fotonaituse-avamine-rotermanni-palmigaleriis\\\/#primaryimage\",\"url\":\"https:\\\/\\\/inkubaator.tallinn.ee\\\/wp-content\\\/uploads\\\/2023\\\/09\\\/371929056_722797089860626_2826242938537946098_n.jpeg\",\"contentUrl\":\"https:\\\/\\\/inkubaator.tallinn.ee\\\/wp-content\\\/uploads\\\/2023\\\/09\\\/371929056_722797089860626_2826242938537946098_n.jpeg\"},{\"@type\":\"BreadcrumbList\",\"@id\":\"https:\\\/\\\/inkubaator.tallinn.ee\\\/sundmused\\\/kummardus-fotonaituse-avamine-rotermanni-palmigaleriis\\\/#breadcrumb\",\"itemListElement\":[{\"@type\":\"ListItem\",\"position\":1,\"name\":\"Home\",\"item\":\"https:\\\/\\\/inkubaator.tallinn.ee\\\/\"},{\"@type\":\"ListItem\",\"position\":2,\"name\":\"\u201eKummardus\u201c foton\u00e4ituse avamine Rotermanni Palmigaleriis\"}]},{\"@type\":\"WebSite\",\"@id\":\"https:\\\/\\\/inkubaator.tallinn.ee\\\/#website\",\"url\":\"https:\\\/\\\/inkubaator.tallinn.ee\\\/\",\"name\":\"Tallinna Ettev\u00f5tlusinkubaator\",\"description\":\"Loo enda edulugu\",\"publisher\":{\"@id\":\"https:\\\/\\\/inkubaator.tallinn.ee\\\/#organization\"},\"potentialAction\":[{\"@type\":\"SearchAction\",\"target\":{\"@type\":\"EntryPoint\",\"urlTemplate\":\"https:\\\/\\\/inkubaator.tallinn.ee\\\/?s={search_term_string}\"},\"query-input\":{\"@type\":\"PropertyValueSpecification\",\"valueRequired\":true,\"valueName\":\"search_term_string\"}}],\"inLanguage\":\"en-US\"},{\"@type\":\"Organization\",\"@id\":\"https:\\\/\\\/inkubaator.tallinn.ee\\\/#organization\",\"name\":\"Tallinna Ettev\u00f5tlusinkubaator\",\"url\":\"https:\\\/\\\/inkubaator.tallinn.ee\\\/\",\"logo\":{\"@type\":\"ImageObject\",\"inLanguage\":\"en-US\",\"@id\":\"https:\\\/\\\/inkubaator.tallinn.ee\\\/#\\\/schema\\\/logo\\\/image\\\/\",\"url\":\"https:\\\/\\\/inkubaator.tallinn.ee\\\/wp-content\\\/uploads\\\/2024\\\/08\\\/favicon.webp\",\"contentUrl\":\"https:\\\/\\\/inkubaator.tallinn.ee\\\/wp-content\\\/uploads\\\/2024\\\/08\\\/favicon.webp\",\"width\":512,\"height\":512,\"caption\":\"Tallinna Ettev\u00f5tlusinkubaator\"},\"image\":{\"@id\":\"https:\\\/\\\/inkubaator.tallinn.ee\\\/#\\\/schema\\\/logo\\\/image\\\/\"}}]}<\/script>\n<!-- \/ Yoast SEO plugin. -->","yoast_head_json":{"title":"\u201eKummardus\u201c foton\u00e4ituse avamine Rotermanni Palmigaleriis - Tallinna Ettev\u00f5tlusinkubaator","robots":{"index":"index","follow":"follow","max-snippet":"max-snippet:-1","max-image-preview":"max-image-preview:large","max-video-preview":"max-video-preview:-1"},"canonical":"https:\/\/inkubaator.tallinn.ee\/sundmused\/kummardus-fotonaituse-avamine-rotermanni-palmigaleriis\/","og_locale":"en_US","og_type":"article","og_title":"\u201eKummardus\u201c foton\u00e4ituse avamine Rotermanni Palmigaleriis - Tallinna Ettev\u00f5tlusinkubaator","og_description":"Tallinn Design House avab Disaini\u00f6\u00f6 \/ Tallinn Design Festival 2023 raames 20. septembril kell 18 Rotermanni kvartali Palmigaleriis foton\u00e4ituse \u201eKummardus.\u201c \u201eKummardus\u201c on jutustus Eesti disainist, kus kohtuvad autorilooming, loodus ja traditsioonid. S\u00f5na kummardus s\u00fcmboliseerib t\u00e4nuavaldust olemasoleva eest ning l\u00e4bi pildijutustuse tutvustakse Eesti disaini juuri. \u00a0 Rotermanni kvartali Palmigaleriis (Rotermanni 8 ) avatav n\u00e4itus on austusavaldus meie Maarjamaa kargele s\u00fcgisele ja selle omap\u00e4rasele v\u00e4rvikirevusele, mis ulatub puulatvadest laukasoodeni. Fototeekonnal k\u00fclastame K\u00f5rvemaa suuri p\u00f5lismetsi ja veesilmu ning Kakerdaja raba \u00fcrgset ja salap\u00e4rast loodust. Eesti disainerite loomet saadavad p\u00e4rimuslikud jutustused hiiglastest ja m\u00fcstiliste v\u00f5imetega metsloomadest ning oluline roll on peegeldustel, mis kannavad edasi\u2026","og_url":"https:\/\/inkubaator.tallinn.ee\/sundmused\/kummardus-fotonaituse-avamine-rotermanni-palmigaleriis\/","og_site_name":"Tallinna Ettev\u00f5tlusinkubaator","article_modified_time":"2023-09-15T19:42:13+00:00","og_image":[{"url":"https:\/\/inkubaator.tallinn.ee\/wp-content\/uploads\/2023\/09\/371929056_722797089860626_2826242938537946098_n.jpeg","type":"","width":"","height":""}],"twitter_card":"summary_large_image","twitter_misc":{"Est. reading time":"2 minutes"},"schema":{"@context":"https:\/\/schema.org","@graph":[{"@type":"WebPage","@id":"https:\/\/inkubaator.tallinn.ee\/sundmused\/kummardus-fotonaituse-avamine-rotermanni-palmigaleriis\/","url":"https:\/\/inkubaator.tallinn.ee\/sundmused\/kummardus-fotonaituse-avamine-rotermanni-palmigaleriis\/","name":"\u201eKummardus\u201c foton\u00e4ituse avamine Rotermanni Palmigaleriis - Tallinna Ettev\u00f5tlusinkubaator","isPartOf":{"@id":"https:\/\/inkubaator.tallinn.ee\/#website"},"primaryImageOfPage":{"@id":"https:\/\/inkubaator.tallinn.ee\/sundmused\/kummardus-fotonaituse-avamine-rotermanni-palmigaleriis\/#primaryimage"},"image":{"@id":"https:\/\/inkubaator.tallinn.ee\/sundmused\/kummardus-fotonaituse-avamine-rotermanni-palmigaleriis\/#primaryimage"},"thumbnailUrl":"https:\/\/inkubaator.tallinn.ee\/wp-content\/uploads\/2023\/09\/371929056_722797089860626_2826242938537946098_n.jpeg","datePublished":"2023-09-15T19:41:21+00:00","dateModified":"2023-09-15T19:42:13+00:00","breadcrumb":{"@id":"https:\/\/inkubaator.tallinn.ee\/sundmused\/kummardus-fotonaituse-avamine-rotermanni-palmigaleriis\/#breadcrumb"},"inLanguage":"en-US","potentialAction":[{"@type":"ReadAction","target":["https:\/\/inkubaator.tallinn.ee\/sundmused\/kummardus-fotonaituse-avamine-rotermanni-palmigaleriis\/"]}]},{"@type":"ImageObject","inLanguage":"en-US","@id":"https:\/\/inkubaator.tallinn.ee\/sundmused\/kummardus-fotonaituse-avamine-rotermanni-palmigaleriis\/#primaryimage","url":"https:\/\/inkubaator.tallinn.ee\/wp-content\/uploads\/2023\/09\/371929056_722797089860626_2826242938537946098_n.jpeg","contentUrl":"https:\/\/inkubaator.tallinn.ee\/wp-content\/uploads\/2023\/09\/371929056_722797089860626_2826242938537946098_n.jpeg"},{"@type":"BreadcrumbList","@id":"https:\/\/inkubaator.tallinn.ee\/sundmused\/kummardus-fotonaituse-avamine-rotermanni-palmigaleriis\/#breadcrumb","itemListElement":[{"@type":"ListItem","position":1,"name":"Home","item":"https:\/\/inkubaator.tallinn.ee\/"},{"@type":"ListItem","position":2,"name":"\u201eKummardus\u201c foton\u00e4ituse avamine Rotermanni Palmigaleriis"}]},{"@type":"WebSite","@id":"https:\/\/inkubaator.tallinn.ee\/#website","url":"https:\/\/inkubaator.tallinn.ee\/","name":"Tallinna Ettev\u00f5tlusinkubaator","description":"Loo enda edulugu","publisher":{"@id":"https:\/\/inkubaator.tallinn.ee\/#organization"},"potentialAction":[{"@type":"SearchAction","target":{"@type":"EntryPoint","urlTemplate":"https:\/\/inkubaator.tallinn.ee\/?s={search_term_string}"},"query-input":{"@type":"PropertyValueSpecification","valueRequired":true,"valueName":"search_term_string"}}],"inLanguage":"en-US"},{"@type":"Organization","@id":"https:\/\/inkubaator.tallinn.ee\/#organization","name":"Tallinna Ettev\u00f5tlusinkubaator","url":"https:\/\/inkubaator.tallinn.ee\/","logo":{"@type":"ImageObject","inLanguage":"en-US","@id":"https:\/\/inkubaator.tallinn.ee\/#\/schema\/logo\/image\/","url":"https:\/\/inkubaator.tallinn.ee\/wp-content\/uploads\/2024\/08\/favicon.webp","contentUrl":"https:\/\/inkubaator.tallinn.ee\/wp-content\/uploads\/2024\/08\/favicon.webp","width":512,"height":512,"caption":"Tallinna Ettev\u00f5tlusinkubaator"},"image":{"@id":"https:\/\/inkubaator.tallinn.ee\/#\/schema\/logo\/image\/"}}]}},"_links":{"self":[{"href":"https:\/\/inkubaator.tallinn.ee\/en\/wp-json\/wp\/v2\/events\/13981","targetHints":{"allow":["GET"]}}],"collection":[{"href":"https:\/\/inkubaator.tallinn.ee\/en\/wp-json\/wp\/v2\/events"}],"about":[{"href":"https:\/\/inkubaator.tallinn.ee\/en\/wp-json\/wp\/v2\/types\/events"}],"wp:attachment":[{"href":"https:\/\/inkubaator.tallinn.ee\/en\/wp-json\/wp\/v2\/media?parent=13981"}],"wp:term":[{"taxonomy":"event-category","embeddable":true,"href":"https:\/\/inkubaator.tallinn.ee\/en\/wp-json\/wp\/v2\/event-category?post=13981"}],"curies":[{"name":"wp","href":"https:\/\/api.w.org\/{rel}","templated":true}]}}