{"id":13972,"date":"2023-09-14T12:03:06","date_gmt":"2023-09-14T10:03:06","guid":{"rendered":"https:\/\/inkubaator.tallinn.ee\/?post_type=events&#038;p=13972"},"modified":"2023-09-14T12:03:59","modified_gmt":"2023-09-14T10:03:59","slug":"ettevotluspaev-kuidas-teadlikult-oma-karjaari-planeerida","status":"publish","type":"events","link":"https:\/\/inkubaator.tallinn.ee\/en\/events\/ettevotluspaev-kuidas-teadlikult-oma-karjaari-planeerida\/","title":{"rendered":"Ettev\u00f5tlusp\u00e4ev: Kuidas teadlikult oma karj\u00e4\u00e4ri planeerida?"},"content":{"rendered":"<p>26. septembril toimub Viru Konverentsikeskuses Tallinna Ettev\u00f5tlusp\u00e4ev.\u00a0<\/p>\n<p><strong>Loomeinkubaator esitleb Ettev\u00f5tlusp\u00e4eval seminari: Kuidas teadlikult oma karj\u00e4\u00e4ri planeerida?<\/strong><\/p>\n<p>Seminaril r\u00e4\u00e4gime,\u00a0mis komponentidest koosneb teadlik karj\u00e4\u00e4ri planeerimine ja kuidas luua endale t\u00f6\u00f6elu, millega olla t\u00f5eliselt rahul.\u00a0Iga osaleja saab v\u00f5imaluse anal\u00fc\u00fcsida nii enda hetke t\u00f6\u00f6elu kui ka planeerida isikliku karj\u00e4\u00e4ri.<\/p>\n<p>Saame vastused j\u00e4rgmistele k\u00fcsimustele:<\/p>\n<ul>\n<li>Kui h\u00e4sti ma tunnen iseennast ja oma tugevusi?<\/li>\n<li>Mida ma tegelikult oma t\u00f6\u00f6kohalt ootan?<\/li>\n<li>Kuidas teha oma t\u00f6\u00f6d kire ja p\u00fchendumisega?<\/li>\n<li>Kuidas elada teadlikku karj\u00e4\u00e4ri?<\/li>\n<\/ul>\n<p>Seminari praktilises osas keskendume osalejate loomuomaste tugevuste kaardistamisele ning t\u00f6\u00f6alaste v\u00e4\u00e4rtuste v\u00e4ljaselgitamisele.<\/p>\n<p><strong>Seminari viib l\u00e4bi Loomeinkubaatori inkubatsiooniprogrammis osalev pikaajalise kogemusega karj\u00e4\u00e4ri coach,\u00a0t\u00f6\u00f6terapeut ning v\u00e4rbaja\u00a0Natalja Pr\u00fcmmel.<\/strong>\u00a0Ta on aidanud inimestel oma karj\u00e4\u00e4ri luua ja juhtida 8+ aastat. Natalja erapraksise klientideks on nii noored kui t\u00e4iskasvanud inimesed, nii t\u00f6\u00f6maastikul alustajad kui juhid, kes soovivad oma karj\u00e4\u00e4ri ja t\u00f6\u00f6alaseid k\u00fcsimusi lahendada teadlikult.\u00a0Natalja on l\u00f5petanud EBS-i (rahvusvaheline \u00e4rijuhtimine, BA) ja Tallinna \u00dclikooli (organisatsioonik\u00e4itumine, MA), l\u00e4binud mitmeid karj\u00e4\u00e4ri ja coachingu alaseid t\u00e4iendkoolitusi\u00a0(k.a. grupicoachingu rahvusvaheline sertifikaat 2022 aastal), \u00f5ppinud mitmeid teraapilisi l\u00e4henemisi ning integreerinud neid oma coachingu protsessi.<\/p>\n<p>&nbsp;<\/p>\n<p><a href=\"https:\/\/ettevotluspaev.tallinn.ee\/uritus\/tallinna-ettevotlusinkubaatorid-esitleb-kuidas-teadlikult-oma-karjaari-planeerida\/\"><strong>Registreeri t\u00f6\u00f6tuppa: https:\/\/ettevotluspaev.tallinn.ee\/uritus\/tallinna-ettevotlusinkubaatorid-esitleb-kuidas-teadlikult-oma-karjaari-planeerida\/\u00a0<\/strong><\/a><\/p>\n<p>&nbsp;<\/p>\n<p>&nbsp;<\/p>\n<p>Tutvu Ettev\u00f5tlusp\u00e4eva programmiga (kogu programm on tasuta):\u00a0<a href=\"https:\/\/ettevotluspaev.tallinn.ee\/programm\/\">https:\/\/ettevotluspaev.tallinn.ee\/programm\/<\/a><\/p>\n","protected":false},"featured_media":0,"template":"","meta":{"_acf_changed":false},"event-category":[],"class_list":["post-13972","events","type-events","status-publish","hentry"],"acf":[],"yoast_head":"<!-- This site is optimized with the Yoast SEO plugin v27.4 - https:\/\/yoast.com\/product\/yoast-seo-wordpress\/ -->\n<title>Ettev\u00f5tlusp\u00e4ev: Kuidas teadlikult oma karj\u00e4\u00e4ri planeerida? - Tallinna Ettev\u00f5tlusinkubaator<\/title>\n<meta name=\"robots\" content=\"index, follow, max-snippet:-1, max-image-preview:large, max-video-preview:-1\" \/>\n<link rel=\"canonical\" href=\"https:\/\/inkubaator.tallinn.ee\/sundmused\/ettevotluspaev-kuidas-teadlikult-oma-karjaari-planeerida\/\" \/>\n<meta property=\"og:locale\" content=\"en_US\" \/>\n<meta property=\"og:type\" content=\"article\" \/>\n<meta property=\"og:title\" content=\"Ettev\u00f5tlusp\u00e4ev: Kuidas teadlikult oma karj\u00e4\u00e4ri planeerida? - Tallinna Ettev\u00f5tlusinkubaator\" \/>\n<meta property=\"og:description\" content=\"26. septembril toimub Viru Konverentsikeskuses Tallinna Ettev\u00f5tlusp\u00e4ev.\u00a0 Loomeinkubaator esitleb Ettev\u00f5tlusp\u00e4eval seminari: Kuidas teadlikult oma karj\u00e4\u00e4ri planeerida? Seminaril r\u00e4\u00e4gime,\u00a0mis komponentidest koosneb teadlik karj\u00e4\u00e4ri planeerimine ja kuidas luua endale t\u00f6\u00f6elu, millega olla t\u00f5eliselt rahul.\u00a0Iga osaleja saab v\u00f5imaluse anal\u00fc\u00fcsida nii enda hetke t\u00f6\u00f6elu kui ka planeerida isikliku karj\u00e4\u00e4ri. Saame vastused j\u00e4rgmistele k\u00fcsimustele: Kui h\u00e4sti ma tunnen iseennast ja oma tugevusi? Mida ma tegelikult oma t\u00f6\u00f6kohalt ootan? Kuidas teha oma t\u00f6\u00f6d kire ja p\u00fchendumisega? Kuidas elada teadlikku karj\u00e4\u00e4ri? Seminari praktilises osas keskendume osalejate loomuomaste tugevuste kaardistamisele ning t\u00f6\u00f6alaste v\u00e4\u00e4rtuste v\u00e4ljaselgitamisele. Seminari viib l\u00e4bi Loomeinkubaatori inkubatsiooniprogrammis osalev pikaajalise kogemusega karj\u00e4\u00e4ri coach,\u00a0t\u00f6\u00f6terapeut ning v\u00e4rbaja\u00a0Natalja Pr\u00fcmmel.\u00a0Ta on\u2026\" \/>\n<meta property=\"og:url\" content=\"https:\/\/inkubaator.tallinn.ee\/sundmused\/ettevotluspaev-kuidas-teadlikult-oma-karjaari-planeerida\/\" \/>\n<meta property=\"og:site_name\" content=\"Tallinna Ettev\u00f5tlusinkubaator\" \/>\n<meta property=\"article:modified_time\" content=\"2023-09-14T10:03:59+00:00\" \/>\n<meta property=\"og:image\" content=\"https:\/\/inkubaator.tallinn.ee\/wp-content\/uploads\/2024\/08\/og-image-1.png\" \/>\n\t<meta property=\"og:image:width\" content=\"1200\" \/>\n\t<meta property=\"og:image:height\" content=\"630\" \/>\n\t<meta property=\"og:image:type\" content=\"image\/png\" \/>\n<meta name=\"twitter:card\" content=\"summary_large_image\" \/>\n<meta name=\"twitter:label1\" content=\"Est. reading time\" \/>\n\t<meta name=\"twitter:data1\" content=\"1 minute\" \/>\n<script type=\"application\/ld+json\" class=\"yoast-schema-graph\">{\"@context\":\"https:\\\/\\\/schema.org\",\"@graph\":[{\"@type\":\"WebPage\",\"@id\":\"https:\\\/\\\/inkubaator.tallinn.ee\\\/sundmused\\\/ettevotluspaev-kuidas-teadlikult-oma-karjaari-planeerida\\\/\",\"url\":\"https:\\\/\\\/inkubaator.tallinn.ee\\\/sundmused\\\/ettevotluspaev-kuidas-teadlikult-oma-karjaari-planeerida\\\/\",\"name\":\"Ettev\u00f5tlusp\u00e4ev: Kuidas teadlikult oma karj\u00e4\u00e4ri planeerida? - Tallinna Ettev\u00f5tlusinkubaator\",\"isPartOf\":{\"@id\":\"https:\\\/\\\/inkubaator.tallinn.ee\\\/#website\"},\"datePublished\":\"2023-09-14T10:03:06+00:00\",\"dateModified\":\"2023-09-14T10:03:59+00:00\",\"breadcrumb\":{\"@id\":\"https:\\\/\\\/inkubaator.tallinn.ee\\\/sundmused\\\/ettevotluspaev-kuidas-teadlikult-oma-karjaari-planeerida\\\/#breadcrumb\"},\"inLanguage\":\"en-US\",\"potentialAction\":[{\"@type\":\"ReadAction\",\"target\":[\"https:\\\/\\\/inkubaator.tallinn.ee\\\/sundmused\\\/ettevotluspaev-kuidas-teadlikult-oma-karjaari-planeerida\\\/\"]}]},{\"@type\":\"BreadcrumbList\",\"@id\":\"https:\\\/\\\/inkubaator.tallinn.ee\\\/sundmused\\\/ettevotluspaev-kuidas-teadlikult-oma-karjaari-planeerida\\\/#breadcrumb\",\"itemListElement\":[{\"@type\":\"ListItem\",\"position\":1,\"name\":\"Home\",\"item\":\"https:\\\/\\\/inkubaator.tallinn.ee\\\/\"},{\"@type\":\"ListItem\",\"position\":2,\"name\":\"Ettev\u00f5tlusp\u00e4ev: Kuidas teadlikult oma karj\u00e4\u00e4ri planeerida?\"}]},{\"@type\":\"WebSite\",\"@id\":\"https:\\\/\\\/inkubaator.tallinn.ee\\\/#website\",\"url\":\"https:\\\/\\\/inkubaator.tallinn.ee\\\/\",\"name\":\"Tallinna Ettev\u00f5tlusinkubaator\",\"description\":\"Loo enda edulugu\",\"publisher\":{\"@id\":\"https:\\\/\\\/inkubaator.tallinn.ee\\\/#organization\"},\"potentialAction\":[{\"@type\":\"SearchAction\",\"target\":{\"@type\":\"EntryPoint\",\"urlTemplate\":\"https:\\\/\\\/inkubaator.tallinn.ee\\\/?s={search_term_string}\"},\"query-input\":{\"@type\":\"PropertyValueSpecification\",\"valueRequired\":true,\"valueName\":\"search_term_string\"}}],\"inLanguage\":\"en-US\"},{\"@type\":\"Organization\",\"@id\":\"https:\\\/\\\/inkubaator.tallinn.ee\\\/#organization\",\"name\":\"Tallinna Ettev\u00f5tlusinkubaator\",\"url\":\"https:\\\/\\\/inkubaator.tallinn.ee\\\/\",\"logo\":{\"@type\":\"ImageObject\",\"inLanguage\":\"en-US\",\"@id\":\"https:\\\/\\\/inkubaator.tallinn.ee\\\/#\\\/schema\\\/logo\\\/image\\\/\",\"url\":\"https:\\\/\\\/inkubaator.tallinn.ee\\\/wp-content\\\/uploads\\\/2024\\\/08\\\/favicon.webp\",\"contentUrl\":\"https:\\\/\\\/inkubaator.tallinn.ee\\\/wp-content\\\/uploads\\\/2024\\\/08\\\/favicon.webp\",\"width\":512,\"height\":512,\"caption\":\"Tallinna Ettev\u00f5tlusinkubaator\"},\"image\":{\"@id\":\"https:\\\/\\\/inkubaator.tallinn.ee\\\/#\\\/schema\\\/logo\\\/image\\\/\"}}]}<\/script>\n<!-- \/ Yoast SEO plugin. -->","yoast_head_json":{"title":"Ettev\u00f5tlusp\u00e4ev: Kuidas teadlikult oma karj\u00e4\u00e4ri planeerida? - Tallinna Ettev\u00f5tlusinkubaator","robots":{"index":"index","follow":"follow","max-snippet":"max-snippet:-1","max-image-preview":"max-image-preview:large","max-video-preview":"max-video-preview:-1"},"canonical":"https:\/\/inkubaator.tallinn.ee\/sundmused\/ettevotluspaev-kuidas-teadlikult-oma-karjaari-planeerida\/","og_locale":"en_US","og_type":"article","og_title":"Ettev\u00f5tlusp\u00e4ev: Kuidas teadlikult oma karj\u00e4\u00e4ri planeerida? - Tallinna Ettev\u00f5tlusinkubaator","og_description":"26. septembril toimub Viru Konverentsikeskuses Tallinna Ettev\u00f5tlusp\u00e4ev.\u00a0 Loomeinkubaator esitleb Ettev\u00f5tlusp\u00e4eval seminari: Kuidas teadlikult oma karj\u00e4\u00e4ri planeerida? Seminaril r\u00e4\u00e4gime,\u00a0mis komponentidest koosneb teadlik karj\u00e4\u00e4ri planeerimine ja kuidas luua endale t\u00f6\u00f6elu, millega olla t\u00f5eliselt rahul.\u00a0Iga osaleja saab v\u00f5imaluse anal\u00fc\u00fcsida nii enda hetke t\u00f6\u00f6elu kui ka planeerida isikliku karj\u00e4\u00e4ri. Saame vastused j\u00e4rgmistele k\u00fcsimustele: Kui h\u00e4sti ma tunnen iseennast ja oma tugevusi? Mida ma tegelikult oma t\u00f6\u00f6kohalt ootan? Kuidas teha oma t\u00f6\u00f6d kire ja p\u00fchendumisega? Kuidas elada teadlikku karj\u00e4\u00e4ri? Seminari praktilises osas keskendume osalejate loomuomaste tugevuste kaardistamisele ning t\u00f6\u00f6alaste v\u00e4\u00e4rtuste v\u00e4ljaselgitamisele. Seminari viib l\u00e4bi Loomeinkubaatori inkubatsiooniprogrammis osalev pikaajalise kogemusega karj\u00e4\u00e4ri coach,\u00a0t\u00f6\u00f6terapeut ning v\u00e4rbaja\u00a0Natalja Pr\u00fcmmel.\u00a0Ta on\u2026","og_url":"https:\/\/inkubaator.tallinn.ee\/sundmused\/ettevotluspaev-kuidas-teadlikult-oma-karjaari-planeerida\/","og_site_name":"Tallinna Ettev\u00f5tlusinkubaator","article_modified_time":"2023-09-14T10:03:59+00:00","og_image":[{"width":1200,"height":630,"url":"https:\/\/inkubaator.tallinn.ee\/wp-content\/uploads\/2024\/08\/og-image-1.png","type":"image\/png"}],"twitter_card":"summary_large_image","twitter_misc":{"Est. reading time":"1 minute"},"schema":{"@context":"https:\/\/schema.org","@graph":[{"@type":"WebPage","@id":"https:\/\/inkubaator.tallinn.ee\/sundmused\/ettevotluspaev-kuidas-teadlikult-oma-karjaari-planeerida\/","url":"https:\/\/inkubaator.tallinn.ee\/sundmused\/ettevotluspaev-kuidas-teadlikult-oma-karjaari-planeerida\/","name":"Ettev\u00f5tlusp\u00e4ev: Kuidas teadlikult oma karj\u00e4\u00e4ri planeerida? - Tallinna Ettev\u00f5tlusinkubaator","isPartOf":{"@id":"https:\/\/inkubaator.tallinn.ee\/#website"},"datePublished":"2023-09-14T10:03:06+00:00","dateModified":"2023-09-14T10:03:59+00:00","breadcrumb":{"@id":"https:\/\/inkubaator.tallinn.ee\/sundmused\/ettevotluspaev-kuidas-teadlikult-oma-karjaari-planeerida\/#breadcrumb"},"inLanguage":"en-US","potentialAction":[{"@type":"ReadAction","target":["https:\/\/inkubaator.tallinn.ee\/sundmused\/ettevotluspaev-kuidas-teadlikult-oma-karjaari-planeerida\/"]}]},{"@type":"BreadcrumbList","@id":"https:\/\/inkubaator.tallinn.ee\/sundmused\/ettevotluspaev-kuidas-teadlikult-oma-karjaari-planeerida\/#breadcrumb","itemListElement":[{"@type":"ListItem","position":1,"name":"Home","item":"https:\/\/inkubaator.tallinn.ee\/"},{"@type":"ListItem","position":2,"name":"Ettev\u00f5tlusp\u00e4ev: Kuidas teadlikult oma karj\u00e4\u00e4ri planeerida?"}]},{"@type":"WebSite","@id":"https:\/\/inkubaator.tallinn.ee\/#website","url":"https:\/\/inkubaator.tallinn.ee\/","name":"Tallinna Ettev\u00f5tlusinkubaator","description":"Loo enda edulugu","publisher":{"@id":"https:\/\/inkubaator.tallinn.ee\/#organization"},"potentialAction":[{"@type":"SearchAction","target":{"@type":"EntryPoint","urlTemplate":"https:\/\/inkubaator.tallinn.ee\/?s={search_term_string}"},"query-input":{"@type":"PropertyValueSpecification","valueRequired":true,"valueName":"search_term_string"}}],"inLanguage":"en-US"},{"@type":"Organization","@id":"https:\/\/inkubaator.tallinn.ee\/#organization","name":"Tallinna Ettev\u00f5tlusinkubaator","url":"https:\/\/inkubaator.tallinn.ee\/","logo":{"@type":"ImageObject","inLanguage":"en-US","@id":"https:\/\/inkubaator.tallinn.ee\/#\/schema\/logo\/image\/","url":"https:\/\/inkubaator.tallinn.ee\/wp-content\/uploads\/2024\/08\/favicon.webp","contentUrl":"https:\/\/inkubaator.tallinn.ee\/wp-content\/uploads\/2024\/08\/favicon.webp","width":512,"height":512,"caption":"Tallinna Ettev\u00f5tlusinkubaator"},"image":{"@id":"https:\/\/inkubaator.tallinn.ee\/#\/schema\/logo\/image\/"}}]}},"_links":{"self":[{"href":"https:\/\/inkubaator.tallinn.ee\/en\/wp-json\/wp\/v2\/events\/13972","targetHints":{"allow":["GET"]}}],"collection":[{"href":"https:\/\/inkubaator.tallinn.ee\/en\/wp-json\/wp\/v2\/events"}],"about":[{"href":"https:\/\/inkubaator.tallinn.ee\/en\/wp-json\/wp\/v2\/types\/events"}],"wp:attachment":[{"href":"https:\/\/inkubaator.tallinn.ee\/en\/wp-json\/wp\/v2\/media?parent=13972"}],"wp:term":[{"taxonomy":"event-category","embeddable":true,"href":"https:\/\/inkubaator.tallinn.ee\/en\/wp-json\/wp\/v2\/event-category?post=13972"}],"curies":[{"name":"wp","href":"https:\/\/api.w.org\/{rel}","templated":true}]}}