{"id":1336,"date":"2018-12-20T10:21:32","date_gmt":"2018-12-20T08:21:32","guid":{"rendered":"https:\/\/inkubaator.tallinn.ee\/?post_type=events&#038;p=1336"},"modified":"2019-02-18T12:53:59","modified_gmt":"2019-02-18T10:53:59","slug":"grupimentorlus-ettevotte-arimudel-ii-osa","status":"publish","type":"events","link":"https:\/\/inkubaator.tallinn.ee\/en\/events\/grupimentorlus-ettevotte-arimudel-ii-osa\/","title":{"rendered":"Ettev\u00f5tte v\u00e4\u00e4rtuspakkumine ja \u00e4rimudel"},"content":{"rendered":"<p><strong>J\u00e4tk 6.11 toimunud \u00e4rimudeli grupimentorlusele. Oodatud on ka need, kes esimesel korral ei saanud osaleda.<\/strong><\/p>\n<p>Meie mentor <strong>Karen K. Burns<\/strong> vaatab teiega koos \u00fcle ettev\u00f5tte \u00e4rimudeli, keskendudes v\u00e4\u00e4rtuspakkumisele ning kliendi v\u00f5imalikult t\u00e4psele m\u00e4\u00e4ratlemisele. Need tegurid on edasise edu oluliseks baasiks. Grupimentorluse sisendina peab olema t\u00e4idetud \u00e4rimudeli canvas (Osterwalder), mille vorm on leitav veebis.<\/p>\n<p><strong>Grupimentorlus on m\u00f5eldud vaid Loomeinkubaatori ettev\u00f5tetele<\/strong>\u00a0ning toimub \u00f5dusas \u00fcmarlaua formaadis.<br \/>\nOsalejate piirarv: 12.<\/p>\n","protected":false},"featured_media":1337,"template":"","meta":{"_acf_changed":false},"event-category":[],"class_list":["post-1336","events","type-events","status-publish","has-post-thumbnail","hentry"],"acf":[],"yoast_head":"<!-- This site is optimized with the Yoast SEO plugin v27.4 - https:\/\/yoast.com\/product\/yoast-seo-wordpress\/ -->\n<title>Ettev\u00f5tte v\u00e4\u00e4rtuspakkumine ja \u00e4rimudel - Tallinna Ettev\u00f5tlusinkubaator<\/title>\n<meta name=\"robots\" content=\"index, follow, max-snippet:-1, max-image-preview:large, max-video-preview:-1\" \/>\n<link rel=\"canonical\" href=\"https:\/\/inkubaator.tallinn.ee\/sundmused\/grupimentorlus-ettevotte-arimudel-ii-osa\/\" \/>\n<meta property=\"og:locale\" content=\"en_US\" \/>\n<meta property=\"og:type\" content=\"article\" \/>\n<meta property=\"og:title\" content=\"Ettev\u00f5tte v\u00e4\u00e4rtuspakkumine ja \u00e4rimudel - Tallinna Ettev\u00f5tlusinkubaator\" \/>\n<meta property=\"og:description\" content=\"J\u00e4tk 6.11 toimunud \u00e4rimudeli grupimentorlusele. Oodatud on ka need, kes esimesel korral ei saanud osaleda. Meie mentor Karen K. Burns vaatab teiega koos \u00fcle ettev\u00f5tte \u00e4rimudeli, keskendudes v\u00e4\u00e4rtuspakkumisele ning kliendi v\u00f5imalikult t\u00e4psele m\u00e4\u00e4ratlemisele. Need tegurid on edasise edu oluliseks baasiks. Grupimentorluse sisendina peab olema t\u00e4idetud \u00e4rimudeli canvas (Osterwalder), mille vorm on leitav veebis. Grupimentorlus on m\u00f5eldud vaid Loomeinkubaatori ettev\u00f5tetele\u00a0ning toimub \u00f5dusas \u00fcmarlaua formaadis. Osalejate piirarv: 12.\" \/>\n<meta property=\"og:url\" content=\"https:\/\/inkubaator.tallinn.ee\/sundmused\/grupimentorlus-ettevotte-arimudel-ii-osa\/\" \/>\n<meta property=\"og:site_name\" content=\"Tallinna Ettev\u00f5tlusinkubaator\" \/>\n<meta property=\"article:modified_time\" content=\"2019-02-18T10:53:59+00:00\" \/>\n<meta property=\"og:image\" content=\"https:\/\/inkubaator.tallinn.ee\/wp-content\/uploads\/2018\/12\/karen-k.-burns-e1465326477464.jpg\" \/>\n\t<meta property=\"og:image:width\" content=\"801\" \/>\n\t<meta property=\"og:image:height\" content=\"492\" \/>\n\t<meta property=\"og:image:type\" content=\"image\/jpeg\" \/>\n<meta name=\"twitter:card\" content=\"summary_large_image\" \/>\n<script type=\"application\/ld+json\" class=\"yoast-schema-graph\">{\"@context\":\"https:\\\/\\\/schema.org\",\"@graph\":[{\"@type\":\"WebPage\",\"@id\":\"https:\\\/\\\/inkubaator.tallinn.ee\\\/sundmused\\\/grupimentorlus-ettevotte-arimudel-ii-osa\\\/\",\"url\":\"https:\\\/\\\/inkubaator.tallinn.ee\\\/sundmused\\\/grupimentorlus-ettevotte-arimudel-ii-osa\\\/\",\"name\":\"Ettev\u00f5tte v\u00e4\u00e4rtuspakkumine ja \u00e4rimudel - Tallinna Ettev\u00f5tlusinkubaator\",\"isPartOf\":{\"@id\":\"https:\\\/\\\/inkubaator.tallinn.ee\\\/#website\"},\"primaryImageOfPage\":{\"@id\":\"https:\\\/\\\/inkubaator.tallinn.ee\\\/sundmused\\\/grupimentorlus-ettevotte-arimudel-ii-osa\\\/#primaryimage\"},\"image\":{\"@id\":\"https:\\\/\\\/inkubaator.tallinn.ee\\\/sundmused\\\/grupimentorlus-ettevotte-arimudel-ii-osa\\\/#primaryimage\"},\"thumbnailUrl\":\"https:\\\/\\\/inkubaator.tallinn.ee\\\/wp-content\\\/uploads\\\/2018\\\/12\\\/karen-k.-burns-e1465326477464.jpg\",\"datePublished\":\"2018-12-20T08:21:32+00:00\",\"dateModified\":\"2019-02-18T10:53:59+00:00\",\"breadcrumb\":{\"@id\":\"https:\\\/\\\/inkubaator.tallinn.ee\\\/sundmused\\\/grupimentorlus-ettevotte-arimudel-ii-osa\\\/#breadcrumb\"},\"inLanguage\":\"en-US\",\"potentialAction\":[{\"@type\":\"ReadAction\",\"target\":[\"https:\\\/\\\/inkubaator.tallinn.ee\\\/sundmused\\\/grupimentorlus-ettevotte-arimudel-ii-osa\\\/\"]}]},{\"@type\":\"ImageObject\",\"inLanguage\":\"en-US\",\"@id\":\"https:\\\/\\\/inkubaator.tallinn.ee\\\/sundmused\\\/grupimentorlus-ettevotte-arimudel-ii-osa\\\/#primaryimage\",\"url\":\"https:\\\/\\\/inkubaator.tallinn.ee\\\/wp-content\\\/uploads\\\/2018\\\/12\\\/karen-k.-burns-e1465326477464.jpg\",\"contentUrl\":\"https:\\\/\\\/inkubaator.tallinn.ee\\\/wp-content\\\/uploads\\\/2018\\\/12\\\/karen-k.-burns-e1465326477464.jpg\",\"width\":801,\"height\":492,\"caption\":\"karen-k.-burns-loomeinkubaatori \u00e4rimentor\"},{\"@type\":\"BreadcrumbList\",\"@id\":\"https:\\\/\\\/inkubaator.tallinn.ee\\\/sundmused\\\/grupimentorlus-ettevotte-arimudel-ii-osa\\\/#breadcrumb\",\"itemListElement\":[{\"@type\":\"ListItem\",\"position\":1,\"name\":\"Home\",\"item\":\"https:\\\/\\\/inkubaator.tallinn.ee\\\/\"},{\"@type\":\"ListItem\",\"position\":2,\"name\":\"Ettev\u00f5tte v\u00e4\u00e4rtuspakkumine ja \u00e4rimudel\"}]},{\"@type\":\"WebSite\",\"@id\":\"https:\\\/\\\/inkubaator.tallinn.ee\\\/#website\",\"url\":\"https:\\\/\\\/inkubaator.tallinn.ee\\\/\",\"name\":\"Tallinna Ettev\u00f5tlusinkubaator\",\"description\":\"Loo enda edulugu\",\"publisher\":{\"@id\":\"https:\\\/\\\/inkubaator.tallinn.ee\\\/#organization\"},\"potentialAction\":[{\"@type\":\"SearchAction\",\"target\":{\"@type\":\"EntryPoint\",\"urlTemplate\":\"https:\\\/\\\/inkubaator.tallinn.ee\\\/?s={search_term_string}\"},\"query-input\":{\"@type\":\"PropertyValueSpecification\",\"valueRequired\":true,\"valueName\":\"search_term_string\"}}],\"inLanguage\":\"en-US\"},{\"@type\":\"Organization\",\"@id\":\"https:\\\/\\\/inkubaator.tallinn.ee\\\/#organization\",\"name\":\"Tallinna Ettev\u00f5tlusinkubaator\",\"url\":\"https:\\\/\\\/inkubaator.tallinn.ee\\\/\",\"logo\":{\"@type\":\"ImageObject\",\"inLanguage\":\"en-US\",\"@id\":\"https:\\\/\\\/inkubaator.tallinn.ee\\\/#\\\/schema\\\/logo\\\/image\\\/\",\"url\":\"https:\\\/\\\/inkubaator.tallinn.ee\\\/wp-content\\\/uploads\\\/2024\\\/08\\\/favicon.webp\",\"contentUrl\":\"https:\\\/\\\/inkubaator.tallinn.ee\\\/wp-content\\\/uploads\\\/2024\\\/08\\\/favicon.webp\",\"width\":512,\"height\":512,\"caption\":\"Tallinna Ettev\u00f5tlusinkubaator\"},\"image\":{\"@id\":\"https:\\\/\\\/inkubaator.tallinn.ee\\\/#\\\/schema\\\/logo\\\/image\\\/\"}}]}<\/script>\n<!-- \/ Yoast SEO plugin. -->","yoast_head_json":{"title":"Ettev\u00f5tte v\u00e4\u00e4rtuspakkumine ja \u00e4rimudel - Tallinna Ettev\u00f5tlusinkubaator","robots":{"index":"index","follow":"follow","max-snippet":"max-snippet:-1","max-image-preview":"max-image-preview:large","max-video-preview":"max-video-preview:-1"},"canonical":"https:\/\/inkubaator.tallinn.ee\/sundmused\/grupimentorlus-ettevotte-arimudel-ii-osa\/","og_locale":"en_US","og_type":"article","og_title":"Ettev\u00f5tte v\u00e4\u00e4rtuspakkumine ja \u00e4rimudel - Tallinna Ettev\u00f5tlusinkubaator","og_description":"J\u00e4tk 6.11 toimunud \u00e4rimudeli grupimentorlusele. Oodatud on ka need, kes esimesel korral ei saanud osaleda. Meie mentor Karen K. Burns vaatab teiega koos \u00fcle ettev\u00f5tte \u00e4rimudeli, keskendudes v\u00e4\u00e4rtuspakkumisele ning kliendi v\u00f5imalikult t\u00e4psele m\u00e4\u00e4ratlemisele. Need tegurid on edasise edu oluliseks baasiks. Grupimentorluse sisendina peab olema t\u00e4idetud \u00e4rimudeli canvas (Osterwalder), mille vorm on leitav veebis. Grupimentorlus on m\u00f5eldud vaid Loomeinkubaatori ettev\u00f5tetele\u00a0ning toimub \u00f5dusas \u00fcmarlaua formaadis. Osalejate piirarv: 12.","og_url":"https:\/\/inkubaator.tallinn.ee\/sundmused\/grupimentorlus-ettevotte-arimudel-ii-osa\/","og_site_name":"Tallinna Ettev\u00f5tlusinkubaator","article_modified_time":"2019-02-18T10:53:59+00:00","og_image":[{"width":801,"height":492,"url":"https:\/\/inkubaator.tallinn.ee\/wp-content\/uploads\/2018\/12\/karen-k.-burns-e1465326477464.jpg","type":"image\/jpeg"}],"twitter_card":"summary_large_image","schema":{"@context":"https:\/\/schema.org","@graph":[{"@type":"WebPage","@id":"https:\/\/inkubaator.tallinn.ee\/sundmused\/grupimentorlus-ettevotte-arimudel-ii-osa\/","url":"https:\/\/inkubaator.tallinn.ee\/sundmused\/grupimentorlus-ettevotte-arimudel-ii-osa\/","name":"Ettev\u00f5tte v\u00e4\u00e4rtuspakkumine ja \u00e4rimudel - Tallinna Ettev\u00f5tlusinkubaator","isPartOf":{"@id":"https:\/\/inkubaator.tallinn.ee\/#website"},"primaryImageOfPage":{"@id":"https:\/\/inkubaator.tallinn.ee\/sundmused\/grupimentorlus-ettevotte-arimudel-ii-osa\/#primaryimage"},"image":{"@id":"https:\/\/inkubaator.tallinn.ee\/sundmused\/grupimentorlus-ettevotte-arimudel-ii-osa\/#primaryimage"},"thumbnailUrl":"https:\/\/inkubaator.tallinn.ee\/wp-content\/uploads\/2018\/12\/karen-k.-burns-e1465326477464.jpg","datePublished":"2018-12-20T08:21:32+00:00","dateModified":"2019-02-18T10:53:59+00:00","breadcrumb":{"@id":"https:\/\/inkubaator.tallinn.ee\/sundmused\/grupimentorlus-ettevotte-arimudel-ii-osa\/#breadcrumb"},"inLanguage":"en-US","potentialAction":[{"@type":"ReadAction","target":["https:\/\/inkubaator.tallinn.ee\/sundmused\/grupimentorlus-ettevotte-arimudel-ii-osa\/"]}]},{"@type":"ImageObject","inLanguage":"en-US","@id":"https:\/\/inkubaator.tallinn.ee\/sundmused\/grupimentorlus-ettevotte-arimudel-ii-osa\/#primaryimage","url":"https:\/\/inkubaator.tallinn.ee\/wp-content\/uploads\/2018\/12\/karen-k.-burns-e1465326477464.jpg","contentUrl":"https:\/\/inkubaator.tallinn.ee\/wp-content\/uploads\/2018\/12\/karen-k.-burns-e1465326477464.jpg","width":801,"height":492,"caption":"karen-k.-burns-loomeinkubaatori \u00e4rimentor"},{"@type":"BreadcrumbList","@id":"https:\/\/inkubaator.tallinn.ee\/sundmused\/grupimentorlus-ettevotte-arimudel-ii-osa\/#breadcrumb","itemListElement":[{"@type":"ListItem","position":1,"name":"Home","item":"https:\/\/inkubaator.tallinn.ee\/"},{"@type":"ListItem","position":2,"name":"Ettev\u00f5tte v\u00e4\u00e4rtuspakkumine ja \u00e4rimudel"}]},{"@type":"WebSite","@id":"https:\/\/inkubaator.tallinn.ee\/#website","url":"https:\/\/inkubaator.tallinn.ee\/","name":"Tallinna Ettev\u00f5tlusinkubaator","description":"Loo enda edulugu","publisher":{"@id":"https:\/\/inkubaator.tallinn.ee\/#organization"},"potentialAction":[{"@type":"SearchAction","target":{"@type":"EntryPoint","urlTemplate":"https:\/\/inkubaator.tallinn.ee\/?s={search_term_string}"},"query-input":{"@type":"PropertyValueSpecification","valueRequired":true,"valueName":"search_term_string"}}],"inLanguage":"en-US"},{"@type":"Organization","@id":"https:\/\/inkubaator.tallinn.ee\/#organization","name":"Tallinna Ettev\u00f5tlusinkubaator","url":"https:\/\/inkubaator.tallinn.ee\/","logo":{"@type":"ImageObject","inLanguage":"en-US","@id":"https:\/\/inkubaator.tallinn.ee\/#\/schema\/logo\/image\/","url":"https:\/\/inkubaator.tallinn.ee\/wp-content\/uploads\/2024\/08\/favicon.webp","contentUrl":"https:\/\/inkubaator.tallinn.ee\/wp-content\/uploads\/2024\/08\/favicon.webp","width":512,"height":512,"caption":"Tallinna Ettev\u00f5tlusinkubaator"},"image":{"@id":"https:\/\/inkubaator.tallinn.ee\/#\/schema\/logo\/image\/"}}]}},"_links":{"self":[{"href":"https:\/\/inkubaator.tallinn.ee\/en\/wp-json\/wp\/v2\/events\/1336","targetHints":{"allow":["GET"]}}],"collection":[{"href":"https:\/\/inkubaator.tallinn.ee\/en\/wp-json\/wp\/v2\/events"}],"about":[{"href":"https:\/\/inkubaator.tallinn.ee\/en\/wp-json\/wp\/v2\/types\/events"}],"wp:featuredmedia":[{"embeddable":true,"href":"https:\/\/inkubaator.tallinn.ee\/en\/wp-json\/wp\/v2\/media\/1337"}],"wp:attachment":[{"href":"https:\/\/inkubaator.tallinn.ee\/en\/wp-json\/wp\/v2\/media?parent=1336"}],"wp:term":[{"taxonomy":"event-category","embeddable":true,"href":"https:\/\/inkubaator.tallinn.ee\/en\/wp-json\/wp\/v2\/event-category?post=1336"}],"curies":[{"name":"wp","href":"https:\/\/api.w.org\/{rel}","templated":true}]}}