{"id":13356,"date":"2023-06-19T12:29:20","date_gmt":"2023-06-19T10:29:20","guid":{"rendered":"https:\/\/inkubaator.tallinn.ee\/?post_type=events&#038;p=13356"},"modified":"2023-08-14T13:37:00","modified_gmt":"2023-08-14T11:37:00","slug":"suveakadeemia-2023","status":"publish","type":"events","link":"https:\/\/inkubaator.tallinn.ee\/en\/events\/suveakadeemia-2023\/","title":{"rendered":"Suveakadeemia 2023"},"content":{"rendered":"<p>Hea meel on Sind kutsuda traditsioonilisse Suveakadeemiassse, mis leiab aset 15.-16.augustil J\u00e4rveveerel, Viljandimaal.<\/p>\n<p>&nbsp;<\/p>\n<p>Suveakadeemias kohtuvad inkubaatorid, teaduspargid ja ettev\u00f5tted \u00fcle Eesti. Inkubaatorite ja teadusparkide poolt kokku pandud inspireeriva ning mitmek\u00fclgse programmi peateema on sellel aastal &#8220;Ringmajanduse tulevikum\u00f5jutajad.&#8221;<\/p>\n<p><b>AJAKAVA<\/b><b>\u00a0<\/b><\/p>\n<p><b>15.08<\/b><\/p>\n<ul>\n<li>10.00-10.30 Saabumine ja hommikukohv<\/li>\n<li>10.30-11.00 Tere tulemast k\u00f5ned ja j\u00e4llen\u00e4gemise r\u00f5\u00f5m<\/li>\n<li>11.00-12.00 <strong>Tartu Teaduspark: Droonide eluslabor <\/strong>(Pirko Konsa, Tartu Teaduspak)<\/li>\n<li>Sirutuspaus<\/li>\n<li>12.10-13.10\u00a0<strong>Tartu Loomemajanduskeskus: Roheline filmitootmine<\/strong> ( K\u00fclli Hansen, Tartu Filmifondi juht; Olga Hart\u0161uk, Nafta Films)<\/li>\n<li>13.10-14.10 L\u00f5unapaus<\/li>\n<li>14.10-15.10 <strong>Tartu Biotehnoloogia Park: Toiduinnovatsioon <\/strong>(Kaire Rajaver, Nordictempeh O\u00dc; Airi Kaasik, Tartu Biotehnoloogiapark; Ave Porkon Foodsharing Tartu)<\/li>\n<li>15.15-16.15 <strong>Tehnopol: Ringmajanduse m\u00fc\u00fctide murdmine <\/strong>(Ragmar Saksing, Diana Paakspuu)<\/li>\n<li>16.15-16.30 Check-in tubadesse<\/li>\n<li>16.30-19.30 <strong>Tallinna Loomeinkubaator<\/strong>: <strong>Aktiivne tegevus<\/strong><\/li>\n<li>19.30 &#8211; .<b>.. <\/b>\u00d5htus\u00f6\u00f6k, networking, saunatamine. V\u00f5ta kaasa k\u00f5ige vingemad seltskonnam\u00e4ngud, pillid ja laulud, sest \u00f6\u00f6 on pikk ja nali ning naer tahab v\u00e4lja elamist.<\/li>\n<\/ul>\n<p><b>16.08<\/b><\/p>\n<ul>\n<li>09.00-10.00 Hommikus\u00f6\u00f6k ja check-out<\/li>\n<li>10.00-11.00 <strong>Kesk-Eesti Ettev\u00f5tlusinkubaator: Teine tumeaine, ringmajandus algab inims\u00f5nnikust<\/strong> (Priit-Kalev Parts, Peep Tobreluts)<\/li>\n<li>11.00 &#8211; &#8230; <strong>\u00dchine tegevus &#8211; <\/strong>Kalepurjeka s\u00f5it, MegaSUP v\u00f5i matk &#8211; palun tee oma valik siin: <a href=\"https:\/\/forms.gle\/WPKSK5mGgZVb3psf7\">https:\/\/forms.gle\/WPKSK5mGgZVb3psf7<\/a><\/li>\n<\/ul>\n<p><b>Hind: <\/b>88\u20ac + KM (Hind sisaldab majutust <a href=\"http:\/\/www.jpk.ee\/\">http:\/\/www.jpk.ee\/<\/a>, toitlustust, programmi)<\/p>\n<p>Registreerimine on avatud Loomeinkubaatori kodulehel\u00a0<strong>kuni 01.08 v\u00f5i kuni kohti j\u00e4tkub<\/strong>: <strong><a href=\"https:\/\/inkubaator.tallinn.ee\/en\/events\/suveakadeemia-2023\/\">https:\/\/inkubaator.tallinn.ee\/sundmused\/suveakadeemia-2023\/<\/a><\/strong><\/p>\n<p>&nbsp;<\/p>\n<p><strong>Lisainfo:<\/strong> Helen Arme; helen@inkubaator.ee; +372 5623 1013<\/p>\n<p>Suveakadeemiat korraldavad Tallinna Loomeinkubaator, Teadus- ja \u00e4rilinnak Tehnopol, Tartu Loomemajanduskeskus, Tartu Biotehnoloogiapark, Narva Creative HUB, Tartu Teaduspark, P\u00e4rnumaa Ettev\u00f5tlusinkubaator ja Kesk-Eesti Ettev\u00f5tlusinkubaator.<\/p>\n<p><img loading=\"lazy\" decoding=\"async\" class=\" wp-image-13683 alignleft\" src=\"https:\/\/inkubaator.tallinn.ee\/wp-content\/uploads\/2023\/06\/Suveakadeemia-2023-3.png\" alt=\"\" width=\"647\" height=\"364\" srcset=\"https:\/\/inkubaator.tallinn.ee\/wp-content\/uploads\/2023\/06\/Suveakadeemia-2023-3.png 1920w, https:\/\/inkubaator.tallinn.ee\/wp-content\/uploads\/2023\/06\/Suveakadeemia-2023-3-250x141.png 250w, https:\/\/inkubaator.tallinn.ee\/wp-content\/uploads\/2023\/06\/Suveakadeemia-2023-3-700x394.png 700w, https:\/\/inkubaator.tallinn.ee\/wp-content\/uploads\/2023\/06\/Suveakadeemia-2023-3-768x432.png 768w, https:\/\/inkubaator.tallinn.ee\/wp-content\/uploads\/2023\/06\/Suveakadeemia-2023-3-1536x864.png 1536w, https:\/\/inkubaator.tallinn.ee\/wp-content\/uploads\/2023\/06\/Suveakadeemia-2023-3-120x68.png 120w\" sizes=\"auto, (max-width: 647px) 100vw, 647px\" \/><\/p>\n","protected":false},"featured_media":13683,"template":"","meta":{"_acf_changed":false},"event-category":[],"class_list":["post-13356","events","type-events","status-publish","has-post-thumbnail","hentry"],"acf":[],"yoast_head":"<!-- This site is optimized with the Yoast SEO plugin v27.4 - https:\/\/yoast.com\/product\/yoast-seo-wordpress\/ -->\n<title>Suveakadeemia 2023 - Tallinna Ettev\u00f5tlusinkubaator<\/title>\n<meta name=\"robots\" content=\"index, follow, max-snippet:-1, max-image-preview:large, max-video-preview:-1\" \/>\n<link rel=\"canonical\" href=\"https:\/\/inkubaator.tallinn.ee\/sundmused\/suveakadeemia-2023\/\" \/>\n<meta property=\"og:locale\" content=\"en_US\" \/>\n<meta property=\"og:type\" content=\"article\" \/>\n<meta property=\"og:title\" content=\"Suveakadeemia 2023 - Tallinna Ettev\u00f5tlusinkubaator\" \/>\n<meta property=\"og:description\" content=\"Hea meel on Sind kutsuda traditsioonilisse Suveakadeemiassse, mis leiab aset 15.-16.augustil J\u00e4rveveerel, Viljandimaal. &nbsp; Suveakadeemias kohtuvad inkubaatorid, teaduspargid ja ettev\u00f5tted \u00fcle Eesti. Inkubaatorite ja teadusparkide poolt kokku pandud inspireeriva ning mitmek\u00fclgse programmi peateema on sellel aastal &#8220;Ringmajanduse tulevikum\u00f5jutajad.&#8221; AJAKAVA\u00a0 15.08 10.00-10.30 Saabumine ja hommikukohv 10.30-11.00 Tere tulemast k\u00f5ned ja j\u00e4llen\u00e4gemise r\u00f5\u00f5m 11.00-12.00 Tartu Teaduspark: Droonide eluslabor (Pirko Konsa, Tartu Teaduspak) Sirutuspaus 12.10-13.10\u00a0Tartu Loomemajanduskeskus: Roheline filmitootmine ( K\u00fclli Hansen, Tartu Filmifondi juht; Olga Hart\u0161uk, Nafta Films) 13.10-14.10 L\u00f5unapaus 14.10-15.10 Tartu Biotehnoloogia Park: Toiduinnovatsioon (Kaire Rajaver, Nordictempeh O\u00dc; Airi Kaasik, Tartu Biotehnoloogiapark; Ave Porkon Foodsharing Tartu) 15.15-16.15 Tehnopol: Ringmajanduse m\u00fc\u00fctide murdmine (Ragmar\u2026\" \/>\n<meta property=\"og:url\" content=\"https:\/\/inkubaator.tallinn.ee\/sundmused\/suveakadeemia-2023\/\" \/>\n<meta property=\"og:site_name\" content=\"Tallinna Ettev\u00f5tlusinkubaator\" \/>\n<meta property=\"article:modified_time\" content=\"2023-08-14T11:37:00+00:00\" \/>\n<meta property=\"og:image\" content=\"https:\/\/inkubaator.tallinn.ee\/wp-content\/uploads\/2023\/06\/Suveakadeemia-2023-3-700x394.png\" \/>\n\t<meta property=\"og:image:width\" content=\"700\" \/>\n\t<meta property=\"og:image:height\" content=\"394\" \/>\n\t<meta property=\"og:image:type\" content=\"image\/png\" \/>\n<meta name=\"twitter:card\" content=\"summary_large_image\" \/>\n<meta name=\"twitter:label1\" content=\"Est. reading time\" \/>\n\t<meta name=\"twitter:data1\" content=\"2 minutes\" \/>\n<script type=\"application\/ld+json\" class=\"yoast-schema-graph\">{\"@context\":\"https:\\\/\\\/schema.org\",\"@graph\":[{\"@type\":\"WebPage\",\"@id\":\"https:\\\/\\\/inkubaator.tallinn.ee\\\/sundmused\\\/suveakadeemia-2023\\\/\",\"url\":\"https:\\\/\\\/inkubaator.tallinn.ee\\\/sundmused\\\/suveakadeemia-2023\\\/\",\"name\":\"Suveakadeemia 2023 - Tallinna Ettev\u00f5tlusinkubaator\",\"isPartOf\":{\"@id\":\"https:\\\/\\\/inkubaator.tallinn.ee\\\/#website\"},\"primaryImageOfPage\":{\"@id\":\"https:\\\/\\\/inkubaator.tallinn.ee\\\/sundmused\\\/suveakadeemia-2023\\\/#primaryimage\"},\"image\":{\"@id\":\"https:\\\/\\\/inkubaator.tallinn.ee\\\/sundmused\\\/suveakadeemia-2023\\\/#primaryimage\"},\"thumbnailUrl\":\"https:\\\/\\\/inkubaator.tallinn.ee\\\/wp-content\\\/uploads\\\/2023\\\/06\\\/Suveakadeemia-2023-3.png\",\"datePublished\":\"2023-06-19T10:29:20+00:00\",\"dateModified\":\"2023-08-14T11:37:00+00:00\",\"breadcrumb\":{\"@id\":\"https:\\\/\\\/inkubaator.tallinn.ee\\\/sundmused\\\/suveakadeemia-2023\\\/#breadcrumb\"},\"inLanguage\":\"en-US\",\"potentialAction\":[{\"@type\":\"ReadAction\",\"target\":[\"https:\\\/\\\/inkubaator.tallinn.ee\\\/sundmused\\\/suveakadeemia-2023\\\/\"]}]},{\"@type\":\"ImageObject\",\"inLanguage\":\"en-US\",\"@id\":\"https:\\\/\\\/inkubaator.tallinn.ee\\\/sundmused\\\/suveakadeemia-2023\\\/#primaryimage\",\"url\":\"https:\\\/\\\/inkubaator.tallinn.ee\\\/wp-content\\\/uploads\\\/2023\\\/06\\\/Suveakadeemia-2023-3.png\",\"contentUrl\":\"https:\\\/\\\/inkubaator.tallinn.ee\\\/wp-content\\\/uploads\\\/2023\\\/06\\\/Suveakadeemia-2023-3.png\",\"width\":1920,\"height\":1080},{\"@type\":\"BreadcrumbList\",\"@id\":\"https:\\\/\\\/inkubaator.tallinn.ee\\\/sundmused\\\/suveakadeemia-2023\\\/#breadcrumb\",\"itemListElement\":[{\"@type\":\"ListItem\",\"position\":1,\"name\":\"Home\",\"item\":\"https:\\\/\\\/inkubaator.tallinn.ee\\\/\"},{\"@type\":\"ListItem\",\"position\":2,\"name\":\"Suveakadeemia 2023\"}]},{\"@type\":\"WebSite\",\"@id\":\"https:\\\/\\\/inkubaator.tallinn.ee\\\/#website\",\"url\":\"https:\\\/\\\/inkubaator.tallinn.ee\\\/\",\"name\":\"Tallinna Ettev\u00f5tlusinkubaator\",\"description\":\"Loo enda edulugu\",\"publisher\":{\"@id\":\"https:\\\/\\\/inkubaator.tallinn.ee\\\/#organization\"},\"potentialAction\":[{\"@type\":\"SearchAction\",\"target\":{\"@type\":\"EntryPoint\",\"urlTemplate\":\"https:\\\/\\\/inkubaator.tallinn.ee\\\/?s={search_term_string}\"},\"query-input\":{\"@type\":\"PropertyValueSpecification\",\"valueRequired\":true,\"valueName\":\"search_term_string\"}}],\"inLanguage\":\"en-US\"},{\"@type\":\"Organization\",\"@id\":\"https:\\\/\\\/inkubaator.tallinn.ee\\\/#organization\",\"name\":\"Tallinna Ettev\u00f5tlusinkubaator\",\"url\":\"https:\\\/\\\/inkubaator.tallinn.ee\\\/\",\"logo\":{\"@type\":\"ImageObject\",\"inLanguage\":\"en-US\",\"@id\":\"https:\\\/\\\/inkubaator.tallinn.ee\\\/#\\\/schema\\\/logo\\\/image\\\/\",\"url\":\"https:\\\/\\\/inkubaator.tallinn.ee\\\/wp-content\\\/uploads\\\/2024\\\/08\\\/favicon.webp\",\"contentUrl\":\"https:\\\/\\\/inkubaator.tallinn.ee\\\/wp-content\\\/uploads\\\/2024\\\/08\\\/favicon.webp\",\"width\":512,\"height\":512,\"caption\":\"Tallinna Ettev\u00f5tlusinkubaator\"},\"image\":{\"@id\":\"https:\\\/\\\/inkubaator.tallinn.ee\\\/#\\\/schema\\\/logo\\\/image\\\/\"}}]}<\/script>\n<!-- \/ Yoast SEO plugin. -->","yoast_head_json":{"title":"Suveakadeemia 2023 - Tallinna Ettev\u00f5tlusinkubaator","robots":{"index":"index","follow":"follow","max-snippet":"max-snippet:-1","max-image-preview":"max-image-preview:large","max-video-preview":"max-video-preview:-1"},"canonical":"https:\/\/inkubaator.tallinn.ee\/sundmused\/suveakadeemia-2023\/","og_locale":"en_US","og_type":"article","og_title":"Suveakadeemia 2023 - Tallinna Ettev\u00f5tlusinkubaator","og_description":"Hea meel on Sind kutsuda traditsioonilisse Suveakadeemiassse, mis leiab aset 15.-16.augustil J\u00e4rveveerel, Viljandimaal. &nbsp; Suveakadeemias kohtuvad inkubaatorid, teaduspargid ja ettev\u00f5tted \u00fcle Eesti. Inkubaatorite ja teadusparkide poolt kokku pandud inspireeriva ning mitmek\u00fclgse programmi peateema on sellel aastal &#8220;Ringmajanduse tulevikum\u00f5jutajad.&#8221; AJAKAVA\u00a0 15.08 10.00-10.30 Saabumine ja hommikukohv 10.30-11.00 Tere tulemast k\u00f5ned ja j\u00e4llen\u00e4gemise r\u00f5\u00f5m 11.00-12.00 Tartu Teaduspark: Droonide eluslabor (Pirko Konsa, Tartu Teaduspak) Sirutuspaus 12.10-13.10\u00a0Tartu Loomemajanduskeskus: Roheline filmitootmine ( K\u00fclli Hansen, Tartu Filmifondi juht; Olga Hart\u0161uk, Nafta Films) 13.10-14.10 L\u00f5unapaus 14.10-15.10 Tartu Biotehnoloogia Park: Toiduinnovatsioon (Kaire Rajaver, Nordictempeh O\u00dc; Airi Kaasik, Tartu Biotehnoloogiapark; Ave Porkon Foodsharing Tartu) 15.15-16.15 Tehnopol: Ringmajanduse m\u00fc\u00fctide murdmine (Ragmar\u2026","og_url":"https:\/\/inkubaator.tallinn.ee\/sundmused\/suveakadeemia-2023\/","og_site_name":"Tallinna Ettev\u00f5tlusinkubaator","article_modified_time":"2023-08-14T11:37:00+00:00","og_image":[{"width":700,"height":394,"url":"https:\/\/inkubaator.tallinn.ee\/wp-content\/uploads\/2023\/06\/Suveakadeemia-2023-3-700x394.png","type":"image\/png"}],"twitter_card":"summary_large_image","twitter_misc":{"Est. reading time":"2 minutes"},"schema":{"@context":"https:\/\/schema.org","@graph":[{"@type":"WebPage","@id":"https:\/\/inkubaator.tallinn.ee\/sundmused\/suveakadeemia-2023\/","url":"https:\/\/inkubaator.tallinn.ee\/sundmused\/suveakadeemia-2023\/","name":"Suveakadeemia 2023 - Tallinna Ettev\u00f5tlusinkubaator","isPartOf":{"@id":"https:\/\/inkubaator.tallinn.ee\/#website"},"primaryImageOfPage":{"@id":"https:\/\/inkubaator.tallinn.ee\/sundmused\/suveakadeemia-2023\/#primaryimage"},"image":{"@id":"https:\/\/inkubaator.tallinn.ee\/sundmused\/suveakadeemia-2023\/#primaryimage"},"thumbnailUrl":"https:\/\/inkubaator.tallinn.ee\/wp-content\/uploads\/2023\/06\/Suveakadeemia-2023-3.png","datePublished":"2023-06-19T10:29:20+00:00","dateModified":"2023-08-14T11:37:00+00:00","breadcrumb":{"@id":"https:\/\/inkubaator.tallinn.ee\/sundmused\/suveakadeemia-2023\/#breadcrumb"},"inLanguage":"en-US","potentialAction":[{"@type":"ReadAction","target":["https:\/\/inkubaator.tallinn.ee\/sundmused\/suveakadeemia-2023\/"]}]},{"@type":"ImageObject","inLanguage":"en-US","@id":"https:\/\/inkubaator.tallinn.ee\/sundmused\/suveakadeemia-2023\/#primaryimage","url":"https:\/\/inkubaator.tallinn.ee\/wp-content\/uploads\/2023\/06\/Suveakadeemia-2023-3.png","contentUrl":"https:\/\/inkubaator.tallinn.ee\/wp-content\/uploads\/2023\/06\/Suveakadeemia-2023-3.png","width":1920,"height":1080},{"@type":"BreadcrumbList","@id":"https:\/\/inkubaator.tallinn.ee\/sundmused\/suveakadeemia-2023\/#breadcrumb","itemListElement":[{"@type":"ListItem","position":1,"name":"Home","item":"https:\/\/inkubaator.tallinn.ee\/"},{"@type":"ListItem","position":2,"name":"Suveakadeemia 2023"}]},{"@type":"WebSite","@id":"https:\/\/inkubaator.tallinn.ee\/#website","url":"https:\/\/inkubaator.tallinn.ee\/","name":"Tallinna Ettev\u00f5tlusinkubaator","description":"Loo enda edulugu","publisher":{"@id":"https:\/\/inkubaator.tallinn.ee\/#organization"},"potentialAction":[{"@type":"SearchAction","target":{"@type":"EntryPoint","urlTemplate":"https:\/\/inkubaator.tallinn.ee\/?s={search_term_string}"},"query-input":{"@type":"PropertyValueSpecification","valueRequired":true,"valueName":"search_term_string"}}],"inLanguage":"en-US"},{"@type":"Organization","@id":"https:\/\/inkubaator.tallinn.ee\/#organization","name":"Tallinna Ettev\u00f5tlusinkubaator","url":"https:\/\/inkubaator.tallinn.ee\/","logo":{"@type":"ImageObject","inLanguage":"en-US","@id":"https:\/\/inkubaator.tallinn.ee\/#\/schema\/logo\/image\/","url":"https:\/\/inkubaator.tallinn.ee\/wp-content\/uploads\/2024\/08\/favicon.webp","contentUrl":"https:\/\/inkubaator.tallinn.ee\/wp-content\/uploads\/2024\/08\/favicon.webp","width":512,"height":512,"caption":"Tallinna Ettev\u00f5tlusinkubaator"},"image":{"@id":"https:\/\/inkubaator.tallinn.ee\/#\/schema\/logo\/image\/"}}]}},"_links":{"self":[{"href":"https:\/\/inkubaator.tallinn.ee\/en\/wp-json\/wp\/v2\/events\/13356","targetHints":{"allow":["GET"]}}],"collection":[{"href":"https:\/\/inkubaator.tallinn.ee\/en\/wp-json\/wp\/v2\/events"}],"about":[{"href":"https:\/\/inkubaator.tallinn.ee\/en\/wp-json\/wp\/v2\/types\/events"}],"wp:featuredmedia":[{"embeddable":true,"href":"https:\/\/inkubaator.tallinn.ee\/en\/wp-json\/wp\/v2\/media\/13683"}],"wp:attachment":[{"href":"https:\/\/inkubaator.tallinn.ee\/en\/wp-json\/wp\/v2\/media?parent=13356"}],"wp:term":[{"taxonomy":"event-category","embeddable":true,"href":"https:\/\/inkubaator.tallinn.ee\/en\/wp-json\/wp\/v2\/event-category?post=13356"}],"curies":[{"name":"wp","href":"https:\/\/api.w.org\/{rel}","templated":true}]}}