{"id":10619,"date":"2022-06-29T16:11:20","date_gmt":"2022-06-29T14:11:20","guid":{"rendered":"https:\/\/inkubaator.tallinn.ee\/?post_type=events&#038;p=10619"},"modified":"2022-08-12T12:47:44","modified_gmt":"2022-08-12T10:47:44","slug":"suveakadeemia-2022","status":"publish","type":"events","link":"https:\/\/inkubaator.tallinn.ee\/en\/events\/suveakadeemia-2022\/","title":{"rendered":"Suveakadeemia 2022"},"content":{"rendered":"<p><strong>NB! Kohad t\u00e4is!<\/strong><\/p>\n<p>Hea meel on Sind taaskord kutsuda meie traditsioonilisse Suveakadeemiassse, mis leiab aset 17.-18.augustil, imetoredas M\u00e4eotsa puhketalus Tartumaal.<\/p>\n<p>Suveakadeemias kohtuvad inkubaatorid, teaduspargid ja ettev\u00f5tted \u00fcle Eesti. Inkubaatorite ja teadusparkide poolt kokku pandud inspireeriv ning mitmek\u00fclgne programm keskendub sel aastal koosloomele.<\/p>\n<p><b>AJAKAVA<\/b><b>\u00a0<\/b><\/p>\n<p><b>17.08<\/b><\/p>\n<ul>\n<li>10.00-10.45 <span style=\"font-weight: 400;\">Saabumine, check-in<\/span><\/li>\n<li>10.45-11.00 <span style=\"font-weight: 400;\">Tere tulemast k\u00f5ned ja j\u00e4llen\u00e4gemise r\u00f5\u00f5m<\/span><\/li>\n<li>11.00-12.00 <span style=\"font-weight: 400;\"><strong>Koosloome arutelu paneel<\/strong> (Tehnopol)<\/span><\/li>\n<li><span style=\"font-weight: 400;\">Sirutuspaus<\/span><\/li>\n<li>12.10-13.10 <strong>S\u00fcvatehnoloogia innovatsiooni telgitagused<\/strong> (<span style=\"font-weight: 400;\">Tartu Teaduspark)<\/span><\/li>\n<li>13.10-14.15 L\u00f5unapaus<\/li>\n<li>14.15-15.15 <strong>Toidujagamine \/ Tarmo Seliste<\/strong> (Tartu Biotehnoloogiapark)<\/li>\n<li>15.15-18.15 Aktiivne koosloome:\n<ul>\n<li><span style=\"font-weight: 400;\">Vol 1: <strong>Fotojaht<\/strong> &#8211; l\u00f5bus jahtimine heas seltskonnas, kus leiab uusi fotosid ja kindlasti uusi s\u00f5pru. (Tallinna Loomeinkubaator)<\/span><\/li>\n<li>Vol 2: <strong>Kohalikud maitsed<\/strong> &#8211; metsast ja p\u00f5llult lauale! Inspireeriv toiduvalmistamise t\u00f6\u00f6tuba. (P\u00e4rnumaa Ettev\u00f5tlusinkubaator)<\/li>\n<\/ul>\n<\/li>\n<li>18.15-.<b>.. <\/b><span style=\"font-weight: 400;\">\u00f5htus\u00f6\u00f6k, networking, saunatamine. V\u00f5ta kaasa k\u00f5ige vingemad seltskonnam\u00e4ngud, pillid ja laulud, sest \u00f6\u00f6 on pikk ja nali ning naer tahab v\u00e4lja elamist.<\/span><\/li>\n<\/ul>\n<p><b>18.08<\/b><\/p>\n<ul>\n<li>09.00-10.00 <span style=\"font-weight: 400;\">Hommikus\u00f6\u00f6k<\/span><\/li>\n<li>10.00-11.00 <span style=\"font-weight: 400;\"><strong>Liitreaalsus \/<\/strong> <\/span><strong>Jana Budkovskaja, Alexander Bitskov<\/strong><span style=\"font-weight: 400;\"> (Narva Creative HUB)<\/span><\/li>\n<li><span style=\"font-weight: 400;\">Sirutuspaus<\/span><\/li>\n<li>11.10-12.30 <strong>Loomelabor \/ Mari Peetsalu<\/strong> <span style=\"font-weight: 400;\">(Tartu Loomemajanduskeskus)<\/span><\/li>\n<li>12.30-13.30 <span style=\"font-weight: 400;\">L\u00f5unapaus<\/span><\/li>\n<li>13.30 <span style=\"font-weight: 400;\">Muljetamine ja koduteele asumine!<\/span><\/li>\n<\/ul>\n<p><b>Hind: <\/b>75\u20ac + KM (Hind sisaldab majutust, toitlustust, programmi)<\/p>\n<p><span style=\"font-weight: 400;\">Registreerimine on avatud Loomeinkubaatori kodulehel <strong>kuni 05.08 v\u00f5i kuni kohti j\u00e4tkub<\/strong>: <a href=\"https:\/\/inkubaator.tallinn.ee\/en\/events\/suveakadeemia-2022\/\">https:\/\/inkubaator.tallinn.ee\/sundmused\/suveakadeemia-2022\/<\/a><\/span><\/p>\n<p><strong>Lisainfo:<\/strong> Maria-Johanna Kollo; maria@inkubaator.ee; +372 56 522 56<\/p>\n<p>Suveakadeemiat korraldavad Tallinna Loomeinkubaator, Teadus- ja \u00e4rilinnak Tehnopol, Tartu Loomemajanduskeskus, Tartu Biotehnoloogiapark, Narva Creative HUB, Tartu Teaduspark ja P\u00e4rnumaa Ettev\u00f5tlusinkubaator.<\/p>\n","protected":false},"featured_media":10622,"template":"","meta":{"_acf_changed":false},"event-category":[],"class_list":["post-10619","events","type-events","status-publish","has-post-thumbnail","hentry"],"acf":[],"yoast_head":"<!-- This site is optimized with the Yoast SEO plugin v27.4 - https:\/\/yoast.com\/product\/yoast-seo-wordpress\/ -->\n<title>Suveakadeemia 2022 - Tallinna Ettev\u00f5tlusinkubaator<\/title>\n<meta name=\"robots\" content=\"index, follow, max-snippet:-1, max-image-preview:large, max-video-preview:-1\" \/>\n<link rel=\"canonical\" href=\"https:\/\/inkubaator.tallinn.ee\/sundmused\/suveakadeemia-2022\/\" \/>\n<meta property=\"og:locale\" content=\"en_US\" \/>\n<meta property=\"og:type\" content=\"article\" \/>\n<meta property=\"og:title\" content=\"Suveakadeemia 2022 - Tallinna Ettev\u00f5tlusinkubaator\" \/>\n<meta property=\"og:description\" content=\"NB! Kohad t\u00e4is! Hea meel on Sind taaskord kutsuda meie traditsioonilisse Suveakadeemiassse, mis leiab aset 17.-18.augustil, imetoredas M\u00e4eotsa puhketalus Tartumaal. Suveakadeemias kohtuvad inkubaatorid, teaduspargid ja ettev\u00f5tted \u00fcle Eesti. Inkubaatorite ja teadusparkide poolt kokku pandud inspireeriv ning mitmek\u00fclgne programm keskendub sel aastal koosloomele. AJAKAVA\u00a0 17.08 10.00-10.45 Saabumine, check-in 10.45-11.00 Tere tulemast k\u00f5ned ja j\u00e4llen\u00e4gemise r\u00f5\u00f5m 11.00-12.00 Koosloome arutelu paneel (Tehnopol) Sirutuspaus 12.10-13.10 S\u00fcvatehnoloogia innovatsiooni telgitagused (Tartu Teaduspark) 13.10-14.15 L\u00f5unapaus 14.15-15.15 Toidujagamine \/ Tarmo Seliste (Tartu Biotehnoloogiapark) 15.15-18.15 Aktiivne koosloome: Vol 1: Fotojaht &#8211; l\u00f5bus jahtimine heas seltskonnas, kus leiab uusi fotosid ja kindlasti uusi s\u00f5pru. (Tallinna Loomeinkubaator) Vol 2: Kohalikud maitsed\u2026\" \/>\n<meta property=\"og:url\" content=\"https:\/\/inkubaator.tallinn.ee\/sundmused\/suveakadeemia-2022\/\" \/>\n<meta property=\"og:site_name\" content=\"Tallinna Ettev\u00f5tlusinkubaator\" \/>\n<meta property=\"article:modified_time\" content=\"2022-08-12T10:47:44+00:00\" \/>\n<meta property=\"og:image\" content=\"https:\/\/inkubaator.tallinn.ee\/wp-content\/uploads\/2022\/06\/Suveakadeemia-2022_v2.jpg\" \/>\n\t<meta property=\"og:image:width\" content=\"1920\" \/>\n\t<meta property=\"og:image:height\" content=\"1080\" \/>\n\t<meta property=\"og:image:type\" content=\"image\/jpeg\" \/>\n<meta name=\"twitter:card\" content=\"summary_large_image\" \/>\n<meta name=\"twitter:label1\" content=\"Est. reading time\" \/>\n\t<meta name=\"twitter:data1\" content=\"1 minute\" \/>\n<script type=\"application\/ld+json\" class=\"yoast-schema-graph\">{\"@context\":\"https:\\\/\\\/schema.org\",\"@graph\":[{\"@type\":\"WebPage\",\"@id\":\"https:\\\/\\\/inkubaator.tallinn.ee\\\/sundmused\\\/suveakadeemia-2022\\\/\",\"url\":\"https:\\\/\\\/inkubaator.tallinn.ee\\\/sundmused\\\/suveakadeemia-2022\\\/\",\"name\":\"Suveakadeemia 2022 - Tallinna Ettev\u00f5tlusinkubaator\",\"isPartOf\":{\"@id\":\"https:\\\/\\\/inkubaator.tallinn.ee\\\/#website\"},\"primaryImageOfPage\":{\"@id\":\"https:\\\/\\\/inkubaator.tallinn.ee\\\/sundmused\\\/suveakadeemia-2022\\\/#primaryimage\"},\"image\":{\"@id\":\"https:\\\/\\\/inkubaator.tallinn.ee\\\/sundmused\\\/suveakadeemia-2022\\\/#primaryimage\"},\"thumbnailUrl\":\"https:\\\/\\\/inkubaator.tallinn.ee\\\/wp-content\\\/uploads\\\/2022\\\/06\\\/Suveakadeemia-2022_v2.jpg\",\"datePublished\":\"2022-06-29T14:11:20+00:00\",\"dateModified\":\"2022-08-12T10:47:44+00:00\",\"breadcrumb\":{\"@id\":\"https:\\\/\\\/inkubaator.tallinn.ee\\\/sundmused\\\/suveakadeemia-2022\\\/#breadcrumb\"},\"inLanguage\":\"en-US\",\"potentialAction\":[{\"@type\":\"ReadAction\",\"target\":[\"https:\\\/\\\/inkubaator.tallinn.ee\\\/sundmused\\\/suveakadeemia-2022\\\/\"]}]},{\"@type\":\"ImageObject\",\"inLanguage\":\"en-US\",\"@id\":\"https:\\\/\\\/inkubaator.tallinn.ee\\\/sundmused\\\/suveakadeemia-2022\\\/#primaryimage\",\"url\":\"https:\\\/\\\/inkubaator.tallinn.ee\\\/wp-content\\\/uploads\\\/2022\\\/06\\\/Suveakadeemia-2022_v2.jpg\",\"contentUrl\":\"https:\\\/\\\/inkubaator.tallinn.ee\\\/wp-content\\\/uploads\\\/2022\\\/06\\\/Suveakadeemia-2022_v2.jpg\",\"width\":1920,\"height\":1080},{\"@type\":\"BreadcrumbList\",\"@id\":\"https:\\\/\\\/inkubaator.tallinn.ee\\\/sundmused\\\/suveakadeemia-2022\\\/#breadcrumb\",\"itemListElement\":[{\"@type\":\"ListItem\",\"position\":1,\"name\":\"Home\",\"item\":\"https:\\\/\\\/inkubaator.tallinn.ee\\\/\"},{\"@type\":\"ListItem\",\"position\":2,\"name\":\"Suveakadeemia 2022\"}]},{\"@type\":\"WebSite\",\"@id\":\"https:\\\/\\\/inkubaator.tallinn.ee\\\/#website\",\"url\":\"https:\\\/\\\/inkubaator.tallinn.ee\\\/\",\"name\":\"Tallinna Ettev\u00f5tlusinkubaator\",\"description\":\"Loo enda edulugu\",\"publisher\":{\"@id\":\"https:\\\/\\\/inkubaator.tallinn.ee\\\/#organization\"},\"potentialAction\":[{\"@type\":\"SearchAction\",\"target\":{\"@type\":\"EntryPoint\",\"urlTemplate\":\"https:\\\/\\\/inkubaator.tallinn.ee\\\/?s={search_term_string}\"},\"query-input\":{\"@type\":\"PropertyValueSpecification\",\"valueRequired\":true,\"valueName\":\"search_term_string\"}}],\"inLanguage\":\"en-US\"},{\"@type\":\"Organization\",\"@id\":\"https:\\\/\\\/inkubaator.tallinn.ee\\\/#organization\",\"name\":\"Tallinna Ettev\u00f5tlusinkubaator\",\"url\":\"https:\\\/\\\/inkubaator.tallinn.ee\\\/\",\"logo\":{\"@type\":\"ImageObject\",\"inLanguage\":\"en-US\",\"@id\":\"https:\\\/\\\/inkubaator.tallinn.ee\\\/#\\\/schema\\\/logo\\\/image\\\/\",\"url\":\"https:\\\/\\\/inkubaator.tallinn.ee\\\/wp-content\\\/uploads\\\/2024\\\/08\\\/favicon.webp\",\"contentUrl\":\"https:\\\/\\\/inkubaator.tallinn.ee\\\/wp-content\\\/uploads\\\/2024\\\/08\\\/favicon.webp\",\"width\":512,\"height\":512,\"caption\":\"Tallinna Ettev\u00f5tlusinkubaator\"},\"image\":{\"@id\":\"https:\\\/\\\/inkubaator.tallinn.ee\\\/#\\\/schema\\\/logo\\\/image\\\/\"}}]}<\/script>\n<!-- \/ Yoast SEO plugin. -->","yoast_head_json":{"title":"Suveakadeemia 2022 - Tallinna Ettev\u00f5tlusinkubaator","robots":{"index":"index","follow":"follow","max-snippet":"max-snippet:-1","max-image-preview":"max-image-preview:large","max-video-preview":"max-video-preview:-1"},"canonical":"https:\/\/inkubaator.tallinn.ee\/sundmused\/suveakadeemia-2022\/","og_locale":"en_US","og_type":"article","og_title":"Suveakadeemia 2022 - Tallinna Ettev\u00f5tlusinkubaator","og_description":"NB! Kohad t\u00e4is! Hea meel on Sind taaskord kutsuda meie traditsioonilisse Suveakadeemiassse, mis leiab aset 17.-18.augustil, imetoredas M\u00e4eotsa puhketalus Tartumaal. Suveakadeemias kohtuvad inkubaatorid, teaduspargid ja ettev\u00f5tted \u00fcle Eesti. Inkubaatorite ja teadusparkide poolt kokku pandud inspireeriv ning mitmek\u00fclgne programm keskendub sel aastal koosloomele. AJAKAVA\u00a0 17.08 10.00-10.45 Saabumine, check-in 10.45-11.00 Tere tulemast k\u00f5ned ja j\u00e4llen\u00e4gemise r\u00f5\u00f5m 11.00-12.00 Koosloome arutelu paneel (Tehnopol) Sirutuspaus 12.10-13.10 S\u00fcvatehnoloogia innovatsiooni telgitagused (Tartu Teaduspark) 13.10-14.15 L\u00f5unapaus 14.15-15.15 Toidujagamine \/ Tarmo Seliste (Tartu Biotehnoloogiapark) 15.15-18.15 Aktiivne koosloome: Vol 1: Fotojaht &#8211; l\u00f5bus jahtimine heas seltskonnas, kus leiab uusi fotosid ja kindlasti uusi s\u00f5pru. (Tallinna Loomeinkubaator) Vol 2: Kohalikud maitsed\u2026","og_url":"https:\/\/inkubaator.tallinn.ee\/sundmused\/suveakadeemia-2022\/","og_site_name":"Tallinna Ettev\u00f5tlusinkubaator","article_modified_time":"2022-08-12T10:47:44+00:00","og_image":[{"width":1920,"height":1080,"url":"https:\/\/inkubaator.tallinn.ee\/wp-content\/uploads\/2022\/06\/Suveakadeemia-2022_v2.jpg","type":"image\/jpeg"}],"twitter_card":"summary_large_image","twitter_misc":{"Est. reading time":"1 minute"},"schema":{"@context":"https:\/\/schema.org","@graph":[{"@type":"WebPage","@id":"https:\/\/inkubaator.tallinn.ee\/sundmused\/suveakadeemia-2022\/","url":"https:\/\/inkubaator.tallinn.ee\/sundmused\/suveakadeemia-2022\/","name":"Suveakadeemia 2022 - Tallinna Ettev\u00f5tlusinkubaator","isPartOf":{"@id":"https:\/\/inkubaator.tallinn.ee\/#website"},"primaryImageOfPage":{"@id":"https:\/\/inkubaator.tallinn.ee\/sundmused\/suveakadeemia-2022\/#primaryimage"},"image":{"@id":"https:\/\/inkubaator.tallinn.ee\/sundmused\/suveakadeemia-2022\/#primaryimage"},"thumbnailUrl":"https:\/\/inkubaator.tallinn.ee\/wp-content\/uploads\/2022\/06\/Suveakadeemia-2022_v2.jpg","datePublished":"2022-06-29T14:11:20+00:00","dateModified":"2022-08-12T10:47:44+00:00","breadcrumb":{"@id":"https:\/\/inkubaator.tallinn.ee\/sundmused\/suveakadeemia-2022\/#breadcrumb"},"inLanguage":"en-US","potentialAction":[{"@type":"ReadAction","target":["https:\/\/inkubaator.tallinn.ee\/sundmused\/suveakadeemia-2022\/"]}]},{"@type":"ImageObject","inLanguage":"en-US","@id":"https:\/\/inkubaator.tallinn.ee\/sundmused\/suveakadeemia-2022\/#primaryimage","url":"https:\/\/inkubaator.tallinn.ee\/wp-content\/uploads\/2022\/06\/Suveakadeemia-2022_v2.jpg","contentUrl":"https:\/\/inkubaator.tallinn.ee\/wp-content\/uploads\/2022\/06\/Suveakadeemia-2022_v2.jpg","width":1920,"height":1080},{"@type":"BreadcrumbList","@id":"https:\/\/inkubaator.tallinn.ee\/sundmused\/suveakadeemia-2022\/#breadcrumb","itemListElement":[{"@type":"ListItem","position":1,"name":"Home","item":"https:\/\/inkubaator.tallinn.ee\/"},{"@type":"ListItem","position":2,"name":"Suveakadeemia 2022"}]},{"@type":"WebSite","@id":"https:\/\/inkubaator.tallinn.ee\/#website","url":"https:\/\/inkubaator.tallinn.ee\/","name":"Tallinna Ettev\u00f5tlusinkubaator","description":"Loo enda edulugu","publisher":{"@id":"https:\/\/inkubaator.tallinn.ee\/#organization"},"potentialAction":[{"@type":"SearchAction","target":{"@type":"EntryPoint","urlTemplate":"https:\/\/inkubaator.tallinn.ee\/?s={search_term_string}"},"query-input":{"@type":"PropertyValueSpecification","valueRequired":true,"valueName":"search_term_string"}}],"inLanguage":"en-US"},{"@type":"Organization","@id":"https:\/\/inkubaator.tallinn.ee\/#organization","name":"Tallinna Ettev\u00f5tlusinkubaator","url":"https:\/\/inkubaator.tallinn.ee\/","logo":{"@type":"ImageObject","inLanguage":"en-US","@id":"https:\/\/inkubaator.tallinn.ee\/#\/schema\/logo\/image\/","url":"https:\/\/inkubaator.tallinn.ee\/wp-content\/uploads\/2024\/08\/favicon.webp","contentUrl":"https:\/\/inkubaator.tallinn.ee\/wp-content\/uploads\/2024\/08\/favicon.webp","width":512,"height":512,"caption":"Tallinna Ettev\u00f5tlusinkubaator"},"image":{"@id":"https:\/\/inkubaator.tallinn.ee\/#\/schema\/logo\/image\/"}}]}},"_links":{"self":[{"href":"https:\/\/inkubaator.tallinn.ee\/en\/wp-json\/wp\/v2\/events\/10619","targetHints":{"allow":["GET"]}}],"collection":[{"href":"https:\/\/inkubaator.tallinn.ee\/en\/wp-json\/wp\/v2\/events"}],"about":[{"href":"https:\/\/inkubaator.tallinn.ee\/en\/wp-json\/wp\/v2\/types\/events"}],"wp:featuredmedia":[{"embeddable":true,"href":"https:\/\/inkubaator.tallinn.ee\/en\/wp-json\/wp\/v2\/media\/10622"}],"wp:attachment":[{"href":"https:\/\/inkubaator.tallinn.ee\/en\/wp-json\/wp\/v2\/media?parent=10619"}],"wp:term":[{"taxonomy":"event-category","embeddable":true,"href":"https:\/\/inkubaator.tallinn.ee\/en\/wp-json\/wp\/v2\/event-category?post=10619"}],"curies":[{"name":"wp","href":"https:\/\/api.w.org\/{rel}","templated":true}]}}