{"id":10511,"date":"2022-05-31T10:31:57","date_gmt":"2022-05-31T08:31:57","guid":{"rendered":"https:\/\/inkubaator.tallinn.ee\/?post_type=events&#038;p=10511"},"modified":"2022-05-31T10:33:07","modified_gmt":"2022-05-31T08:33:07","slug":"fotod-vaikeettevotjale-kuidas-ja-mida","status":"publish","type":"events","link":"https:\/\/inkubaator.tallinn.ee\/en\/events\/fotod-vaikeettevotjale-kuidas-ja-mida\/","title":{"rendered":"Fotod v\u00e4ikeettev\u00f5tjale &#8211; kuidas ja mida?"},"content":{"rendered":"<p>Oled v\u00e4ikeettev\u00f5tja ja soovid oma toodetest paremaid fotosid teha? V\u00e4ikeettev\u00f5tjana on vaja br\u00e4ndi visuaalseks tutvustamiseks fotosid sotsiaalmeediasse, e-poodi, veebilehele. Kuidas h\u00e4id fotosid v\u00e4ikse eelarve ja suurte eesm\u00e4rkidega teha? Mis vahe on tootefotol ja reklaamfotol? Nendele ja paljudele teistele k\u00fcsimustele vastame fotode koolitusel.<\/p>\n<p>Koolituse eesm\u00e4rgiks on anda osalejale vajalikud teadmised fotode tegemisest ja fotosessioonide l\u00e4biviimisest.<\/p>\n<p><strong>Fotode koolituse 1. osas keskendume:<\/strong><\/p>\n<ul>\n<li>Visuaalne fotokeel: emotsioon, lugu, p\u00f5hiv\u00e4\u00e4rtused, stilistika (n\u00e4ited)<\/li>\n<li>Fotode erinevad liigid: tootefotod, lifestyle fotod, reklaamfotod, lisaks taustafotod (nn kattekaadrid\/ t\u00fchi ruum)<\/li>\n<li>K\u00f5ige levinumad vead tootefotode tegemisel (head ja halvad n\u00e4ited)<\/li>\n<li>Kuidas otsustada, millal ise fotosid teha ja millal teenus sisse osta?<\/li>\n<\/ul>\n<p><strong>2. osas tutvustame fotosessiooni praktilist l\u00e4biviimist:<\/strong><\/p>\n<p><u>ISE tehes:<\/u><\/p>\n<ul>\n<li>L\u00fchi\u00fclevaade, millele ise\u00a0pildistades t\u00e4helepanu p\u00f6\u00f6rata (varustus, kaamera, objektiiv, v\u00e4lgud, p\u00fcsivalgus, fotod naturaalse valgusega, softboksid, erinevate softbokside kujud, iseehitatud softboksid)<\/li>\n<li>+k\u00fcsimused<\/li>\n<\/ul>\n<p><u>Tellides:<\/u><\/p>\n<ul>\n<li>Fotograafi valik ja koost\u00f6\u00f6 (Millist tulemust oodatakse? Kellelt, mida k\u00fcsida? Keda valida?)<\/li>\n<li>Fotosessiooni l\u00e4biviimise \u00fclesehitus (n\u00e4ide t\u00fc\u00fcpilisest fotosessioonist, erinevus esemete ja modellidega pildistamisel)<\/li>\n<li>Fotosessiooni ettevalmistus (modellid, poosid, komplektid, lokatsioon, meeskond: stilist, meikar, assistent, fotograaf)<\/li>\n<li>Fotod, BTS fotod ja videod. Kasutuskohad (Instagram, Facebook,, koduleht)<\/li>\n<li>+k\u00fcsimused<\/li>\n<\/ul>\n<p><strong>Koolitus sobib k\u00f5ikidele ettev\u00f5tjatele, kellel on vaja oma toodetest fotosid teha v\u00f5i kes sooviksid seda teenusena sisse osta, aga ei tea kuidas.<\/strong><\/p>\n<p>Koolituse viib l\u00e4bi <strong>fotograaf ja Loomeinkubaatori mentor Iris Kivisalu<\/strong>. Irisel on \u00fcle 10-aastane t\u00f6\u00f6kogemus fotograafina. Tema t\u00f6id on avaldanud enamik Eesti suurematest v\u00e4ljaannetest, samuti der Spiegel, Itaalia Vogue ja iGNANT. Iris on v\u00f5itnud mainekal Nikoni \u201cBest Portrait and Wedding 2017\u201d rahvusvahelisel portreev\u00f5istlusel esikoha. Iris on pikalt olnud seotud disainivaldkonnaga, olles l\u00e4hedalt n\u00e4inud kujunevate br\u00e4ndide k\u00f6\u00f6gipoolt loovjuhi ja kujundaja vaatenurgast. Iris usub, et l\u00e4bim\u00f5eldud ja terviklik visuaalne presenteering on t\u00e4nap\u00e4eva br\u00e4ndiloome ABC, ilma milleta ei j\u00f5ua ka k\u00f5ige sisukamad ideed \u00f5ige sihtgrupini.<\/p>\n<p><strong>Formaat: Zoomis<\/strong><\/p>\n<p>Osalustasu:<\/p>\n<p>Loomeinkubaatori, Tartu LMK ja Tehnopoli inkubantidele tasuta.<\/p>\n<p>Loomeinkubaatori vilistlastele, TDH disaineritele, Kaubandust\u00f6\u00f6stuskoja liikmetele, Tartu LMK vilistlastele, EFF disaineritele, Loomeinkubaatori \u00fc\u00fcrnikele soodushind 15 \u20ac+km (registreerides vali partner)<\/p>\n<p>K\u00f5ik teised ettev\u00f5tted 15\u20ac+km; eraisikud 20\u20ac+km<\/p>\n<p>&nbsp;<\/p>\n<p>&nbsp;<\/p>\n<p><em>K\u00e4esolev seminar on toetatud projekti \u201cLoomemajanduse ettev\u00f5tete konkurentsiv\u00f5ime, j\u00e4tkusuutlikkuse, ekspordiv\u00f5imekuse ja teiste majandussektoritega koost\u00f6\u00f6 arendamine 2020-2021\u201d (EU53522) raames. Seminaril osalemine on osalevatele ettev\u00f5tetele k\u00e4sitletav v\u00e4hese t\u00e4htsusega abi saamisena.<\/em><\/p>\n","protected":false},"featured_media":10512,"template":"","meta":{"_acf_changed":false},"event-category":[],"class_list":["post-10511","events","type-events","status-publish","has-post-thumbnail","hentry"],"acf":[],"yoast_head":"<!-- This site is optimized with the Yoast SEO plugin v27.4 - https:\/\/yoast.com\/product\/yoast-seo-wordpress\/ -->\n<title>Fotod v\u00e4ikeettev\u00f5tjale - kuidas ja mida? - Tallinna Ettev\u00f5tlusinkubaator<\/title>\n<meta name=\"robots\" content=\"index, follow, max-snippet:-1, max-image-preview:large, max-video-preview:-1\" \/>\n<link rel=\"canonical\" href=\"https:\/\/inkubaator.tallinn.ee\/sundmused\/fotod-vaikeettevotjale-kuidas-ja-mida\/\" \/>\n<meta property=\"og:locale\" content=\"en_US\" \/>\n<meta property=\"og:type\" content=\"article\" \/>\n<meta property=\"og:title\" content=\"Fotod v\u00e4ikeettev\u00f5tjale - kuidas ja mida? - Tallinna Ettev\u00f5tlusinkubaator\" \/>\n<meta property=\"og:description\" content=\"Oled v\u00e4ikeettev\u00f5tja ja soovid oma toodetest paremaid fotosid teha? V\u00e4ikeettev\u00f5tjana on vaja br\u00e4ndi visuaalseks tutvustamiseks fotosid sotsiaalmeediasse, e-poodi, veebilehele. Kuidas h\u00e4id fotosid v\u00e4ikse eelarve ja suurte eesm\u00e4rkidega teha? Mis vahe on tootefotol ja reklaamfotol? Nendele ja paljudele teistele k\u00fcsimustele vastame fotode koolitusel. Koolituse eesm\u00e4rgiks on anda osalejale vajalikud teadmised fotode tegemisest ja fotosessioonide l\u00e4biviimisest. Fotode koolituse 1. osas keskendume: Visuaalne fotokeel: emotsioon, lugu, p\u00f5hiv\u00e4\u00e4rtused, stilistika (n\u00e4ited) Fotode erinevad liigid: tootefotod, lifestyle fotod, reklaamfotod, lisaks taustafotod (nn kattekaadrid\/ t\u00fchi ruum) K\u00f5ige levinumad vead tootefotode tegemisel (head ja halvad n\u00e4ited) Kuidas otsustada, millal ise fotosid teha ja millal teenus sisse osta? 2.\u2026\" \/>\n<meta property=\"og:url\" content=\"https:\/\/inkubaator.tallinn.ee\/sundmused\/fotod-vaikeettevotjale-kuidas-ja-mida\/\" \/>\n<meta property=\"og:site_name\" content=\"Tallinna Ettev\u00f5tlusinkubaator\" \/>\n<meta property=\"article:modified_time\" content=\"2022-05-31T08:33:07+00:00\" \/>\n<meta property=\"og:image\" content=\"https:\/\/inkubaator.tallinn.ee\/wp-content\/uploads\/2022\/05\/Fotod-koolitus_Iiris-Kivisalu.jpg\" \/>\n\t<meta property=\"og:image:width\" content=\"1920\" \/>\n\t<meta property=\"og:image:height\" content=\"1080\" \/>\n\t<meta property=\"og:image:type\" content=\"image\/jpeg\" \/>\n<meta name=\"twitter:card\" content=\"summary_large_image\" \/>\n<meta name=\"twitter:label1\" content=\"Est. reading time\" \/>\n\t<meta name=\"twitter:data1\" content=\"2 minutes\" \/>\n<script type=\"application\/ld+json\" class=\"yoast-schema-graph\">{\"@context\":\"https:\\\/\\\/schema.org\",\"@graph\":[{\"@type\":\"WebPage\",\"@id\":\"https:\\\/\\\/inkubaator.tallinn.ee\\\/sundmused\\\/fotod-vaikeettevotjale-kuidas-ja-mida\\\/\",\"url\":\"https:\\\/\\\/inkubaator.tallinn.ee\\\/sundmused\\\/fotod-vaikeettevotjale-kuidas-ja-mida\\\/\",\"name\":\"Fotod v\u00e4ikeettev\u00f5tjale - kuidas ja mida? - Tallinna Ettev\u00f5tlusinkubaator\",\"isPartOf\":{\"@id\":\"https:\\\/\\\/inkubaator.tallinn.ee\\\/#website\"},\"primaryImageOfPage\":{\"@id\":\"https:\\\/\\\/inkubaator.tallinn.ee\\\/sundmused\\\/fotod-vaikeettevotjale-kuidas-ja-mida\\\/#primaryimage\"},\"image\":{\"@id\":\"https:\\\/\\\/inkubaator.tallinn.ee\\\/sundmused\\\/fotod-vaikeettevotjale-kuidas-ja-mida\\\/#primaryimage\"},\"thumbnailUrl\":\"https:\\\/\\\/inkubaator.tallinn.ee\\\/wp-content\\\/uploads\\\/2022\\\/05\\\/Fotod-koolitus_Iiris-Kivisalu.jpg\",\"datePublished\":\"2022-05-31T08:31:57+00:00\",\"dateModified\":\"2022-05-31T08:33:07+00:00\",\"breadcrumb\":{\"@id\":\"https:\\\/\\\/inkubaator.tallinn.ee\\\/sundmused\\\/fotod-vaikeettevotjale-kuidas-ja-mida\\\/#breadcrumb\"},\"inLanguage\":\"en-US\",\"potentialAction\":[{\"@type\":\"ReadAction\",\"target\":[\"https:\\\/\\\/inkubaator.tallinn.ee\\\/sundmused\\\/fotod-vaikeettevotjale-kuidas-ja-mida\\\/\"]}]},{\"@type\":\"ImageObject\",\"inLanguage\":\"en-US\",\"@id\":\"https:\\\/\\\/inkubaator.tallinn.ee\\\/sundmused\\\/fotod-vaikeettevotjale-kuidas-ja-mida\\\/#primaryimage\",\"url\":\"https:\\\/\\\/inkubaator.tallinn.ee\\\/wp-content\\\/uploads\\\/2022\\\/05\\\/Fotod-koolitus_Iiris-Kivisalu.jpg\",\"contentUrl\":\"https:\\\/\\\/inkubaator.tallinn.ee\\\/wp-content\\\/uploads\\\/2022\\\/05\\\/Fotod-koolitus_Iiris-Kivisalu.jpg\",\"width\":1920,\"height\":1080,\"caption\":\"Fotod koolitus_Iiris Kivisalu\"},{\"@type\":\"BreadcrumbList\",\"@id\":\"https:\\\/\\\/inkubaator.tallinn.ee\\\/sundmused\\\/fotod-vaikeettevotjale-kuidas-ja-mida\\\/#breadcrumb\",\"itemListElement\":[{\"@type\":\"ListItem\",\"position\":1,\"name\":\"Home\",\"item\":\"https:\\\/\\\/inkubaator.tallinn.ee\\\/\"},{\"@type\":\"ListItem\",\"position\":2,\"name\":\"Fotod v\u00e4ikeettev\u00f5tjale &#8211; kuidas ja mida?\"}]},{\"@type\":\"WebSite\",\"@id\":\"https:\\\/\\\/inkubaator.tallinn.ee\\\/#website\",\"url\":\"https:\\\/\\\/inkubaator.tallinn.ee\\\/\",\"name\":\"Tallinna Ettev\u00f5tlusinkubaator\",\"description\":\"Loo enda edulugu\",\"publisher\":{\"@id\":\"https:\\\/\\\/inkubaator.tallinn.ee\\\/#organization\"},\"potentialAction\":[{\"@type\":\"SearchAction\",\"target\":{\"@type\":\"EntryPoint\",\"urlTemplate\":\"https:\\\/\\\/inkubaator.tallinn.ee\\\/?s={search_term_string}\"},\"query-input\":{\"@type\":\"PropertyValueSpecification\",\"valueRequired\":true,\"valueName\":\"search_term_string\"}}],\"inLanguage\":\"en-US\"},{\"@type\":\"Organization\",\"@id\":\"https:\\\/\\\/inkubaator.tallinn.ee\\\/#organization\",\"name\":\"Tallinna Ettev\u00f5tlusinkubaator\",\"url\":\"https:\\\/\\\/inkubaator.tallinn.ee\\\/\",\"logo\":{\"@type\":\"ImageObject\",\"inLanguage\":\"en-US\",\"@id\":\"https:\\\/\\\/inkubaator.tallinn.ee\\\/#\\\/schema\\\/logo\\\/image\\\/\",\"url\":\"https:\\\/\\\/inkubaator.tallinn.ee\\\/wp-content\\\/uploads\\\/2024\\\/08\\\/favicon.webp\",\"contentUrl\":\"https:\\\/\\\/inkubaator.tallinn.ee\\\/wp-content\\\/uploads\\\/2024\\\/08\\\/favicon.webp\",\"width\":512,\"height\":512,\"caption\":\"Tallinna Ettev\u00f5tlusinkubaator\"},\"image\":{\"@id\":\"https:\\\/\\\/inkubaator.tallinn.ee\\\/#\\\/schema\\\/logo\\\/image\\\/\"}}]}<\/script>\n<!-- \/ Yoast SEO plugin. -->","yoast_head_json":{"title":"Fotod v\u00e4ikeettev\u00f5tjale - kuidas ja mida? - Tallinna Ettev\u00f5tlusinkubaator","robots":{"index":"index","follow":"follow","max-snippet":"max-snippet:-1","max-image-preview":"max-image-preview:large","max-video-preview":"max-video-preview:-1"},"canonical":"https:\/\/inkubaator.tallinn.ee\/sundmused\/fotod-vaikeettevotjale-kuidas-ja-mida\/","og_locale":"en_US","og_type":"article","og_title":"Fotod v\u00e4ikeettev\u00f5tjale - kuidas ja mida? - Tallinna Ettev\u00f5tlusinkubaator","og_description":"Oled v\u00e4ikeettev\u00f5tja ja soovid oma toodetest paremaid fotosid teha? V\u00e4ikeettev\u00f5tjana on vaja br\u00e4ndi visuaalseks tutvustamiseks fotosid sotsiaalmeediasse, e-poodi, veebilehele. Kuidas h\u00e4id fotosid v\u00e4ikse eelarve ja suurte eesm\u00e4rkidega teha? Mis vahe on tootefotol ja reklaamfotol? Nendele ja paljudele teistele k\u00fcsimustele vastame fotode koolitusel. Koolituse eesm\u00e4rgiks on anda osalejale vajalikud teadmised fotode tegemisest ja fotosessioonide l\u00e4biviimisest. Fotode koolituse 1. osas keskendume: Visuaalne fotokeel: emotsioon, lugu, p\u00f5hiv\u00e4\u00e4rtused, stilistika (n\u00e4ited) Fotode erinevad liigid: tootefotod, lifestyle fotod, reklaamfotod, lisaks taustafotod (nn kattekaadrid\/ t\u00fchi ruum) K\u00f5ige levinumad vead tootefotode tegemisel (head ja halvad n\u00e4ited) Kuidas otsustada, millal ise fotosid teha ja millal teenus sisse osta? 2.\u2026","og_url":"https:\/\/inkubaator.tallinn.ee\/sundmused\/fotod-vaikeettevotjale-kuidas-ja-mida\/","og_site_name":"Tallinna Ettev\u00f5tlusinkubaator","article_modified_time":"2022-05-31T08:33:07+00:00","og_image":[{"width":1920,"height":1080,"url":"https:\/\/inkubaator.tallinn.ee\/wp-content\/uploads\/2022\/05\/Fotod-koolitus_Iiris-Kivisalu.jpg","type":"image\/jpeg"}],"twitter_card":"summary_large_image","twitter_misc":{"Est. reading time":"2 minutes"},"schema":{"@context":"https:\/\/schema.org","@graph":[{"@type":"WebPage","@id":"https:\/\/inkubaator.tallinn.ee\/sundmused\/fotod-vaikeettevotjale-kuidas-ja-mida\/","url":"https:\/\/inkubaator.tallinn.ee\/sundmused\/fotod-vaikeettevotjale-kuidas-ja-mida\/","name":"Fotod v\u00e4ikeettev\u00f5tjale - kuidas ja mida? - Tallinna Ettev\u00f5tlusinkubaator","isPartOf":{"@id":"https:\/\/inkubaator.tallinn.ee\/#website"},"primaryImageOfPage":{"@id":"https:\/\/inkubaator.tallinn.ee\/sundmused\/fotod-vaikeettevotjale-kuidas-ja-mida\/#primaryimage"},"image":{"@id":"https:\/\/inkubaator.tallinn.ee\/sundmused\/fotod-vaikeettevotjale-kuidas-ja-mida\/#primaryimage"},"thumbnailUrl":"https:\/\/inkubaator.tallinn.ee\/wp-content\/uploads\/2022\/05\/Fotod-koolitus_Iiris-Kivisalu.jpg","datePublished":"2022-05-31T08:31:57+00:00","dateModified":"2022-05-31T08:33:07+00:00","breadcrumb":{"@id":"https:\/\/inkubaator.tallinn.ee\/sundmused\/fotod-vaikeettevotjale-kuidas-ja-mida\/#breadcrumb"},"inLanguage":"en-US","potentialAction":[{"@type":"ReadAction","target":["https:\/\/inkubaator.tallinn.ee\/sundmused\/fotod-vaikeettevotjale-kuidas-ja-mida\/"]}]},{"@type":"ImageObject","inLanguage":"en-US","@id":"https:\/\/inkubaator.tallinn.ee\/sundmused\/fotod-vaikeettevotjale-kuidas-ja-mida\/#primaryimage","url":"https:\/\/inkubaator.tallinn.ee\/wp-content\/uploads\/2022\/05\/Fotod-koolitus_Iiris-Kivisalu.jpg","contentUrl":"https:\/\/inkubaator.tallinn.ee\/wp-content\/uploads\/2022\/05\/Fotod-koolitus_Iiris-Kivisalu.jpg","width":1920,"height":1080,"caption":"Fotod koolitus_Iiris Kivisalu"},{"@type":"BreadcrumbList","@id":"https:\/\/inkubaator.tallinn.ee\/sundmused\/fotod-vaikeettevotjale-kuidas-ja-mida\/#breadcrumb","itemListElement":[{"@type":"ListItem","position":1,"name":"Home","item":"https:\/\/inkubaator.tallinn.ee\/"},{"@type":"ListItem","position":2,"name":"Fotod v\u00e4ikeettev\u00f5tjale &#8211; kuidas ja mida?"}]},{"@type":"WebSite","@id":"https:\/\/inkubaator.tallinn.ee\/#website","url":"https:\/\/inkubaator.tallinn.ee\/","name":"Tallinna Ettev\u00f5tlusinkubaator","description":"Loo enda edulugu","publisher":{"@id":"https:\/\/inkubaator.tallinn.ee\/#organization"},"potentialAction":[{"@type":"SearchAction","target":{"@type":"EntryPoint","urlTemplate":"https:\/\/inkubaator.tallinn.ee\/?s={search_term_string}"},"query-input":{"@type":"PropertyValueSpecification","valueRequired":true,"valueName":"search_term_string"}}],"inLanguage":"en-US"},{"@type":"Organization","@id":"https:\/\/inkubaator.tallinn.ee\/#organization","name":"Tallinna Ettev\u00f5tlusinkubaator","url":"https:\/\/inkubaator.tallinn.ee\/","logo":{"@type":"ImageObject","inLanguage":"en-US","@id":"https:\/\/inkubaator.tallinn.ee\/#\/schema\/logo\/image\/","url":"https:\/\/inkubaator.tallinn.ee\/wp-content\/uploads\/2024\/08\/favicon.webp","contentUrl":"https:\/\/inkubaator.tallinn.ee\/wp-content\/uploads\/2024\/08\/favicon.webp","width":512,"height":512,"caption":"Tallinna Ettev\u00f5tlusinkubaator"},"image":{"@id":"https:\/\/inkubaator.tallinn.ee\/#\/schema\/logo\/image\/"}}]}},"_links":{"self":[{"href":"https:\/\/inkubaator.tallinn.ee\/en\/wp-json\/wp\/v2\/events\/10511","targetHints":{"allow":["GET"]}}],"collection":[{"href":"https:\/\/inkubaator.tallinn.ee\/en\/wp-json\/wp\/v2\/events"}],"about":[{"href":"https:\/\/inkubaator.tallinn.ee\/en\/wp-json\/wp\/v2\/types\/events"}],"wp:featuredmedia":[{"embeddable":true,"href":"https:\/\/inkubaator.tallinn.ee\/en\/wp-json\/wp\/v2\/media\/10512"}],"wp:attachment":[{"href":"https:\/\/inkubaator.tallinn.ee\/en\/wp-json\/wp\/v2\/media?parent=10511"}],"wp:term":[{"taxonomy":"event-category","embeddable":true,"href":"https:\/\/inkubaator.tallinn.ee\/en\/wp-json\/wp\/v2\/event-category?post=10511"}],"curies":[{"name":"wp","href":"https:\/\/api.w.org\/{rel}","templated":true}]}}