{"version":"1.0","provider_name":"Tallinna Ettev\u00f5tlusinkubaator","provider_url":"https:\/\/inkubaator.tallinn.ee\/en\/","title":"T\u00f6\u00f6tuba: Vaateakna ning v\u00e4ljapaneku disain - Tallinna Ettev\u00f5tlusinkubaator","type":"rich","width":600,"height":338,"html":"<blockquote class=\"wp-embedded-content\" data-secret=\"MMf9ZOzVjk\"><a href=\"https:\/\/inkubaator.tallinn.ee\/en\/events\/tootuba-vaateakna-ning-valjapaneku-disain\/\">T\u00f6\u00f6tuba: Vaateakna ning v\u00e4ljapaneku disain<\/a><\/blockquote><iframe sandbox=\"allow-scripts\" security=\"restricted\" src=\"https:\/\/inkubaator.tallinn.ee\/en\/events\/tootuba-vaateakna-ning-valjapaneku-disain\/embed\/#?secret=MMf9ZOzVjk\" width=\"600\" height=\"338\" title=\"&#8220;T\u00f6\u00f6tuba: Vaateakna ning v\u00e4ljapaneku disain&#8221; &#8212; Tallinna Ettev\u00f5tlusinkubaator\" data-secret=\"MMf9ZOzVjk\" frameborder=\"0\" marginwidth=\"0\" marginheight=\"0\" scrolling=\"no\" class=\"wp-embedded-content\"><\/iframe><script type=\"text\/javascript\">\n\/* <![CDATA[ *\/\n\/*! This file is auto-generated *\/\n!function(d,l){\"use strict\";l.querySelector&&d.addEventListener&&\"undefined\"!=typeof URL&&(d.wp=d.wp||{},d.wp.receiveEmbedMessage||(d.wp.receiveEmbedMessage=function(e){var t=e.data;if((t||t.secret||t.message||t.value)&&!\/[^a-zA-Z0-9]\/.test(t.secret)){for(var s,r,n,a=l.querySelectorAll('iframe[data-secret=\"'+t.secret+'\"]'),o=l.querySelectorAll('blockquote[data-secret=\"'+t.secret+'\"]'),c=new RegExp(\"^https?:$\",\"i\"),i=0;i<o.length;i++)o[i].style.display=\"none\";for(i=0;i<a.length;i++)s=a[i],e.source===s.contentWindow&&(s.removeAttribute(\"style\"),\"height\"===t.message?(1e3<(r=parseInt(t.value,10))?r=1e3:~~r<200&&(r=200),s.height=r):\"link\"===t.message&&(r=new URL(s.getAttribute(\"src\")),n=new URL(t.value),c.test(n.protocol))&&n.host===r.host&&l.activeElement===s&&(d.top.location.href=t.value))}},d.addEventListener(\"message\",d.wp.receiveEmbedMessage,!1),l.addEventListener(\"DOMContentLoaded\",function(){for(var e,t,s=l.querySelectorAll(\"iframe.wp-embedded-content\"),r=0;r<s.length;r++)(t=(e=s[r]).getAttribute(\"data-secret\"))||(t=Math.random().toString(36).substring(2,12),e.src+=\"#?secret=\"+t,e.setAttribute(\"data-secret\",t)),e.contentWindow.postMessage({message:\"ready\",secret:t},\"*\")},!1)))}(window,document);\n\/\/# sourceURL=https:\/\/inkubaator.tallinn.ee\/wp-includes\/js\/wp-embed.min.js\n\/* ]]> *\/\n<\/script>\n","thumbnail_url":"https:\/\/inkubaator.tallinn.ee\/wp-content\/uploads\/2019\/12\/51555058_1518822768251772_5274519658270031872_o.jpg","thumbnail_width":1200,"thumbnail_height":800,"description":"Kuidas luua pilkup\u00fc\u00fcdev visuaalne v\u00e4ljapanek poe vaateaknal v\u00f5i interj\u00f6\u00f6ris? Milliseid pidepunkte tuleks j\u00e4lgida ning kust saada inspiratsiooni? T\u00f6\u00f6toas anname \u00fclevaate, kuidas v\u00e4ljapanekuid luua ning milline roll on koost\u00f6\u00f6l teiste br\u00e4ndidega, et tekiks terviklik v\u00e4ljapanek. L\u00e4biviija: Loomeinkubaatori konsultant\/ projektijuht Kadri V\u00f5su. Osalejate piirarv: 15. K\u00e4esolev t\u00f6\u00f6tuba on toetatud projekti \u201cLoomemajanduse ettev\u00f5tete konkurentsiv\u00f5ime, j\u00e4tkusuutlikkuse, ekspordiv\u00f5imekuse ja teiste majandussektoritega koost\u00f6\u00f6 arendamine 2020-2021\u201d (EU53522) raames. T\u00f6\u00f6toas osalemine on osalevatele ettev\u00f5tetele k\u00e4sitletav v\u00e4hese t\u00e4htsusega abi saamisena."}