{"version":"1.0","provider_name":"Tallinna Ettev\u00f5tlusinkubaator","provider_url":"https:\/\/inkubaator.tallinn.ee\/en\/","title":"\u201eKummardus\u201c foton\u00e4ituse avamine Rotermanni Palmigaleriis - Tallinna Ettev\u00f5tlusinkubaator","type":"rich","width":600,"height":338,"html":"<blockquote class=\"wp-embedded-content\" data-secret=\"3KoTRZFRaD\"><a href=\"https:\/\/inkubaator.tallinn.ee\/en\/events\/kummardus-fotonaituse-avamine-rotermanni-palmigaleriis\/\">\u201eKummardus\u201c foton\u00e4ituse avamine Rotermanni Palmigaleriis<\/a><\/blockquote><iframe sandbox=\"allow-scripts\" security=\"restricted\" src=\"https:\/\/inkubaator.tallinn.ee\/en\/events\/kummardus-fotonaituse-avamine-rotermanni-palmigaleriis\/embed\/#?secret=3KoTRZFRaD\" width=\"600\" height=\"338\" title=\"&#8220;\u201eKummardus\u201c foton\u00e4ituse avamine Rotermanni Palmigaleriis&#8221; &#8212; Tallinna Ettev\u00f5tlusinkubaator\" data-secret=\"3KoTRZFRaD\" frameborder=\"0\" marginwidth=\"0\" marginheight=\"0\" scrolling=\"no\" class=\"wp-embedded-content\"><\/iframe><script type=\"text\/javascript\">\n\/* <![CDATA[ *\/\n\/*! This file is auto-generated *\/\n!function(d,l){\"use strict\";l.querySelector&&d.addEventListener&&\"undefined\"!=typeof URL&&(d.wp=d.wp||{},d.wp.receiveEmbedMessage||(d.wp.receiveEmbedMessage=function(e){var t=e.data;if((t||t.secret||t.message||t.value)&&!\/[^a-zA-Z0-9]\/.test(t.secret)){for(var s,r,n,a=l.querySelectorAll('iframe[data-secret=\"'+t.secret+'\"]'),o=l.querySelectorAll('blockquote[data-secret=\"'+t.secret+'\"]'),c=new RegExp(\"^https?:$\",\"i\"),i=0;i<o.length;i++)o[i].style.display=\"none\";for(i=0;i<a.length;i++)s=a[i],e.source===s.contentWindow&&(s.removeAttribute(\"style\"),\"height\"===t.message?(1e3<(r=parseInt(t.value,10))?r=1e3:~~r<200&&(r=200),s.height=r):\"link\"===t.message&&(r=new URL(s.getAttribute(\"src\")),n=new URL(t.value),c.test(n.protocol))&&n.host===r.host&&l.activeElement===s&&(d.top.location.href=t.value))}},d.addEventListener(\"message\",d.wp.receiveEmbedMessage,!1),l.addEventListener(\"DOMContentLoaded\",function(){for(var e,t,s=l.querySelectorAll(\"iframe.wp-embedded-content\"),r=0;r<s.length;r++)(t=(e=s[r]).getAttribute(\"data-secret\"))||(t=Math.random().toString(36).substring(2,12),e.src+=\"#?secret=\"+t,e.setAttribute(\"data-secret\",t)),e.contentWindow.postMessage({message:\"ready\",secret:t},\"*\")},!1)))}(window,document);\n\/\/# sourceURL=https:\/\/inkubaator.tallinn.ee\/wp-includes\/js\/wp-embed.min.js\n\/* ]]> *\/\n<\/script>\n","description":"Tallinn Design House avab Disaini\u00f6\u00f6 \/ Tallinn Design Festival 2023 raames 20. septembril kell 18 Rotermanni kvartali Palmigaleriis foton\u00e4ituse \u201eKummardus.\u201c \u201eKummardus\u201c on jutustus Eesti disainist, kus kohtuvad autorilooming, loodus ja traditsioonid. S\u00f5na kummardus s\u00fcmboliseerib t\u00e4nuavaldust olemasoleva eest ning l\u00e4bi pildijutustuse tutvustakse Eesti disaini juuri. \u00a0 Rotermanni kvartali Palmigaleriis (Rotermanni 8 ) avatav n\u00e4itus on austusavaldus meie Maarjamaa kargele s\u00fcgisele ja selle omap\u00e4rasele v\u00e4rvikirevusele, mis ulatub puulatvadest laukasoodeni. Fototeekonnal k\u00fclastame K\u00f5rvemaa suuri p\u00f5lismetsi ja veesilmu ning Kakerdaja raba \u00fcrgset ja salap\u00e4rast loodust. Eesti disainerite loomet saadavad p\u00e4rimuslikud jutustused hiiglastest ja m\u00fcstiliste v\u00f5imetega metsloomadest ning oluline roll on peegeldustel, mis kannavad edasi\u2026","thumbnail_url":"https:\/\/inkubaator.tallinn.ee\/wp-content\/uploads\/2023\/09\/371929056_722797089860626_2826242938537946098_n.jpeg"}