{"version":"1.0","provider_name":"Tallinna Ettev\u00f5tlusinkubaator","provider_url":"https:\/\/inkubaator.tallinn.ee\/en\/","title":"Kuidas persoonibr\u00e4nd ettev\u00f5tte kasuks t\u00f6\u00f6le panna? - Tallinna Ettev\u00f5tlusinkubaator","type":"rich","width":600,"height":338,"html":"<blockquote class=\"wp-embedded-content\" data-secret=\"dbLdwZd3u8\"><a href=\"https:\/\/inkubaator.tallinn.ee\/en\/events\/kuidas-persoonibrand-ettevotte-kasuks-toole-panna\/\">Kuidas persoonibr\u00e4nd ettev\u00f5tte kasuks t\u00f6\u00f6le panna?<\/a><\/blockquote><iframe sandbox=\"allow-scripts\" security=\"restricted\" src=\"https:\/\/inkubaator.tallinn.ee\/en\/events\/kuidas-persoonibrand-ettevotte-kasuks-toole-panna\/embed\/#?secret=dbLdwZd3u8\" width=\"600\" height=\"338\" title=\"&#8220;Kuidas persoonibr\u00e4nd ettev\u00f5tte kasuks t\u00f6\u00f6le panna?&#8221; &#8212; Tallinna Ettev\u00f5tlusinkubaator\" data-secret=\"dbLdwZd3u8\" frameborder=\"0\" marginwidth=\"0\" marginheight=\"0\" scrolling=\"no\" class=\"wp-embedded-content\"><\/iframe><script type=\"text\/javascript\">\n\/* <![CDATA[ *\/\n\/*! This file is auto-generated *\/\n!function(d,l){\"use strict\";l.querySelector&&d.addEventListener&&\"undefined\"!=typeof URL&&(d.wp=d.wp||{},d.wp.receiveEmbedMessage||(d.wp.receiveEmbedMessage=function(e){var t=e.data;if((t||t.secret||t.message||t.value)&&!\/[^a-zA-Z0-9]\/.test(t.secret)){for(var s,r,n,a=l.querySelectorAll('iframe[data-secret=\"'+t.secret+'\"]'),o=l.querySelectorAll('blockquote[data-secret=\"'+t.secret+'\"]'),c=new RegExp(\"^https?:$\",\"i\"),i=0;i<o.length;i++)o[i].style.display=\"none\";for(i=0;i<a.length;i++)s=a[i],e.source===s.contentWindow&&(s.removeAttribute(\"style\"),\"height\"===t.message?(1e3<(r=parseInt(t.value,10))?r=1e3:~~r<200&&(r=200),s.height=r):\"link\"===t.message&&(r=new URL(s.getAttribute(\"src\")),n=new URL(t.value),c.test(n.protocol))&&n.host===r.host&&l.activeElement===s&&(d.top.location.href=t.value))}},d.addEventListener(\"message\",d.wp.receiveEmbedMessage,!1),l.addEventListener(\"DOMContentLoaded\",function(){for(var e,t,s=l.querySelectorAll(\"iframe.wp-embedded-content\"),r=0;r<s.length;r++)(t=(e=s[r]).getAttribute(\"data-secret\"))||(t=Math.random().toString(36).substring(2,12),e.src+=\"#?secret=\"+t,e.setAttribute(\"data-secret\",t)),e.contentWindow.postMessage({message:\"ready\",secret:t},\"*\")},!1)))}(window,document);\n\/\/# sourceURL=https:\/\/inkubaator.tallinn.ee\/wp-includes\/js\/wp-embed.min.js\n\/* ]]> *\/\n<\/script>\n","thumbnail_url":"https:\/\/inkubaator.tallinn.ee\/wp-content\/uploads\/2023\/12\/Koolituste-kujundus-2023-sugis-41.png","thumbnail_width":2250,"thumbnail_height":1177,"description":"Mis on persoonibr\u00e4nd ja kuidas aitab see kaasa ettev\u00f5tte kasvule? Millistele ettev\u00f5tetele on persoonibr\u00e4nd olulise t\u00e4htusega? 16. jaanuaril toimuval seminaril uurime persoonibr\u00e4ndi rolli ettev\u00f5tte arengus ja saame teada, kuidas ja millal seda luua. &nbsp; Lisaks tutvume praktiliste n\u00e4idetega edukatest ettev\u00f5tjatest, kes on suutnud oma persoonibr\u00e4ndi t\u00f5husalt kasutada. Oma kogemuslugu persoonibr\u00e4ndi loomisest tuleb jagama Saaremaa Mahemunad ettev\u00f5tte asutaja Tanel Tang. M\u00f5ned teemad, mida seminaril k\u00e4sitleme: Persoonibr\u00e4nd &amp; selle m\u00f5ju Mis t\u00fc\u00fcpi ettev\u00f5tetele on persoonibr\u00e4nd kasulik? Millest persoonibr\u00e4ndi loomist alustada?\u00a0Levinumad vead persoonibr\u00e4ndi ehitamisel 3 parimat n\u00e4idet ettev\u00f5tjatelt \u2013 kuidas nad on seda teinud? 5 sammu LinkedIn&#8217;is sisu looomiseks Seminaril osaleja mitte ainult\u2026"}