{"version":"1.0","provider_name":"Tallinna Ettev\u00f5tlusinkubaator","provider_url":"https:\/\/inkubaator.tallinn.ee\/en\/","title":"Fotod v\u00e4ikeettev\u00f5tjale - kuidas ja mida? - Tallinna Ettev\u00f5tlusinkubaator","type":"rich","width":600,"height":338,"html":"<blockquote class=\"wp-embedded-content\" data-secret=\"s7hWyfq0s0\"><a href=\"https:\/\/inkubaator.tallinn.ee\/en\/events\/fotod-vaikeettevotjale-kuidas-ja-mida\/\">Fotod v\u00e4ikeettev\u00f5tjale &#8211; kuidas ja mida?<\/a><\/blockquote><iframe sandbox=\"allow-scripts\" security=\"restricted\" src=\"https:\/\/inkubaator.tallinn.ee\/en\/events\/fotod-vaikeettevotjale-kuidas-ja-mida\/embed\/#?secret=s7hWyfq0s0\" width=\"600\" height=\"338\" title=\"&#8220;Fotod v\u00e4ikeettev\u00f5tjale &#8211; kuidas ja mida?&#8221; &#8212; Tallinna Ettev\u00f5tlusinkubaator\" data-secret=\"s7hWyfq0s0\" frameborder=\"0\" marginwidth=\"0\" marginheight=\"0\" scrolling=\"no\" class=\"wp-embedded-content\"><\/iframe><script type=\"text\/javascript\">\n\/* <![CDATA[ *\/\n\/*! This file is auto-generated *\/\n!function(d,l){\"use strict\";l.querySelector&&d.addEventListener&&\"undefined\"!=typeof URL&&(d.wp=d.wp||{},d.wp.receiveEmbedMessage||(d.wp.receiveEmbedMessage=function(e){var t=e.data;if((t||t.secret||t.message||t.value)&&!\/[^a-zA-Z0-9]\/.test(t.secret)){for(var s,r,n,a=l.querySelectorAll('iframe[data-secret=\"'+t.secret+'\"]'),o=l.querySelectorAll('blockquote[data-secret=\"'+t.secret+'\"]'),c=new RegExp(\"^https?:$\",\"i\"),i=0;i<o.length;i++)o[i].style.display=\"none\";for(i=0;i<a.length;i++)s=a[i],e.source===s.contentWindow&&(s.removeAttribute(\"style\"),\"height\"===t.message?(1e3<(r=parseInt(t.value,10))?r=1e3:~~r<200&&(r=200),s.height=r):\"link\"===t.message&&(r=new URL(s.getAttribute(\"src\")),n=new URL(t.value),c.test(n.protocol))&&n.host===r.host&&l.activeElement===s&&(d.top.location.href=t.value))}},d.addEventListener(\"message\",d.wp.receiveEmbedMessage,!1),l.addEventListener(\"DOMContentLoaded\",function(){for(var e,t,s=l.querySelectorAll(\"iframe.wp-embedded-content\"),r=0;r<s.length;r++)(t=(e=s[r]).getAttribute(\"data-secret\"))||(t=Math.random().toString(36).substring(2,12),e.src+=\"#?secret=\"+t,e.setAttribute(\"data-secret\",t)),e.contentWindow.postMessage({message:\"ready\",secret:t},\"*\")},!1)))}(window,document);\n\/\/# sourceURL=https:\/\/inkubaator.tallinn.ee\/wp-includes\/js\/wp-embed.min.js\n\/* ]]> *\/\n<\/script>\n","thumbnail_url":"https:\/\/inkubaator.tallinn.ee\/wp-content\/uploads\/2022\/05\/Fotod-koolitus_Iiris-Kivisalu.jpg","thumbnail_width":1920,"thumbnail_height":1080,"description":"Oled v\u00e4ikeettev\u00f5tja ja soovid oma toodetest paremaid fotosid teha? V\u00e4ikeettev\u00f5tjana on vaja br\u00e4ndi visuaalseks tutvustamiseks fotosid sotsiaalmeediasse, e-poodi, veebilehele. Kuidas h\u00e4id fotosid v\u00e4ikse eelarve ja suurte eesm\u00e4rkidega teha? Mis vahe on tootefotol ja reklaamfotol? Nendele ja paljudele teistele k\u00fcsimustele vastame fotode koolitusel. Koolituse eesm\u00e4rgiks on anda osalejale vajalikud teadmised fotode tegemisest ja fotosessioonide l\u00e4biviimisest. Fotode koolituse 1. osas keskendume: Visuaalne fotokeel: emotsioon, lugu, p\u00f5hiv\u00e4\u00e4rtused, stilistika (n\u00e4ited) Fotode erinevad liigid: tootefotod, lifestyle fotod, reklaamfotod, lisaks taustafotod (nn kattekaadrid\/ t\u00fchi ruum) K\u00f5ige levinumad vead tootefotode tegemisel (head ja halvad n\u00e4ited) Kuidas otsustada, millal ise fotosid teha ja millal teenus sisse osta? 2.\u2026"}