{"version":"1.0","provider_name":"Tallinna Ettev\u00f5tlusinkubaator","provider_url":"https:\/\/inkubaator.tallinn.ee\/en\/","title":"Ettev\u00f5tlusp\u00e4ev: Kuidas teadlikult oma karj\u00e4\u00e4ri planeerida? - Tallinna Ettev\u00f5tlusinkubaator","type":"rich","width":600,"height":338,"html":"<blockquote class=\"wp-embedded-content\" data-secret=\"MEotZfQah5\"><a href=\"https:\/\/inkubaator.tallinn.ee\/en\/events\/ettevotluspaev-kuidas-teadlikult-oma-karjaari-planeerida\/\">Ettev\u00f5tlusp\u00e4ev: Kuidas teadlikult oma karj\u00e4\u00e4ri planeerida?<\/a><\/blockquote><iframe sandbox=\"allow-scripts\" security=\"restricted\" src=\"https:\/\/inkubaator.tallinn.ee\/en\/events\/ettevotluspaev-kuidas-teadlikult-oma-karjaari-planeerida\/embed\/#?secret=MEotZfQah5\" width=\"600\" height=\"338\" title=\"&#8220;Ettev\u00f5tlusp\u00e4ev: Kuidas teadlikult oma karj\u00e4\u00e4ri planeerida?&#8221; &#8212; Tallinna Ettev\u00f5tlusinkubaator\" data-secret=\"MEotZfQah5\" frameborder=\"0\" marginwidth=\"0\" marginheight=\"0\" scrolling=\"no\" class=\"wp-embedded-content\"><\/iframe><script type=\"text\/javascript\">\n\/* <![CDATA[ *\/\n\/*! This file is auto-generated *\/\n!function(d,l){\"use strict\";l.querySelector&&d.addEventListener&&\"undefined\"!=typeof URL&&(d.wp=d.wp||{},d.wp.receiveEmbedMessage||(d.wp.receiveEmbedMessage=function(e){var t=e.data;if((t||t.secret||t.message||t.value)&&!\/[^a-zA-Z0-9]\/.test(t.secret)){for(var s,r,n,a=l.querySelectorAll('iframe[data-secret=\"'+t.secret+'\"]'),o=l.querySelectorAll('blockquote[data-secret=\"'+t.secret+'\"]'),c=new RegExp(\"^https?:$\",\"i\"),i=0;i<o.length;i++)o[i].style.display=\"none\";for(i=0;i<a.length;i++)s=a[i],e.source===s.contentWindow&&(s.removeAttribute(\"style\"),\"height\"===t.message?(1e3<(r=parseInt(t.value,10))?r=1e3:~~r<200&&(r=200),s.height=r):\"link\"===t.message&&(r=new URL(s.getAttribute(\"src\")),n=new URL(t.value),c.test(n.protocol))&&n.host===r.host&&l.activeElement===s&&(d.top.location.href=t.value))}},d.addEventListener(\"message\",d.wp.receiveEmbedMessage,!1),l.addEventListener(\"DOMContentLoaded\",function(){for(var e,t,s=l.querySelectorAll(\"iframe.wp-embedded-content\"),r=0;r<s.length;r++)(t=(e=s[r]).getAttribute(\"data-secret\"))||(t=Math.random().toString(36).substring(2,12),e.src+=\"#?secret=\"+t,e.setAttribute(\"data-secret\",t)),e.contentWindow.postMessage({message:\"ready\",secret:t},\"*\")},!1)))}(window,document);\n\/\/# sourceURL=https:\/\/inkubaator.tallinn.ee\/wp-includes\/js\/wp-embed.min.js\n\/* ]]> *\/\n<\/script>\n","description":"26. septembril toimub Viru Konverentsikeskuses Tallinna Ettev\u00f5tlusp\u00e4ev.\u00a0 Loomeinkubaator esitleb Ettev\u00f5tlusp\u00e4eval seminari: Kuidas teadlikult oma karj\u00e4\u00e4ri planeerida? Seminaril r\u00e4\u00e4gime,\u00a0mis komponentidest koosneb teadlik karj\u00e4\u00e4ri planeerimine ja kuidas luua endale t\u00f6\u00f6elu, millega olla t\u00f5eliselt rahul.\u00a0Iga osaleja saab v\u00f5imaluse anal\u00fc\u00fcsida nii enda hetke t\u00f6\u00f6elu kui ka planeerida isikliku karj\u00e4\u00e4ri. Saame vastused j\u00e4rgmistele k\u00fcsimustele: Kui h\u00e4sti ma tunnen iseennast ja oma tugevusi? Mida ma tegelikult oma t\u00f6\u00f6kohalt ootan? Kuidas teha oma t\u00f6\u00f6d kire ja p\u00fchendumisega? Kuidas elada teadlikku karj\u00e4\u00e4ri? Seminari praktilises osas keskendume osalejate loomuomaste tugevuste kaardistamisele ning t\u00f6\u00f6alaste v\u00e4\u00e4rtuste v\u00e4ljaselgitamisele. Seminari viib l\u00e4bi Loomeinkubaatori inkubatsiooniprogrammis osalev pikaajalise kogemusega karj\u00e4\u00e4ri coach,\u00a0t\u00f6\u00f6terapeut ning v\u00e4rbaja\u00a0Natalja Pr\u00fcmmel.\u00a0Ta on\u2026","thumbnail_url":"https:\/\/inkubaator.tallinn.ee\/wp-content\/uploads\/2024\/08\/og-image-1.png","thumbnail_width":1200,"thumbnail_height":630}