{"version":"1.0","provider_name":"Tallinna Ettev\u00f5tlusinkubaator","provider_url":"https:\/\/inkubaator.tallinn.ee\/en\/","title":"Disain, mis hoolib kandjast ja keskkonnast - Tallinna Ettev\u00f5tlusinkubaator","type":"rich","width":600,"height":338,"html":"<blockquote class=\"wp-embedded-content\" data-secret=\"0vsrIgrlHz\"><a href=\"https:\/\/inkubaator.tallinn.ee\/en\/events\/disain-mis-hoolib-kandjast-ja-keskkonnast\/\">Disain, mis hoolib kandjast ja keskkonnast<\/a><\/blockquote><iframe sandbox=\"allow-scripts\" security=\"restricted\" src=\"https:\/\/inkubaator.tallinn.ee\/en\/events\/disain-mis-hoolib-kandjast-ja-keskkonnast\/embed\/#?secret=0vsrIgrlHz\" width=\"600\" height=\"338\" title=\"&#8220;Disain, mis hoolib kandjast ja keskkonnast&#8221; &#8212; Tallinna Ettev\u00f5tlusinkubaator\" data-secret=\"0vsrIgrlHz\" frameborder=\"0\" marginwidth=\"0\" marginheight=\"0\" scrolling=\"no\" class=\"wp-embedded-content\"><\/iframe><script type=\"text\/javascript\">\n\/* <![CDATA[ *\/\n\/*! This file is auto-generated *\/\n!function(d,l){\"use strict\";l.querySelector&&d.addEventListener&&\"undefined\"!=typeof URL&&(d.wp=d.wp||{},d.wp.receiveEmbedMessage||(d.wp.receiveEmbedMessage=function(e){var t=e.data;if((t||t.secret||t.message||t.value)&&!\/[^a-zA-Z0-9]\/.test(t.secret)){for(var s,r,n,a=l.querySelectorAll('iframe[data-secret=\"'+t.secret+'\"]'),o=l.querySelectorAll('blockquote[data-secret=\"'+t.secret+'\"]'),c=new RegExp(\"^https?:$\",\"i\"),i=0;i<o.length;i++)o[i].style.display=\"none\";for(i=0;i<a.length;i++)s=a[i],e.source===s.contentWindow&&(s.removeAttribute(\"style\"),\"height\"===t.message?(1e3<(r=parseInt(t.value,10))?r=1e3:~~r<200&&(r=200),s.height=r):\"link\"===t.message&&(r=new URL(s.getAttribute(\"src\")),n=new URL(t.value),c.test(n.protocol))&&n.host===r.host&&l.activeElement===s&&(d.top.location.href=t.value))}},d.addEventListener(\"message\",d.wp.receiveEmbedMessage,!1),l.addEventListener(\"DOMContentLoaded\",function(){for(var e,t,s=l.querySelectorAll(\"iframe.wp-embedded-content\"),r=0;r<s.length;r++)(t=(e=s[r]).getAttribute(\"data-secret\"))||(t=Math.random().toString(36).substring(2,12),e.src+=\"#?secret=\"+t,e.setAttribute(\"data-secret\",t)),e.contentWindow.postMessage({message:\"ready\",secret:t},\"*\")},!1)))}(window,document);\n\/\/# sourceURL=https:\/\/inkubaator.tallinn.ee\/wp-includes\/js\/wp-embed.min.js\n\/* ]]> *\/\n<\/script>\n","thumbnail_url":"https:\/\/inkubaator.tallinn.ee\/wp-content\/uploads\/2025\/09\/545547705_1262583549215308_2381558593223179542_n.jpg","thumbnail_width":2048,"thumbnail_height":1074,"description":"Tule kuulama inspireerivat vestluspaneeli, kus kohtuvad Eesti br\u00e4ndid, kelle looming hoolib nii inimestest kui ka keskkonnast meie \u00fcmber. Paneeli fookuses on kudumidisain, j\u00e4tkusuutlikkus ning teadlik r\u00f5ivaste hooldamine ja hoiustamine \u2013 teemad, mis k\u00f5netavad iga\u00fcht, kes v\u00e4\u00e4rtustab kvaliteeti, vastutustundlikku tarbimist ja ajatut stiili. Vestluses osalevad: Paneel pakub sisukaid arutelusid, v\u00e4\u00e4rtuslikke praktilisi n\u00f5uandeid ja inspireerivaid vaatenurki neile, kes otsivad moest enamat \u2013 teadlikkust, kestvust ja s\u00fcgavamat t\u00e4hendust. Oled oodatud kuulama, k\u00fcsima ja kaasa m\u00f5tlema! S\u00fcndmus on tasuta, vajalik on eelregistreerumine. &nbsp;Palun anna enda tulekust teada siin:&nbsp;https:\/\/forms.gle\/S7ZKNpgABJi62kcE8"}